{"id":10141,"date":"2020-02-20T11:02:40","date_gmt":"2020-02-20T10:02:40","guid":{"rendered":"https:\/\/gironaprosport.com\/produkt\/girona-costa-brava-3-dny-tezke\/"},"modified":"2022-04-06T18:19:10","modified_gmt":"2022-04-06T16:19:10","slug":"girona-costa-brava-3-dny-tezke","status":"publish","type":"product","link":"https:\/\/gironaprosport.com\/cs\/produkt-cs\/girona-costa-brava-3-dny-tezke\/","title":{"rendered":"Girona + Costa Brava 3 dny t\u011b\u017ek\u00e9"},"content":{"rendered":"<p>B\u011bhem 3 dn\u016f si vyzkou\u0161\u00edte r\u016fzn\u00e9 typy kopc\u016f, n\u00e1dhern\u00e9 sjezdy s v\u00fdhledem na pob\u0159e\u017e\u00ed, rovinky, n\u00e1rodn\u00ed parky, p\u0159edh\u016f\u0159\u00ed Pyrenej\u00ed, Costa Bravu, st\u0159edov\u011bk\u00e9 vesni\u010dky, jezera, zelen\u00e9 kopce, .. B\u011bhem t\u011bchto 3 dn\u016f zjist\u00edte pro\u010d si tolik profesion\u00e1ln\u00edch cyklist\u016f vybralo Giro za sv\u016fj domov.<\/p>\n<p><strong>Pl\u00e1n cesty:<\/strong><\/p>\n<p>1. den &#8211; 116km a p\u0159ev\u00fd\u0161en\u00ed 1700m. Projdete poho\u0159\u00ed Gavarres, 2 snadn\u011bji kopce kde tr\u00e9nuj\u00ed i \u200b\u200bprof\u00edci, vyjdete u mo\u0159e a pokra\u010dujete pod\u00e9l pob\u0159e\u017e\u00ed. Noc str\u00e1v\u00edte v Calella de Palafrugell,<br \/>\n2. den &#8211; 114km a 1200m. P\u0159ev\u00e1\u017enou \u010d\u00e1st trasy p\u016fjdete po &#8222;\u0161pan\u011blsk\u00e9 rovince&#8220; a men\u0161\u00edch kopc\u00edch v Emporda. Na konci V\u00e1s \u010dek\u00e1 6km stoup\u00e1n\u00ed s n\u00e1dhern\u00fdm dojezdem, noc str\u00e1v\u00edte v Cadaques,<br \/>\n3. den &#8211; 140km a 2400m. Vyraz\u00edte z Cadaques, co\u017e je nejv\u00fdchodn\u011bj\u0161\u00ed bod Pyrenej\u00ed, a za\u010dnete 5km stoup\u00e1n\u00edm p\u0159\u00edmo z hotelu. Sjedete do Port de la Selva a pokra\u010dujete 6km stoup\u00e1n\u00edm do kl\u00e1\u0161tera Sant Pere de Rodes. N\u00e1sleduje kr\u00e1sn\u00fd sjezd do Roses a potom j\u00edzd\u011b na kole p\u0159es oblast kde tr\u00e9nuj\u00ed profi cyklist\u00e9 kdy\u017e se p\u0159ipravuj\u00ed na jarn\u00ed klasiky, p\u0159es olympijsk\u00e9 jezero Banyoles a\u017e do Girony.<\/p>\n<p>&nbsp;<\/p>\n<p><strong>Cena 620 EUR \/ osobu<\/strong> (690 EUR b\u011bhem \u010cervence, Augusta a sv\u00e1tk\u016f), min 2 osoby<\/p>\n<p>P\u0159i jin\u00e9m po\u010dtu \u00fa\u010dastn\u00edk\u016f ceny uprav\u00edme<\/p>\n<p>Cena zahrnuje ubytov\u00e1n\u00ed v 3-hv\u011bzdi\u010dkov\u00fdch hotel\u00edch (4 noci), sn\u00eddan\u011b, pron\u00e1jem kola Bianchi sprint, pron\u00e1jem Garmin GPS s nahran\u00fdmi trasami, bli\u017e\u0161\u00ed info o trase<\/p>\n","protected":false},"excerpt":{"rendered":"<p>Vyzkou\u0161ejte si t\u011b\u017e\u0161\u00ed verzi z\u00e1jezdu Girona + Costa Brava, a b\u011bhem 3 dn\u016f jezd\u011bte p\u0159es r\u016fzn\u00e9 typy kopc\u016f, kochejte se n\u00e1dhern\u00fdmi sjezdy s v\u00fdhledem na pob\u0159e\u017e\u00ed, rovinky, n\u00e1rodn\u00ed parky, p\u0159edh\u016f\u0159\u00ed Pyrenej\u00ed, Costa Bravu, st\u0159edov\u011bk\u00e9 vesni\u010dky, jezera, zelen\u00e9 kopce, ..<\/p>\n","protected":false},"featured_media":10149,"comment_status":"open","ping_status":"closed","template":"","meta":{"_monsterinsights_skip_tracking":false,"_monsterinsights_sitenote_active":false,"_monsterinsights_sitenote_note":"","_monsterinsights_sitenote_category":0},"product-type":[107],"etheme_brands":[],"product_brand":[],"product_cat":[403,391],"product_tag":[558,587,596,598,570,626,582],"class_list":{"0":"post-10141","1":"product","2":"type-product","3":"status-publish","4":"has-post-thumbnail","6":"product-type-tour","7":"product_cat-cykloturistika-cs","8":"product_cat-silnicni-cyklistika-cs","9":"product_tag-3-dny","10":"product_tag-costa-brava-cs","11":"product_tag-cykloturistika-cs","12":"product_tag-cyklozajezdy","13":"product_tag-dali-cs","14":"product_tag-narocne-cs","15":"product_tag-silnicni-cyklistika","17":"first","18":"instock","19":"shipping-taxable","20":"purchasable"},"supplier_id":null,"supplier_sku":"","barcode":null,"atum_controlled":true,"out_stock_date":null,"out_stock_threshold":null,"inheritable":false,"inbound_stock":null,"stock_on_hold":0,"sold_today":0,"sales_last_days":0,"reserved_stock":null,"customer_returns":null,"warehouse_damage":null,"lost_in_post":null,"other_logs":null,"out_stock_days":0,"lost_sales":0,"has_location":false,"update_date":"2026-05-01T01:02:54","atum_locations":[],"atum_stock_status":"instock","restock_status":false,"low_stock_amount":"","sales_update_date":"2026-05-01T01:02:54","calc_backorders":null,"yoast_head":"<!-- This site is optimized with the Yoast SEO plugin v26.6 - https:\/\/yoast.com\/wordpress\/plugins\/seo\/ -->\n<title>Girona + Costa Brava 3 dny t\u011b\u017ek\u00e9 - Girona ProSport<\/title>\n<meta name=\"robots\" content=\"index, follow, max-snippet:-1, max-image-preview:large, max-video-preview:-1\" \/>\n<link rel=\"canonical\" href=\"https:\/\/gironaprosport.com\/cs\/produkt-cs\/girona-costa-brava-3-dny-tezke\/\" \/>\n<meta property=\"og:locale\" content=\"cs_CZ\" \/>\n<meta property=\"og:type\" content=\"article\" \/>\n<meta property=\"og:title\" content=\"Girona + Costa Brava 3 dny t\u011b\u017ek\u00e9 - Girona ProSport\" \/>\n<meta property=\"og:description\" content=\"Vyzkou\u0161ejte si t\u011b\u017e\u0161\u00ed verzi z\u00e1jezdu Girona + Costa Brava, a b\u011bhem 3 dn\u016f jezd\u011bte p\u0159es r\u016fzn\u00e9 typy kopc\u016f, kochejte se n\u00e1dhern\u00fdmi sjezdy s v\u00fdhledem na pob\u0159e\u017e\u00ed, rovinky, n\u00e1rodn\u00ed parky, p\u0159edh\u016f\u0159\u00ed Pyrenej\u00ed, Costa Bravu, st\u0159edov\u011bk\u00e9 vesni\u010dky, jezera, zelen\u00e9 kopce, ..\" \/>\n<meta property=\"og:url\" content=\"https:\/\/gironaprosport.com\/cs\/produkt-cs\/girona-costa-brava-3-dny-tezke\/\" \/>\n<meta property=\"og:site_name\" content=\"Girona ProSport\" \/>\n<meta property=\"article:publisher\" content=\"http:\/\/fb.me\/gironaprosport\" \/>\n<meta property=\"article:modified_time\" content=\"2022-04-06T16:19:10+00:00\" \/>\n<meta property=\"og:image\" content=\"https:\/\/gironaprosport.com\/wp-content\/uploads\/IMG_20190330_110109.jpg\" \/>\n\t<meta property=\"og:image:width\" content=\"1600\" \/>\n\t<meta property=\"og:image:height\" content=\"1200\" \/>\n\t<meta property=\"og:image:type\" content=\"image\/jpeg\" \/>\n<meta name=\"twitter:card\" content=\"summary_large_image\" \/>\n<meta name=\"twitter:label1\" content=\"Odhadovan\u00e1 doba \u010dten\u00ed\" \/>\n\t<meta name=\"twitter:data1\" content=\"1 minuta\" \/>\n<script type=\"application\/ld+json\" class=\"yoast-schema-graph\">{\"@context\":\"https:\/\/schema.org\",\"@graph\":[{\"@type\":\"WebPage\",\"@id\":\"https:\/\/gironaprosport.com\/cs\/produkt-cs\/girona-costa-brava-3-dny-tezke\/\",\"url\":\"https:\/\/gironaprosport.com\/cs\/produkt-cs\/girona-costa-brava-3-dny-tezke\/\",\"name\":\"Girona + Costa Brava 3 dny t\u011b\u017ek\u00e9 - Girona ProSport\",\"isPartOf\":{\"@id\":\"https:\/\/gironaprosport.com\/cs\/#website\"},\"primaryImageOfPage\":{\"@id\":\"https:\/\/gironaprosport.com\/cs\/produkt-cs\/girona-costa-brava-3-dny-tezke\/#primaryimage\"},\"image\":{\"@id\":\"https:\/\/gironaprosport.com\/cs\/produkt-cs\/girona-costa-brava-3-dny-tezke\/#primaryimage\"},\"thumbnailUrl\":\"https:\/\/gironaprosport.com\/wp-content\/uploads\/IMG_20190330_110109.jpg\",\"datePublished\":\"2020-02-20T10:02:40+00:00\",\"dateModified\":\"2022-04-06T16:19:10+00:00\",\"breadcrumb\":{\"@id\":\"https:\/\/gironaprosport.com\/cs\/produkt-cs\/girona-costa-brava-3-dny-tezke\/#breadcrumb\"},\"inLanguage\":\"cs\",\"potentialAction\":[{\"@type\":\"ReadAction\",\"target\":[\"https:\/\/gironaprosport.com\/cs\/produkt-cs\/girona-costa-brava-3-dny-tezke\/\"]}]},{\"@type\":\"ImageObject\",\"inLanguage\":\"cs\",\"@id\":\"https:\/\/gironaprosport.com\/cs\/produkt-cs\/girona-costa-brava-3-dny-tezke\/#primaryimage\",\"url\":\"https:\/\/gironaprosport.com\/wp-content\/uploads\/IMG_20190330_110109.jpg\",\"contentUrl\":\"https:\/\/gironaprosport.com\/wp-content\/uploads\/IMG_20190330_110109.jpg\",\"width\":1600,\"height\":1200},{\"@type\":\"BreadcrumbList\",\"@id\":\"https:\/\/gironaprosport.com\/cs\/produkt-cs\/girona-costa-brava-3-dny-tezke\/#breadcrumb\",\"itemListElement\":[{\"@type\":\"ListItem\",\"position\":1,\"name\":\"Domovsk\u00e1 str\u00e1nka\",\"item\":\"https:\/\/gironaprosport.com\/cs\/\"},{\"@type\":\"ListItem\",\"position\":2,\"name\":\"Shop\",\"item\":\"https:\/\/gironaprosport.com\/cs\/shop-cs\/\"},{\"@type\":\"ListItem\",\"position\":3,\"name\":\"Girona + Costa Brava 3 dny t\u011b\u017ek\u00e9\"}]},{\"@type\":\"WebSite\",\"@id\":\"https:\/\/gironaprosport.com\/cs\/#website\",\"url\":\"https:\/\/gironaprosport.com\/cs\/\",\"name\":\"Girona ProSport\",\"description\":\"Cykloz\u00e1jazdy\",\"publisher\":{\"@id\":\"https:\/\/gironaprosport.com\/cs\/#organization\"},\"potentialAction\":[{\"@type\":\"SearchAction\",\"target\":{\"@type\":\"EntryPoint\",\"urlTemplate\":\"https:\/\/gironaprosport.com\/cs\/?s={search_term_string}\"},\"query-input\":{\"@type\":\"PropertyValueSpecification\",\"valueRequired\":true,\"valueName\":\"search_term_string\"}}],\"inLanguage\":\"cs\"},{\"@type\":\"Organization\",\"@id\":\"https:\/\/gironaprosport.com\/cs\/#organization\",\"name\":\"Girona PRO SPORT\",\"url\":\"https:\/\/gironaprosport.com\/cs\/\",\"logo\":{\"@type\":\"ImageObject\",\"inLanguage\":\"cs\",\"@id\":\"https:\/\/gironaprosport.com\/cs\/#\/schema\/logo\/image\/\",\"url\":\"https:\/\/gironaprosport.com\/wp-content\/uploads\/logo-gps_64.png\",\"contentUrl\":\"https:\/\/gironaprosport.com\/wp-content\/uploads\/logo-gps_64.png\",\"width\":320,\"height\":64,\"caption\":\"Girona PRO SPORT\"},\"image\":{\"@id\":\"https:\/\/gironaprosport.com\/cs\/#\/schema\/logo\/image\/\"},\"sameAs\":[\"http:\/\/fb.me\/gironaprosport\",\"http:\/\/instagram.com\/girona_prosport\/\",\"https:\/\/www.youtube.com\/channel\/UCv7gLuh2ONY6kESVj_3aSnA\"]}]}<\/script>\n<!-- \/ Yoast SEO plugin. -->","yoast_head_json":{"title":"Girona + Costa Brava 3 dny t\u011b\u017ek\u00e9 - Girona ProSport","robots":{"index":"index","follow":"follow","max-snippet":"max-snippet:-1","max-image-preview":"max-image-preview:large","max-video-preview":"max-video-preview:-1"},"canonical":"https:\/\/gironaprosport.com\/cs\/produkt-cs\/girona-costa-brava-3-dny-tezke\/","og_locale":"cs_CZ","og_type":"article","og_title":"Girona + Costa Brava 3 dny t\u011b\u017ek\u00e9 - Girona ProSport","og_description":"Vyzkou\u0161ejte si t\u011b\u017e\u0161\u00ed verzi z\u00e1jezdu Girona + Costa Brava, a b\u011bhem 3 dn\u016f jezd\u011bte p\u0159es r\u016fzn\u00e9 typy kopc\u016f, kochejte se n\u00e1dhern\u00fdmi sjezdy s v\u00fdhledem na pob\u0159e\u017e\u00ed, rovinky, n\u00e1rodn\u00ed parky, p\u0159edh\u016f\u0159\u00ed Pyrenej\u00ed, Costa Bravu, st\u0159edov\u011bk\u00e9 vesni\u010dky, jezera, zelen\u00e9 kopce, ..","og_url":"https:\/\/gironaprosport.com\/cs\/produkt-cs\/girona-costa-brava-3-dny-tezke\/","og_site_name":"Girona ProSport","article_publisher":"http:\/\/fb.me\/gironaprosport","article_modified_time":"2022-04-06T16:19:10+00:00","og_image":[{"width":1600,"height":1200,"url":"https:\/\/gironaprosport.com\/wp-content\/uploads\/IMG_20190330_110109.jpg","type":"image\/jpeg"}],"twitter_card":"summary_large_image","twitter_misc":{"Odhadovan\u00e1 doba \u010dten\u00ed":"1 minuta"},"schema":{"@context":"https:\/\/schema.org","@graph":[{"@type":"WebPage","@id":"https:\/\/gironaprosport.com\/cs\/produkt-cs\/girona-costa-brava-3-dny-tezke\/","url":"https:\/\/gironaprosport.com\/cs\/produkt-cs\/girona-costa-brava-3-dny-tezke\/","name":"Girona + Costa Brava 3 dny t\u011b\u017ek\u00e9 - Girona ProSport","isPartOf":{"@id":"https:\/\/gironaprosport.com\/cs\/#website"},"primaryImageOfPage":{"@id":"https:\/\/gironaprosport.com\/cs\/produkt-cs\/girona-costa-brava-3-dny-tezke\/#primaryimage"},"image":{"@id":"https:\/\/gironaprosport.com\/cs\/produkt-cs\/girona-costa-brava-3-dny-tezke\/#primaryimage"},"thumbnailUrl":"https:\/\/gironaprosport.com\/wp-content\/uploads\/IMG_20190330_110109.jpg","datePublished":"2020-02-20T10:02:40+00:00","dateModified":"2022-04-06T16:19:10+00:00","breadcrumb":{"@id":"https:\/\/gironaprosport.com\/cs\/produkt-cs\/girona-costa-brava-3-dny-tezke\/#breadcrumb"},"inLanguage":"cs","potentialAction":[{"@type":"ReadAction","target":["https:\/\/gironaprosport.com\/cs\/produkt-cs\/girona-costa-brava-3-dny-tezke\/"]}]},{"@type":"ImageObject","inLanguage":"cs","@id":"https:\/\/gironaprosport.com\/cs\/produkt-cs\/girona-costa-brava-3-dny-tezke\/#primaryimage","url":"https:\/\/gironaprosport.com\/wp-content\/uploads\/IMG_20190330_110109.jpg","contentUrl":"https:\/\/gironaprosport.com\/wp-content\/uploads\/IMG_20190330_110109.jpg","width":1600,"height":1200},{"@type":"BreadcrumbList","@id":"https:\/\/gironaprosport.com\/cs\/produkt-cs\/girona-costa-brava-3-dny-tezke\/#breadcrumb","itemListElement":[{"@type":"ListItem","position":1,"name":"Domovsk\u00e1 str\u00e1nka","item":"https:\/\/gironaprosport.com\/cs\/"},{"@type":"ListItem","position":2,"name":"Shop","item":"https:\/\/gironaprosport.com\/cs\/shop-cs\/"},{"@type":"ListItem","position":3,"name":"Girona + Costa Brava 3 dny t\u011b\u017ek\u00e9"}]},{"@type":"WebSite","@id":"https:\/\/gironaprosport.com\/cs\/#website","url":"https:\/\/gironaprosport.com\/cs\/","name":"Girona ProSport","description":"Cykloz\u00e1jazdy","publisher":{"@id":"https:\/\/gironaprosport.com\/cs\/#organization"},"potentialAction":[{"@type":"SearchAction","target":{"@type":"EntryPoint","urlTemplate":"https:\/\/gironaprosport.com\/cs\/?s={search_term_string}"},"query-input":{"@type":"PropertyValueSpecification","valueRequired":true,"valueName":"search_term_string"}}],"inLanguage":"cs"},{"@type":"Organization","@id":"https:\/\/gironaprosport.com\/cs\/#organization","name":"Girona PRO SPORT","url":"https:\/\/gironaprosport.com\/cs\/","logo":{"@type":"ImageObject","inLanguage":"cs","@id":"https:\/\/gironaprosport.com\/cs\/#\/schema\/logo\/image\/","url":"https:\/\/gironaprosport.com\/wp-content\/uploads\/logo-gps_64.png","contentUrl":"https:\/\/gironaprosport.com\/wp-content\/uploads\/logo-gps_64.png","width":320,"height":64,"caption":"Girona PRO SPORT"},"image":{"@id":"https:\/\/gironaprosport.com\/cs\/#\/schema\/logo\/image\/"},"sameAs":["http:\/\/fb.me\/gironaprosport","http:\/\/instagram.com\/girona_prosport\/","https:\/\/www.youtube.com\/channel\/UCv7gLuh2ONY6kESVj_3aSnA"]}]}},"meta_box":{"gps_dates_event":[],"gps_distance":"370","gps_distance_note":"","gps_camber":"5300","gps_difficulty":"hard","gps_lasted":["4"],"gps_lasted_note":"","gps_guide":"0","gps_coach":"0","gps_stages":"3","gps_bicycle_rental":"1","gps_date_from":"2020-01-01","gps_date_to":"2020-12-31","gps_map":[{"width":150,"height":150,"file":"trasa-Girona-Costa-Brava-3-dni-tazke.jpg","sizes":{"woocommerce_thumbnail":{"file":"trasa-Girona-Costa-Brava-3-dni-tazke-360x360.jpg","width":360,"height":360,"mime-type":"image\/jpeg","uncropped":false,"url":"https:\/\/gironaprosport.com\/wp-content\/uploads\/trasa-Girona-Costa-Brava-3-dni-tazke-360x360.jpg"},"woocommerce_gallery_thumbnail":{"file":"trasa-Girona-Costa-Brava-3-dni-tazke-100x100.jpg","width":100,"height":100,"mime-type":"image\/jpeg","url":"https:\/\/gironaprosport.com\/wp-content\/uploads\/trasa-Girona-Costa-Brava-3-dni-tazke-100x100.jpg"},"woocommerce_single":{"file":"trasa-Girona-Costa-Brava-3-dni-tazke-600x450.jpg","width":600,"height":450,"mime-type":"image\/jpeg","url":"https:\/\/gironaprosport.com\/wp-content\/uploads\/trasa-Girona-Costa-Brava-3-dni-tazke-600x450.jpg"},"medium":{"file":"trasa-Girona-Costa-Brava-3-dni-tazke-300x225.jpg","width":300,"height":225,"mime-type":"image\/jpeg","url":"https:\/\/gironaprosport.com\/wp-content\/uploads\/trasa-Girona-Costa-Brava-3-dni-tazke-300x225.jpg"},"thumbnail":{"file":"trasa-Girona-Costa-Brava-3-dni-tazke-150x150.jpg","width":150,"height":150,"mime-type":"image\/jpeg","url":"https:\/\/gironaprosport.com\/wp-content\/uploads\/trasa-Girona-Costa-Brava-3-dni-tazke-150x150.jpg"},"medium_large":{"file":"trasa-Girona-Costa-Brava-3-dni-tazke-768x576.jpg","width":768,"height":576,"mime-type":"image\/jpeg","url":"https:\/\/gironaprosport.com\/wp-content\/uploads\/trasa-Girona-Costa-Brava-3-dni-tazke-768x576.jpg"},"etheme-woocommerce-nimi":{"file":"trasa-Girona-Costa-Brava-3-dni-tazke-1x1.jpg","width":1,"height":1,"mime-type":"image\/jpeg","url":"https:\/\/gironaprosport.com\/wp-content\/uploads\/trasa-Girona-Costa-Brava-3-dni-tazke-1x1.jpg"},"etheme-nimi":{"file":"trasa-Girona-Costa-Brava-3-dni-tazke-10x8.jpg","width":10,"height":8,"mime-type":"image\/jpeg","url":"https:\/\/gironaprosport.com\/wp-content\/uploads\/trasa-Girona-Costa-Brava-3-dni-tazke-10x8.jpg"},"shop_catalog_alt":{"file":"trasa-Girona-Costa-Brava-3-dni-tazke-600x600.jpg","width":600,"height":600,"mime-type":"image\/jpeg","url":"https:\/\/gironaprosport.com\/wp-content\/uploads\/trasa-Girona-Costa-Brava-3-dni-tazke-600x600.jpg"},"shop_catalog":{"file":"trasa-Girona-Costa-Brava-3-dni-tazke-360x360.jpg","width":360,"height":360,"mime-type":"image\/jpeg","uncropped":false,"url":"https:\/\/gironaprosport.com\/wp-content\/uploads\/trasa-Girona-Costa-Brava-3-dni-tazke-360x360.jpg"},"shop_single":{"file":"trasa-Girona-Costa-Brava-3-dni-tazke-600x450.jpg","width":600,"height":450,"mime-type":"image\/jpeg","url":"https:\/\/gironaprosport.com\/wp-content\/uploads\/trasa-Girona-Costa-Brava-3-dni-tazke-600x450.jpg"},"shop_thumbnail":{"file":"trasa-Girona-Costa-Brava-3-dni-tazke-100x100.jpg","width":100,"height":100,"mime-type":"image\/jpeg","url":"https:\/\/gironaprosport.com\/wp-content\/uploads\/trasa-Girona-Costa-Brava-3-dni-tazke-100x100.jpg"}},"image_meta":{"aperture":"0","credit":"","camera":"","caption":"","created_timestamp":"0","copyright":"","focal_length":"0","iso":"0","shutter_speed":"0","title":"","orientation":"0","keywords":[]},"ID":"5042","name":"trasa-Girona-Costa-Brava-3-dni-tazke.jpg","path":"\/data\/a\/2\/a23847c4-7a58-48dc-b132-29ebe7618031\/gironaprosport.com\/web\/wp-content\/uploads\/trasa-Girona-Costa-Brava-3-dni-tazke.jpg","url":"https:\/\/gironaprosport.com\/wp-content\/uploads\/trasa-Girona-Costa-Brava-3-dni-tazke-150x150.jpg","full_url":"https:\/\/gironaprosport.com\/wp-content\/uploads\/trasa-Girona-Costa-Brava-3-dni-tazke.jpg","title":"trasa - Girona Costa Brava 3 dni tazke","caption":"","description":"","alt":"","srcset":"https:\/\/gironaprosport.com\/wp-content\/uploads\/trasa-Girona-Costa-Brava-3-dni-tazke-150x150.jpg 150w, https:\/\/gironaprosport.com\/wp-content\/uploads\/trasa-Girona-Costa-Brava-3-dni-tazke-360x360.jpg 360w, https:\/\/gironaprosport.com\/wp-content\/uploads\/trasa-Girona-Costa-Brava-3-dni-tazke-100x100.jpg 100w, https:\/\/gironaprosport.com\/wp-content\/uploads\/trasa-Girona-Costa-Brava-3-dni-tazke-1x1.jpg 1w, https:\/\/gironaprosport.com\/wp-content\/uploads\/trasa-Girona-Costa-Brava-3-dni-tazke-600x600.jpg 600w"}]},"_links":{"self":[{"href":"https:\/\/gironaprosport.com\/cs\/wp-json\/wp\/v2\/product\/10141","targetHints":{"allow":["GET"]}}],"collection":[{"href":"https:\/\/gironaprosport.com\/cs\/wp-json\/wp\/v2\/product"}],"about":[{"href":"https:\/\/gironaprosport.com\/cs\/wp-json\/wp\/v2\/types\/product"}],"replies":[{"embeddable":true,"href":"https:\/\/gironaprosport.com\/cs\/wp-json\/wp\/v2\/comments?post=10141"}],"wp:featuredmedia":[{"embeddable":true,"href":"https:\/\/gironaprosport.com\/cs\/wp-json\/wp\/v2\/media\/10149"}],"wp:attachment":[{"href":"https:\/\/gironaprosport.com\/cs\/wp-json\/wp\/v2\/media?parent=10141"}],"wp:term":[{"taxonomy":"product-type","embeddable":true,"href":"https:\/\/gironaprosport.com\/cs\/wp-json\/wp\/v2\/product-type?post=10141"},{"taxonomy":"brand","embeddable":true,"href":"https:\/\/gironaprosport.com\/cs\/wp-json\/wp\/v2\/etheme_brands?post=10141"},{"taxonomy":"product_brand","embeddable":true,"href":"https:\/\/gironaprosport.com\/cs\/wp-json\/wp\/v2\/product_brand?post=10141"},{"taxonomy":"product_cat","embeddable":true,"href":"https:\/\/gironaprosport.com\/cs\/wp-json\/wp\/v2\/product_cat?post=10141"},{"taxonomy":"product_tag","embeddable":true,"href":"https:\/\/gironaprosport.com\/cs\/wp-json\/wp\/v2\/product_tag?post=10141"}],"curies":[{"name":"wp","href":"https:\/\/api.w.org\/{rel}","templated":true}]}}