{"id":10108,"date":"2020-03-13T10:25:12","date_gmt":"2020-03-13T09:25:12","guid":{"rendered":"https:\/\/gironaprosport.com\/produkt\/cap-de-creus-tam-kde-se-pyreneje-dotykaji-more\/"},"modified":"2025-05-20T20:29:50","modified_gmt":"2025-05-20T18:29:50","slug":"cap-de-creus-tam-kde-se-pyreneje-dotykaji-more","status":"publish","type":"product","link":"https:\/\/gironaprosport.com\/cs\/produkt-cs\/cap-de-creus-tam-kde-se-pyreneje-dotykaji-more\/","title":{"rendered":"Cap de Creus &#8211; tam kde se Pyreneje dot\u00fdkaj\u00ed mo\u0159e"},"content":{"rendered":"<p>Objevte nejv\u00fdchodn\u011bj\u0161\u00ed \u010d\u00e1st \u0160pan\u011blska, n\u00e1rodn\u00ed park Cap de Creus, s fascinuj\u00edc\u00ed a jedine\u010dnou p\u0159\u00edrodou, pln\u00fd nev\u0161edn\u00edch geologick\u00fdch formac\u00ed od jeskyn\u00ed po n\u00e1dhern\u00e9 pl\u00e1\u017ee. Nav\u0161tivte kr\u00e1sn\u00e9 p\u0159\u00edmo\u0159sk\u00e9 m\u011bste\u010dka, vinice a olivov\u00e9 h\u00e1je, seznamte kde \u017eil a tvo\u0159il Salvador Dal\u00ed. Cap de Creus je pova\u017eov\u00e1n za jedno z nejkr\u00e1sn\u011bj\u0161\u00edch m\u00edst nejen na Costa Brave, ale iv cel\u00e9m \u0160pan\u011blsku. Etapy lze absolvovat b\u011bhem nebo ch\u016fz\u00ed<\/p>\n<h4>Pl\u00e1n cesty:<\/h4>\n<p>1.den &#8211; p\u0159\u00edjezd do p\u0159\u00edmo\u0159sk\u00e9ho m\u011bste\u010dka Roses,<\/p>\n<p>2. den &#8211; Okruh Roses (14 Km \/ p\u0159ev\u00fd\u0161en\u00ed 570m +) Objev\u00edte megalitick\u00fdch oblast s Dolmen a menhiry, a vychutnejte si v\u00fdhledy na z\u00e1liv Roses.<\/p>\n<p>3. den &#8211; Roses &#8211; Cadaqu\u00e9s (24 Km \/ 945m +) Pojedete po pob\u0159e\u017en\u00edch stezk\u00e1ch, budete objevovat drsnou p\u0159\u00edrodu Costa Vep\u0159i a den zakon\u010d\u00edte v malebn\u00e9 vesni\u010dce Cadaques.<\/p>\n<p>4. den &#8211; Okruh Cadaqu\u00e9s (16 Km \/ 532 m +) Magick\u00fd okruh v nejkr\u00e1sn\u011bj\u0161\u00ed \u010d\u00e1sti Cap de Creus, vedle p\u011bkn\u00e9m maj\u00e1ku a \u00fatesech m\u011bs\u00ed\u010dn\u00ed krajiny, nepopsateln\u00e1 n\u00e1dhera<\/p>\n<p>5. den &#8211; Cadaqu\u00e9s &#8211; Port de la Selva (15 Km \/ 658m +) Pokra\u010dujete v pozn\u00e1v\u00e1n\u00ed n\u00e1rodn\u00edho parku, s v\u00fdhledy na vysok\u00e9 vrcholky Pyrenej\u00ed, den skon\u010d\u00edte v ryb\u00e1\u0159sk\u00e9 vesni\u010dce Port de la Selva.<\/p>\n<p>6. den &#8211; Port de la Selva &#8211; Roses (18 Km \/ 842m +) Opust\u00edte pob\u0159e\u017e\u00ed a p\u0159es horsk\u00fd masiv vystoup\u00edte k st\u0159edov\u011bk\u00e9mu kl\u00e1\u0161teru Sant Pere de Rodes, a nakonec sjedete zp\u011bt do Roses<\/p>\n<p><strong>Cena 710 EUR<\/strong> (830 EUR od 20. \u010dervna do 28. srpna) na osobu, min. 2 osoby<\/p>\n<p>Cena zahrnuje ubytov\u00e1n\u00ed (6 noc\u00ed), sn\u00eddan\u011b, mapy a trasy ve form\u00e1tu GPX, transfer zavazadel mezi hotely, bli\u017e\u0161\u00ed info o trase<\/p>\n","protected":false},"excerpt":{"rendered":"<p>Cap de Creus je pova\u017eov\u00e1n za jedno z nejkr\u00e1sn\u011bj\u0161\u00edch m\u00edst nejen na Costa Brave, ale i v cel\u00e9m \u0160pan\u011blsku.<\/p>\n","protected":false},"featured_media":10118,"comment_status":"open","ping_status":"closed","template":"","meta":{"_monsterinsights_skip_tracking":false,"_monsterinsights_sitenote_active":false,"_monsterinsights_sitenote_note":"","_monsterinsights_sitenote_category":0},"product-type":[107],"etheme_brands":[],"product_brand":[],"product_cat":[389],"product_tag":[564,580,587,570,630,650,657],"class_list":{"0":"post-10108","1":"product","2":"type-product","3":"status-publish","4":"has-post-thumbnail","6":"product-type-tour","7":"product_cat-beh-pesi-turistika","8":"product_tag-6-dni-cs","9":"product_tag-beh-cs","10":"product_tag-costa-brava-cs","11":"product_tag-dali-cs","12":"product_tag-pesi-turistika","13":"product_tag-stredne-narocne-cs","14":"product_tag-trekking-cs","16":"first","17":"instock","18":"shipping-taxable","19":"purchasable"},"supplier_id":null,"supplier_sku":"","barcode":null,"atum_controlled":true,"out_stock_date":null,"out_stock_threshold":null,"inheritable":false,"inbound_stock":null,"stock_on_hold":0,"sold_today":0,"sales_last_days":0,"reserved_stock":null,"customer_returns":null,"warehouse_damage":null,"lost_in_post":null,"other_logs":null,"out_stock_days":0,"lost_sales":0,"has_location":null,"update_date":"2026-04-27T00:59:01","atum_locations":[],"atum_stock_status":"instock","restock_status":false,"low_stock_amount":"","sales_update_date":"2026-04-27T00:59:01","calc_backorders":null,"yoast_head":"<!-- This site is optimized with the Yoast SEO plugin v26.6 - https:\/\/yoast.com\/wordpress\/plugins\/seo\/ -->\n<title>Cap de Creus - tam kde se Pyreneje dot\u00fdkaj\u00ed mo\u0159e - Girona ProSport<\/title>\n<meta name=\"robots\" content=\"index, follow, max-snippet:-1, max-image-preview:large, max-video-preview:-1\" \/>\n<link rel=\"canonical\" href=\"https:\/\/gironaprosport.com\/cs\/produkt-cs\/cap-de-creus-tam-kde-se-pyreneje-dotykaji-more\/\" \/>\n<meta property=\"og:locale\" content=\"cs_CZ\" \/>\n<meta property=\"og:type\" content=\"article\" \/>\n<meta property=\"og:title\" content=\"Cap de Creus - tam kde se Pyreneje dot\u00fdkaj\u00ed mo\u0159e - Girona ProSport\" \/>\n<meta property=\"og:description\" content=\"Cap de Creus je pova\u017eov\u00e1n za jedno z nejkr\u00e1sn\u011bj\u0161\u00edch m\u00edst nejen na Costa Brave, ale i v cel\u00e9m \u0160pan\u011blsku.\" \/>\n<meta property=\"og:url\" content=\"https:\/\/gironaprosport.com\/cs\/produkt-cs\/cap-de-creus-tam-kde-se-pyreneje-dotykaji-more\/\" \/>\n<meta property=\"og:site_name\" content=\"Girona ProSport\" \/>\n<meta property=\"article:publisher\" content=\"http:\/\/fb.me\/gironaprosport\" \/>\n<meta property=\"article:modified_time\" content=\"2025-05-20T18:29:50+00:00\" \/>\n<meta property=\"og:image\" content=\"https:\/\/gironaprosport.com\/wp-content\/uploads\/hlavna-8.jpg\" \/>\n\t<meta property=\"og:image:width\" content=\"1500\" \/>\n\t<meta property=\"og:image:height\" content=\"1500\" \/>\n\t<meta property=\"og:image:type\" content=\"image\/jpeg\" \/>\n<meta name=\"twitter:card\" content=\"summary_large_image\" \/>\n<meta name=\"twitter:label1\" content=\"Odhadovan\u00e1 doba \u010dten\u00ed\" \/>\n\t<meta name=\"twitter:data1\" content=\"2 minuty\" \/>\n<script type=\"application\/ld+json\" class=\"yoast-schema-graph\">{\"@context\":\"https:\/\/schema.org\",\"@graph\":[{\"@type\":\"WebPage\",\"@id\":\"https:\/\/gironaprosport.com\/cs\/produkt-cs\/cap-de-creus-tam-kde-se-pyreneje-dotykaji-more\/\",\"url\":\"https:\/\/gironaprosport.com\/cs\/produkt-cs\/cap-de-creus-tam-kde-se-pyreneje-dotykaji-more\/\",\"name\":\"Cap de Creus - tam kde se Pyreneje dot\u00fdkaj\u00ed mo\u0159e - Girona ProSport\",\"isPartOf\":{\"@id\":\"https:\/\/gironaprosport.com\/cs\/#website\"},\"primaryImageOfPage\":{\"@id\":\"https:\/\/gironaprosport.com\/cs\/produkt-cs\/cap-de-creus-tam-kde-se-pyreneje-dotykaji-more\/#primaryimage\"},\"image\":{\"@id\":\"https:\/\/gironaprosport.com\/cs\/produkt-cs\/cap-de-creus-tam-kde-se-pyreneje-dotykaji-more\/#primaryimage\"},\"thumbnailUrl\":\"https:\/\/gironaprosport.com\/wp-content\/uploads\/hlavna-8.jpg\",\"datePublished\":\"2020-03-13T09:25:12+00:00\",\"dateModified\":\"2025-05-20T18:29:50+00:00\",\"breadcrumb\":{\"@id\":\"https:\/\/gironaprosport.com\/cs\/produkt-cs\/cap-de-creus-tam-kde-se-pyreneje-dotykaji-more\/#breadcrumb\"},\"inLanguage\":\"cs\",\"potentialAction\":[{\"@type\":\"ReadAction\",\"target\":[\"https:\/\/gironaprosport.com\/cs\/produkt-cs\/cap-de-creus-tam-kde-se-pyreneje-dotykaji-more\/\"]}]},{\"@type\":\"ImageObject\",\"inLanguage\":\"cs\",\"@id\":\"https:\/\/gironaprosport.com\/cs\/produkt-cs\/cap-de-creus-tam-kde-se-pyreneje-dotykaji-more\/#primaryimage\",\"url\":\"https:\/\/gironaprosport.com\/wp-content\/uploads\/hlavna-8.jpg\",\"contentUrl\":\"https:\/\/gironaprosport.com\/wp-content\/uploads\/hlavna-8.jpg\",\"width\":1500,\"height\":1500},{\"@type\":\"BreadcrumbList\",\"@id\":\"https:\/\/gironaprosport.com\/cs\/produkt-cs\/cap-de-creus-tam-kde-se-pyreneje-dotykaji-more\/#breadcrumb\",\"itemListElement\":[{\"@type\":\"ListItem\",\"position\":1,\"name\":\"Domovsk\u00e1 str\u00e1nka\",\"item\":\"https:\/\/gironaprosport.com\/cs\/\"},{\"@type\":\"ListItem\",\"position\":2,\"name\":\"Shop\",\"item\":\"https:\/\/gironaprosport.com\/cs\/shop-cs\/\"},{\"@type\":\"ListItem\",\"position\":3,\"name\":\"Cap de Creus &#8211; tam kde se Pyreneje dot\u00fdkaj\u00ed mo\u0159e\"}]},{\"@type\":\"WebSite\",\"@id\":\"https:\/\/gironaprosport.com\/cs\/#website\",\"url\":\"https:\/\/gironaprosport.com\/cs\/\",\"name\":\"Girona ProSport\",\"description\":\"Cykloz\u00e1jazdy\",\"publisher\":{\"@id\":\"https:\/\/gironaprosport.com\/cs\/#organization\"},\"potentialAction\":[{\"@type\":\"SearchAction\",\"target\":{\"@type\":\"EntryPoint\",\"urlTemplate\":\"https:\/\/gironaprosport.com\/cs\/?s={search_term_string}\"},\"query-input\":{\"@type\":\"PropertyValueSpecification\",\"valueRequired\":true,\"valueName\":\"search_term_string\"}}],\"inLanguage\":\"cs\"},{\"@type\":\"Organization\",\"@id\":\"https:\/\/gironaprosport.com\/cs\/#organization\",\"name\":\"Girona PRO SPORT\",\"url\":\"https:\/\/gironaprosport.com\/cs\/\",\"logo\":{\"@type\":\"ImageObject\",\"inLanguage\":\"cs\",\"@id\":\"https:\/\/gironaprosport.com\/cs\/#\/schema\/logo\/image\/\",\"url\":\"https:\/\/gironaprosport.com\/wp-content\/uploads\/logo-gps_64.png\",\"contentUrl\":\"https:\/\/gironaprosport.com\/wp-content\/uploads\/logo-gps_64.png\",\"width\":320,\"height\":64,\"caption\":\"Girona PRO SPORT\"},\"image\":{\"@id\":\"https:\/\/gironaprosport.com\/cs\/#\/schema\/logo\/image\/\"},\"sameAs\":[\"http:\/\/fb.me\/gironaprosport\",\"http:\/\/instagram.com\/girona_prosport\/\",\"https:\/\/www.youtube.com\/channel\/UCv7gLuh2ONY6kESVj_3aSnA\"]}]}<\/script>\n<!-- \/ Yoast SEO plugin. -->","yoast_head_json":{"title":"Cap de Creus - tam kde se Pyreneje dot\u00fdkaj\u00ed mo\u0159e - Girona ProSport","robots":{"index":"index","follow":"follow","max-snippet":"max-snippet:-1","max-image-preview":"max-image-preview:large","max-video-preview":"max-video-preview:-1"},"canonical":"https:\/\/gironaprosport.com\/cs\/produkt-cs\/cap-de-creus-tam-kde-se-pyreneje-dotykaji-more\/","og_locale":"cs_CZ","og_type":"article","og_title":"Cap de Creus - tam kde se Pyreneje dot\u00fdkaj\u00ed mo\u0159e - Girona ProSport","og_description":"Cap de Creus je pova\u017eov\u00e1n za jedno z nejkr\u00e1sn\u011bj\u0161\u00edch m\u00edst nejen na Costa Brave, ale i v cel\u00e9m \u0160pan\u011blsku.","og_url":"https:\/\/gironaprosport.com\/cs\/produkt-cs\/cap-de-creus-tam-kde-se-pyreneje-dotykaji-more\/","og_site_name":"Girona ProSport","article_publisher":"http:\/\/fb.me\/gironaprosport","article_modified_time":"2025-05-20T18:29:50+00:00","og_image":[{"width":1500,"height":1500,"url":"https:\/\/gironaprosport.com\/wp-content\/uploads\/hlavna-8.jpg","type":"image\/jpeg"}],"twitter_card":"summary_large_image","twitter_misc":{"Odhadovan\u00e1 doba \u010dten\u00ed":"2 minuty"},"schema":{"@context":"https:\/\/schema.org","@graph":[{"@type":"WebPage","@id":"https:\/\/gironaprosport.com\/cs\/produkt-cs\/cap-de-creus-tam-kde-se-pyreneje-dotykaji-more\/","url":"https:\/\/gironaprosport.com\/cs\/produkt-cs\/cap-de-creus-tam-kde-se-pyreneje-dotykaji-more\/","name":"Cap de Creus - tam kde se Pyreneje dot\u00fdkaj\u00ed mo\u0159e - Girona ProSport","isPartOf":{"@id":"https:\/\/gironaprosport.com\/cs\/#website"},"primaryImageOfPage":{"@id":"https:\/\/gironaprosport.com\/cs\/produkt-cs\/cap-de-creus-tam-kde-se-pyreneje-dotykaji-more\/#primaryimage"},"image":{"@id":"https:\/\/gironaprosport.com\/cs\/produkt-cs\/cap-de-creus-tam-kde-se-pyreneje-dotykaji-more\/#primaryimage"},"thumbnailUrl":"https:\/\/gironaprosport.com\/wp-content\/uploads\/hlavna-8.jpg","datePublished":"2020-03-13T09:25:12+00:00","dateModified":"2025-05-20T18:29:50+00:00","breadcrumb":{"@id":"https:\/\/gironaprosport.com\/cs\/produkt-cs\/cap-de-creus-tam-kde-se-pyreneje-dotykaji-more\/#breadcrumb"},"inLanguage":"cs","potentialAction":[{"@type":"ReadAction","target":["https:\/\/gironaprosport.com\/cs\/produkt-cs\/cap-de-creus-tam-kde-se-pyreneje-dotykaji-more\/"]}]},{"@type":"ImageObject","inLanguage":"cs","@id":"https:\/\/gironaprosport.com\/cs\/produkt-cs\/cap-de-creus-tam-kde-se-pyreneje-dotykaji-more\/#primaryimage","url":"https:\/\/gironaprosport.com\/wp-content\/uploads\/hlavna-8.jpg","contentUrl":"https:\/\/gironaprosport.com\/wp-content\/uploads\/hlavna-8.jpg","width":1500,"height":1500},{"@type":"BreadcrumbList","@id":"https:\/\/gironaprosport.com\/cs\/produkt-cs\/cap-de-creus-tam-kde-se-pyreneje-dotykaji-more\/#breadcrumb","itemListElement":[{"@type":"ListItem","position":1,"name":"Domovsk\u00e1 str\u00e1nka","item":"https:\/\/gironaprosport.com\/cs\/"},{"@type":"ListItem","position":2,"name":"Shop","item":"https:\/\/gironaprosport.com\/cs\/shop-cs\/"},{"@type":"ListItem","position":3,"name":"Cap de Creus &#8211; tam kde se Pyreneje dot\u00fdkaj\u00ed mo\u0159e"}]},{"@type":"WebSite","@id":"https:\/\/gironaprosport.com\/cs\/#website","url":"https:\/\/gironaprosport.com\/cs\/","name":"Girona ProSport","description":"Cykloz\u00e1jazdy","publisher":{"@id":"https:\/\/gironaprosport.com\/cs\/#organization"},"potentialAction":[{"@type":"SearchAction","target":{"@type":"EntryPoint","urlTemplate":"https:\/\/gironaprosport.com\/cs\/?s={search_term_string}"},"query-input":{"@type":"PropertyValueSpecification","valueRequired":true,"valueName":"search_term_string"}}],"inLanguage":"cs"},{"@type":"Organization","@id":"https:\/\/gironaprosport.com\/cs\/#organization","name":"Girona PRO SPORT","url":"https:\/\/gironaprosport.com\/cs\/","logo":{"@type":"ImageObject","inLanguage":"cs","@id":"https:\/\/gironaprosport.com\/cs\/#\/schema\/logo\/image\/","url":"https:\/\/gironaprosport.com\/wp-content\/uploads\/logo-gps_64.png","contentUrl":"https:\/\/gironaprosport.com\/wp-content\/uploads\/logo-gps_64.png","width":320,"height":64,"caption":"Girona PRO SPORT"},"image":{"@id":"https:\/\/gironaprosport.com\/cs\/#\/schema\/logo\/image\/"},"sameAs":["http:\/\/fb.me\/gironaprosport","http:\/\/instagram.com\/girona_prosport\/","https:\/\/www.youtube.com\/channel\/UCv7gLuh2ONY6kESVj_3aSnA"]}]}},"meta_box":{"gps_dates_event":[],"gps_distance":"87","gps_distance_note":"","gps_camber":"3550","gps_difficulty":"medium","gps_lasted":["6"],"gps_lasted_note":"","gps_guide":"0","gps_coach":"0","gps_stages":"5","gps_bicycle_rental":"0","gps_date_from":"2020-03-01","gps_date_to":"2020-10-31","gps_map":[{"width":150,"height":150,"file":"mapa-1.jpg","sizes":{"woocommerce_thumbnail":{"file":"mapa-1-360x360.jpg","width":360,"height":360,"mime-type":"image\/jpeg","uncropped":false,"url":"https:\/\/gironaprosport.com\/wp-content\/uploads\/mapa-1-360x360.jpg"},"woocommerce_gallery_thumbnail":{"file":"mapa-1-100x100.jpg","width":100,"height":100,"mime-type":"image\/jpeg","url":"https:\/\/gironaprosport.com\/wp-content\/uploads\/mapa-1-100x100.jpg"},"woocommerce_single":{"file":"mapa-1-600x457.jpg","width":600,"height":457,"mime-type":"image\/jpeg","url":"https:\/\/gironaprosport.com\/wp-content\/uploads\/mapa-1-600x457.jpg"},"medium":{"file":"mapa-1-300x228.jpg","width":300,"height":228,"mime-type":"image\/jpeg","url":"https:\/\/gironaprosport.com\/wp-content\/uploads\/mapa-1-300x228.jpg"},"thumbnail":{"file":"mapa-1-150x150.jpg","width":150,"height":150,"mime-type":"image\/jpeg","url":"https:\/\/gironaprosport.com\/wp-content\/uploads\/mapa-1-150x150.jpg"},"medium_large":{"file":"mapa-1-768x585.jpg","width":768,"height":585,"mime-type":"image\/jpeg","url":"https:\/\/gironaprosport.com\/wp-content\/uploads\/mapa-1-768x585.jpg"},"etheme-woocommerce-nimi":{"file":"mapa-1-1x1.jpg","width":1,"height":1,"mime-type":"image\/jpeg","url":"https:\/\/gironaprosport.com\/wp-content\/uploads\/mapa-1-1x1.jpg"},"etheme-nimi":{"file":"mapa-1-10x8.jpg","width":10,"height":8,"mime-type":"image\/jpeg","url":"https:\/\/gironaprosport.com\/wp-content\/uploads\/mapa-1-10x8.jpg"},"shop_catalog_alt":{"file":"mapa-1-600x600.jpg","width":600,"height":600,"mime-type":"image\/jpeg","url":"https:\/\/gironaprosport.com\/wp-content\/uploads\/mapa-1-600x600.jpg"},"shop_catalog":{"file":"mapa-1-360x360.jpg","width":360,"height":360,"mime-type":"image\/jpeg","uncropped":false,"url":"https:\/\/gironaprosport.com\/wp-content\/uploads\/mapa-1-360x360.jpg"},"shop_single":{"file":"mapa-1-600x457.jpg","width":600,"height":457,"mime-type":"image\/jpeg","url":"https:\/\/gironaprosport.com\/wp-content\/uploads\/mapa-1-600x457.jpg"},"shop_thumbnail":{"file":"mapa-1-100x100.jpg","width":100,"height":100,"mime-type":"image\/jpeg","url":"https:\/\/gironaprosport.com\/wp-content\/uploads\/mapa-1-100x100.jpg"}},"image_meta":{"aperture":"0","credit":"","camera":"","caption":"","created_timestamp":"0","copyright":"","focal_length":"0","iso":"0","shutter_speed":"0","title":"","orientation":"0","keywords":[]},"ID":"5540","name":"mapa-1.jpg","path":"\/data\/a\/2\/a23847c4-7a58-48dc-b132-29ebe7618031\/gironaprosport.com\/web\/wp-content\/uploads\/mapa-1.jpg","url":"https:\/\/gironaprosport.com\/wp-content\/uploads\/mapa-1-150x150.jpg","full_url":"https:\/\/gironaprosport.com\/wp-content\/uploads\/mapa-1.jpg","title":"mapa","caption":"","description":"","alt":"","srcset":"https:\/\/gironaprosport.com\/wp-content\/uploads\/mapa-1-150x150.jpg 150w, https:\/\/gironaprosport.com\/wp-content\/uploads\/mapa-1-360x360.jpg 360w, https:\/\/gironaprosport.com\/wp-content\/uploads\/mapa-1-100x100.jpg 100w, https:\/\/gironaprosport.com\/wp-content\/uploads\/mapa-1-1x1.jpg 1w, https:\/\/gironaprosport.com\/wp-content\/uploads\/mapa-1-600x600.jpg 600w"}]},"_links":{"self":[{"href":"https:\/\/gironaprosport.com\/cs\/wp-json\/wp\/v2\/product\/10108","targetHints":{"allow":["GET"]}}],"collection":[{"href":"https:\/\/gironaprosport.com\/cs\/wp-json\/wp\/v2\/product"}],"about":[{"href":"https:\/\/gironaprosport.com\/cs\/wp-json\/wp\/v2\/types\/product"}],"replies":[{"embeddable":true,"href":"https:\/\/gironaprosport.com\/cs\/wp-json\/wp\/v2\/comments?post=10108"}],"wp:featuredmedia":[{"embeddable":true,"href":"https:\/\/gironaprosport.com\/cs\/wp-json\/wp\/v2\/media\/10118"}],"wp:attachment":[{"href":"https:\/\/gironaprosport.com\/cs\/wp-json\/wp\/v2\/media?parent=10108"}],"wp:term":[{"taxonomy":"product-type","embeddable":true,"href":"https:\/\/gironaprosport.com\/cs\/wp-json\/wp\/v2\/product-type?post=10108"},{"taxonomy":"brand","embeddable":true,"href":"https:\/\/gironaprosport.com\/cs\/wp-json\/wp\/v2\/etheme_brands?post=10108"},{"taxonomy":"product_brand","embeddable":true,"href":"https:\/\/gironaprosport.com\/cs\/wp-json\/wp\/v2\/product_brand?post=10108"},{"taxonomy":"product_cat","embeddable":true,"href":"https:\/\/gironaprosport.com\/cs\/wp-json\/wp\/v2\/product_cat?post=10108"},{"taxonomy":"product_tag","embeddable":true,"href":"https:\/\/gironaprosport.com\/cs\/wp-json\/wp\/v2\/product_tag?post=10108"}],"curies":[{"name":"wp","href":"https:\/\/api.w.org\/{rel}","templated":true}]}}