{"id":10068,"date":"2020-02-20T12:17:42","date_gmt":"2020-02-20T11:17:42","guid":{"rendered":"https:\/\/gironaprosport.com\/produkt\/family-pyrenees-costa-brava\/"},"modified":"2020-02-20T12:17:42","modified_gmt":"2020-02-20T11:17:42","slug":"family-pyrenees-costa-brava","status":"publish","type":"product","link":"https:\/\/gironaprosport.com\/cs\/produkt-cs\/family-pyrenees-costa-brava\/","title":{"rendered":"Zelen\u00e9 cesty Girony &#8211; rodinn\u00fd v\u00fdlet"},"content":{"rendered":"<p>Kr\u00e1tk\u00fd a lehk\u00fd cykloz\u00e1jezdy po zelen\u00fdch cest\u00e1ch (nezpevn\u011bn\u00e9 cyklistick\u00e9 stezky), vhodn\u00fd pro rodiny s d\u011btmi ji\u017e od 5 let. Trasa vede od p\u0159ed-Pyrenej\u00ed a\u017e po Costa Bravu. Po trase proch\u00e1z\u00edte vedle vulk\u00e1nech, les\u00edch a mok\u0159in\u00e1ch, vychutn\u00e1te si kr\u00e1snou a tichu krajinu, a posledn\u00ed den se m\u016f\u017eete vykoupat na pl\u00e1\u017ei.<\/p>\n<p>Pl\u00e1n cesty:<\/p>\n<p>1 den &#8211; p\u0159\u00edjezd a ubytov\u00e1n\u00ed v Olot,<\/p>\n<p>2. den &#8211; Olot &#8211; Les Planes d&#8217;Hostoles (22 km) Trasa vede pod\u00e9l \u00fadol\u00ed Bas, s n\u00e1dhernou p\u0159\u00edrodou a typick\u00fdmi vesni\u010dkami naz\u00fdvan\u00fdmi i Katal\u00e1nsk\u00e1 \u0160v\u00fdcarsko.<\/p>\n<p>3. den &#8211; Les Planes d&#8217;Hostoles &#8211; Girona (35 km) Cesta vede pod\u00e9l \u0159eky Ter, jedn\u00e9 z nejd\u016fle\u017eit\u011bj\u0161\u00edch \u0159ek v Katal\u00e1nsku. Den zakon\u010d\u00edte v kr\u00e1sn\u00e9 Girone.<\/p>\n<p>4. den &#8211; Girona &#8211; Campllong \/ Llagostera (18 km \/ 21 km) Budete proch\u00e1zet p\u0159es vesni\u010dku Quart, zn\u00e1mou pro svou keramiku, a Cassa de la Selva, s p\u011bkn\u00fdmi modernistick\u00e9 domy v centru.<\/p>\n<p>5. den &#8211; Campllong \/ Llagostera- Sant Feliu de Guixols (30 km \/ 26 km) Posledn\u00ed den je trasa nejdel\u0161\u00ed, ale zakon\u010d\u00edte ji u pl\u00e1\u017ee v malebn\u00e9m m\u011bste\u010dku Sant Feliu de Guixols<\/p>\n<p><strong>Cena 665 EUR<\/strong> (700 EUR od 20. \u010dervna do 28. srpna) na osobu, min. 2 osoby. D\u011bti do 2 let zdarma, od 3 do 7 sleva 50%, od 8 do 12 let sleva 25%<\/p>\n<p>Cena zahrnuje ubytov\u00e1n\u00ed (5 noc\u00ed), polopenzi, mapy a trasy ve form\u00e1tu GPX, transfer zavazadel mezi hotely, bli\u017e\u0161\u00ed info o trase. Mo\u017enost pron\u00e1jmu kol od 50eur \/ osobu, dopravy kol.<\/p>\n","protected":false},"excerpt":{"rendered":"<p>Cykloz\u00e1jezdy pro d\u011bti ji\u017e od 5 let kter\u00fd V\u00e1s dovede od p\u0159ed-Pyrenej\u00ed a\u017e k pob\u0159e\u017e\u00ed, mimo silni\u010dn\u00edho provozu<\/p>\n","protected":false},"featured_media":10075,"comment_status":"open","ping_status":"closed","template":"","meta":{"_monsterinsights_skip_tracking":false,"_monsterinsights_sitenote_active":false,"_monsterinsights_sitenote_note":"","_monsterinsights_sitenote_category":0},"product-type":[107],"etheme_brands":[],"product_brand":[],"product_cat":[403,393,397],"product_tag":[562,587,594,596,598,604,612,668,638,642],"class_list":{"0":"post-10068","1":"product","2":"type-product","3":"status-publish","4":"has-post-thumbnail","6":"product-type-tour","7":"product_cat-cykloturistika-cs","8":"product_cat-horske-kolo-gravel-cyklokros","9":"product_cat-s-detmi-cs","10":"product_tag-5-dni-cs","11":"product_tag-costa-brava-cs","12":"product_tag-cyklokros-cs","13":"product_tag-cykloturistika-cs","14":"product_tag-cyklozajezdy","15":"product_tag-gravel-cs","16":"product_tag-horske-kolo","17":"product_tag-lehke","18":"product_tag-rodinny-vylet-cs","19":"product_tag-s-detmi-cs","21":"first","22":"instock","23":"shipping-taxable","24":"purchasable"},"supplier_id":null,"supplier_sku":"","barcode":null,"atum_controlled":true,"out_stock_date":null,"out_stock_threshold":null,"inheritable":false,"inbound_stock":null,"stock_on_hold":0,"sold_today":0,"sales_last_days":0,"reserved_stock":null,"customer_returns":null,"warehouse_damage":null,"lost_in_post":null,"other_logs":null,"out_stock_days":0,"lost_sales":0,"has_location":null,"update_date":"2026-05-01T01:02:50","atum_locations":[],"atum_stock_status":"instock","restock_status":false,"low_stock_amount":"","sales_update_date":"2026-05-01T01:02:50","calc_backorders":null,"yoast_head":"<!-- This site is optimized with the Yoast SEO plugin v26.6 - https:\/\/yoast.com\/wordpress\/plugins\/seo\/ -->\n<title>Zelen\u00e9 cesty Girony - rodinn\u00fd v\u00fdlet - Girona ProSport<\/title>\n<meta name=\"robots\" content=\"index, follow, max-snippet:-1, max-image-preview:large, max-video-preview:-1\" \/>\n<link rel=\"canonical\" href=\"https:\/\/gironaprosport.com\/cs\/produkt-cs\/family-pyrenees-costa-brava\/\" \/>\n<meta property=\"og:locale\" content=\"cs_CZ\" \/>\n<meta property=\"og:type\" content=\"article\" \/>\n<meta property=\"og:title\" content=\"Zelen\u00e9 cesty Girony - rodinn\u00fd v\u00fdlet - Girona ProSport\" \/>\n<meta property=\"og:description\" content=\"Cykloz\u00e1jezdy pro d\u011bti ji\u017e od 5 let kter\u00fd V\u00e1s dovede od p\u0159ed-Pyrenej\u00ed a\u017e k pob\u0159e\u017e\u00ed, mimo silni\u010dn\u00edho provozu\" \/>\n<meta property=\"og:url\" content=\"https:\/\/gironaprosport.com\/cs\/produkt-cs\/family-pyrenees-costa-brava\/\" \/>\n<meta property=\"og:site_name\" content=\"Girona ProSport\" \/>\n<meta property=\"article:publisher\" content=\"http:\/\/fb.me\/gironaprosport\" \/>\n<meta property=\"og:image\" content=\"https:\/\/gironaprosport.com\/wp-content\/uploads\/hlavna-1-1.jpg\" \/>\n\t<meta property=\"og:image:width\" content=\"1200\" \/>\n\t<meta property=\"og:image:height\" content=\"1200\" \/>\n\t<meta property=\"og:image:type\" content=\"image\/jpeg\" \/>\n<meta name=\"twitter:card\" content=\"summary_large_image\" \/>\n<meta name=\"twitter:label1\" content=\"Odhadovan\u00e1 doba \u010dten\u00ed\" \/>\n\t<meta name=\"twitter:data1\" content=\"1 minuta\" \/>\n<script type=\"application\/ld+json\" class=\"yoast-schema-graph\">{\"@context\":\"https:\/\/schema.org\",\"@graph\":[{\"@type\":\"WebPage\",\"@id\":\"https:\/\/gironaprosport.com\/cs\/produkt-cs\/family-pyrenees-costa-brava\/\",\"url\":\"https:\/\/gironaprosport.com\/cs\/produkt-cs\/family-pyrenees-costa-brava\/\",\"name\":\"Zelen\u00e9 cesty Girony - rodinn\u00fd v\u00fdlet - Girona ProSport\",\"isPartOf\":{\"@id\":\"https:\/\/gironaprosport.com\/cs\/#website\"},\"primaryImageOfPage\":{\"@id\":\"https:\/\/gironaprosport.com\/cs\/produkt-cs\/family-pyrenees-costa-brava\/#primaryimage\"},\"image\":{\"@id\":\"https:\/\/gironaprosport.com\/cs\/produkt-cs\/family-pyrenees-costa-brava\/#primaryimage\"},\"thumbnailUrl\":\"https:\/\/gironaprosport.com\/wp-content\/uploads\/hlavna-1-1.jpg\",\"datePublished\":\"2020-02-20T11:17:42+00:00\",\"breadcrumb\":{\"@id\":\"https:\/\/gironaprosport.com\/cs\/produkt-cs\/family-pyrenees-costa-brava\/#breadcrumb\"},\"inLanguage\":\"cs\",\"potentialAction\":[{\"@type\":\"ReadAction\",\"target\":[\"https:\/\/gironaprosport.com\/cs\/produkt-cs\/family-pyrenees-costa-brava\/\"]}]},{\"@type\":\"ImageObject\",\"inLanguage\":\"cs\",\"@id\":\"https:\/\/gironaprosport.com\/cs\/produkt-cs\/family-pyrenees-costa-brava\/#primaryimage\",\"url\":\"https:\/\/gironaprosport.com\/wp-content\/uploads\/hlavna-1-1.jpg\",\"contentUrl\":\"https:\/\/gironaprosport.com\/wp-content\/uploads\/hlavna-1-1.jpg\",\"width\":1200,\"height\":1200,\"caption\":\"cyklistika s d\u011btmi\"},{\"@type\":\"BreadcrumbList\",\"@id\":\"https:\/\/gironaprosport.com\/cs\/produkt-cs\/family-pyrenees-costa-brava\/#breadcrumb\",\"itemListElement\":[{\"@type\":\"ListItem\",\"position\":1,\"name\":\"Domovsk\u00e1 str\u00e1nka\",\"item\":\"https:\/\/gironaprosport.com\/cs\/\"},{\"@type\":\"ListItem\",\"position\":2,\"name\":\"Shop\",\"item\":\"https:\/\/gironaprosport.com\/cs\/shop-cs\/\"},{\"@type\":\"ListItem\",\"position\":3,\"name\":\"Zelen\u00e9 cesty Girony &#8211; rodinn\u00fd v\u00fdlet\"}]},{\"@type\":\"WebSite\",\"@id\":\"https:\/\/gironaprosport.com\/cs\/#website\",\"url\":\"https:\/\/gironaprosport.com\/cs\/\",\"name\":\"Girona ProSport\",\"description\":\"Cykloz\u00e1jazdy\",\"publisher\":{\"@id\":\"https:\/\/gironaprosport.com\/cs\/#organization\"},\"potentialAction\":[{\"@type\":\"SearchAction\",\"target\":{\"@type\":\"EntryPoint\",\"urlTemplate\":\"https:\/\/gironaprosport.com\/cs\/?s={search_term_string}\"},\"query-input\":{\"@type\":\"PropertyValueSpecification\",\"valueRequired\":true,\"valueName\":\"search_term_string\"}}],\"inLanguage\":\"cs\"},{\"@type\":\"Organization\",\"@id\":\"https:\/\/gironaprosport.com\/cs\/#organization\",\"name\":\"Girona PRO SPORT\",\"url\":\"https:\/\/gironaprosport.com\/cs\/\",\"logo\":{\"@type\":\"ImageObject\",\"inLanguage\":\"cs\",\"@id\":\"https:\/\/gironaprosport.com\/cs\/#\/schema\/logo\/image\/\",\"url\":\"https:\/\/gironaprosport.com\/wp-content\/uploads\/logo-gps_64.png\",\"contentUrl\":\"https:\/\/gironaprosport.com\/wp-content\/uploads\/logo-gps_64.png\",\"width\":320,\"height\":64,\"caption\":\"Girona PRO SPORT\"},\"image\":{\"@id\":\"https:\/\/gironaprosport.com\/cs\/#\/schema\/logo\/image\/\"},\"sameAs\":[\"http:\/\/fb.me\/gironaprosport\",\"http:\/\/instagram.com\/girona_prosport\/\",\"https:\/\/www.youtube.com\/channel\/UCv7gLuh2ONY6kESVj_3aSnA\"]}]}<\/script>\n<!-- \/ Yoast SEO plugin. -->","yoast_head_json":{"title":"Zelen\u00e9 cesty Girony - rodinn\u00fd v\u00fdlet - Girona ProSport","robots":{"index":"index","follow":"follow","max-snippet":"max-snippet:-1","max-image-preview":"max-image-preview:large","max-video-preview":"max-video-preview:-1"},"canonical":"https:\/\/gironaprosport.com\/cs\/produkt-cs\/family-pyrenees-costa-brava\/","og_locale":"cs_CZ","og_type":"article","og_title":"Zelen\u00e9 cesty Girony - rodinn\u00fd v\u00fdlet - Girona ProSport","og_description":"Cykloz\u00e1jezdy pro d\u011bti ji\u017e od 5 let kter\u00fd V\u00e1s dovede od p\u0159ed-Pyrenej\u00ed a\u017e k pob\u0159e\u017e\u00ed, mimo silni\u010dn\u00edho provozu","og_url":"https:\/\/gironaprosport.com\/cs\/produkt-cs\/family-pyrenees-costa-brava\/","og_site_name":"Girona ProSport","article_publisher":"http:\/\/fb.me\/gironaprosport","og_image":[{"width":1200,"height":1200,"url":"https:\/\/gironaprosport.com\/wp-content\/uploads\/hlavna-1-1.jpg","type":"image\/jpeg"}],"twitter_card":"summary_large_image","twitter_misc":{"Odhadovan\u00e1 doba \u010dten\u00ed":"1 minuta"},"schema":{"@context":"https:\/\/schema.org","@graph":[{"@type":"WebPage","@id":"https:\/\/gironaprosport.com\/cs\/produkt-cs\/family-pyrenees-costa-brava\/","url":"https:\/\/gironaprosport.com\/cs\/produkt-cs\/family-pyrenees-costa-brava\/","name":"Zelen\u00e9 cesty Girony - rodinn\u00fd v\u00fdlet - Girona ProSport","isPartOf":{"@id":"https:\/\/gironaprosport.com\/cs\/#website"},"primaryImageOfPage":{"@id":"https:\/\/gironaprosport.com\/cs\/produkt-cs\/family-pyrenees-costa-brava\/#primaryimage"},"image":{"@id":"https:\/\/gironaprosport.com\/cs\/produkt-cs\/family-pyrenees-costa-brava\/#primaryimage"},"thumbnailUrl":"https:\/\/gironaprosport.com\/wp-content\/uploads\/hlavna-1-1.jpg","datePublished":"2020-02-20T11:17:42+00:00","breadcrumb":{"@id":"https:\/\/gironaprosport.com\/cs\/produkt-cs\/family-pyrenees-costa-brava\/#breadcrumb"},"inLanguage":"cs","potentialAction":[{"@type":"ReadAction","target":["https:\/\/gironaprosport.com\/cs\/produkt-cs\/family-pyrenees-costa-brava\/"]}]},{"@type":"ImageObject","inLanguage":"cs","@id":"https:\/\/gironaprosport.com\/cs\/produkt-cs\/family-pyrenees-costa-brava\/#primaryimage","url":"https:\/\/gironaprosport.com\/wp-content\/uploads\/hlavna-1-1.jpg","contentUrl":"https:\/\/gironaprosport.com\/wp-content\/uploads\/hlavna-1-1.jpg","width":1200,"height":1200,"caption":"cyklistika s d\u011btmi"},{"@type":"BreadcrumbList","@id":"https:\/\/gironaprosport.com\/cs\/produkt-cs\/family-pyrenees-costa-brava\/#breadcrumb","itemListElement":[{"@type":"ListItem","position":1,"name":"Domovsk\u00e1 str\u00e1nka","item":"https:\/\/gironaprosport.com\/cs\/"},{"@type":"ListItem","position":2,"name":"Shop","item":"https:\/\/gironaprosport.com\/cs\/shop-cs\/"},{"@type":"ListItem","position":3,"name":"Zelen\u00e9 cesty Girony &#8211; rodinn\u00fd v\u00fdlet"}]},{"@type":"WebSite","@id":"https:\/\/gironaprosport.com\/cs\/#website","url":"https:\/\/gironaprosport.com\/cs\/","name":"Girona ProSport","description":"Cykloz\u00e1jazdy","publisher":{"@id":"https:\/\/gironaprosport.com\/cs\/#organization"},"potentialAction":[{"@type":"SearchAction","target":{"@type":"EntryPoint","urlTemplate":"https:\/\/gironaprosport.com\/cs\/?s={search_term_string}"},"query-input":{"@type":"PropertyValueSpecification","valueRequired":true,"valueName":"search_term_string"}}],"inLanguage":"cs"},{"@type":"Organization","@id":"https:\/\/gironaprosport.com\/cs\/#organization","name":"Girona PRO SPORT","url":"https:\/\/gironaprosport.com\/cs\/","logo":{"@type":"ImageObject","inLanguage":"cs","@id":"https:\/\/gironaprosport.com\/cs\/#\/schema\/logo\/image\/","url":"https:\/\/gironaprosport.com\/wp-content\/uploads\/logo-gps_64.png","contentUrl":"https:\/\/gironaprosport.com\/wp-content\/uploads\/logo-gps_64.png","width":320,"height":64,"caption":"Girona PRO SPORT"},"image":{"@id":"https:\/\/gironaprosport.com\/cs\/#\/schema\/logo\/image\/"},"sameAs":["http:\/\/fb.me\/gironaprosport","http:\/\/instagram.com\/girona_prosport\/","https:\/\/www.youtube.com\/channel\/UCv7gLuh2ONY6kESVj_3aSnA"]}]}},"meta_box":{"gps_dates_event":[],"gps_distance":"100","gps_distance_note":"","gps_camber":" ","gps_difficulty":"easy","gps_lasted":["5"],"gps_lasted_note":"","gps_guide":"0","gps_coach":"0","gps_stages":"4","gps_bicycle_rental":"0","gps_date_from":"2020-03-01","gps_date_to":"2020-10-31","gps_map":[{"width":150,"height":150,"file":"mapa.jpg","sizes":{"woocommerce_thumbnail":{"file":"mapa-360x360.jpg","width":360,"height":360,"mime-type":"image\/jpeg","uncropped":false,"url":"https:\/\/gironaprosport.com\/wp-content\/uploads\/mapa-360x360.jpg"},"woocommerce_gallery_thumbnail":{"file":"mapa-100x100.jpg","width":100,"height":100,"mime-type":"image\/jpeg","url":"https:\/\/gironaprosport.com\/wp-content\/uploads\/mapa-100x100.jpg"},"woocommerce_single":{"file":"mapa-600x457.jpg","width":600,"height":457,"mime-type":"image\/jpeg","url":"https:\/\/gironaprosport.com\/wp-content\/uploads\/mapa-600x457.jpg"},"medium":{"file":"mapa-300x228.jpg","width":300,"height":228,"mime-type":"image\/jpeg","url":"https:\/\/gironaprosport.com\/wp-content\/uploads\/mapa-300x228.jpg"},"thumbnail":{"file":"mapa-150x150.jpg","width":150,"height":150,"mime-type":"image\/jpeg","url":"https:\/\/gironaprosport.com\/wp-content\/uploads\/mapa-150x150.jpg"},"medium_large":{"file":"mapa-768x585.jpg","width":768,"height":585,"mime-type":"image\/jpeg","url":"https:\/\/gironaprosport.com\/wp-content\/uploads\/mapa-768x585.jpg"},"etheme-woocommerce-nimi":{"file":"mapa-1x1.jpg","width":1,"height":1,"mime-type":"image\/jpeg","url":"https:\/\/gironaprosport.com\/wp-content\/uploads\/mapa-1x1.jpg"},"etheme-nimi":{"file":"mapa-10x8.jpg","width":10,"height":8,"mime-type":"image\/jpeg","url":"https:\/\/gironaprosport.com\/wp-content\/uploads\/mapa-10x8.jpg"},"shop_catalog_alt":{"file":"mapa-600x600.jpg","width":600,"height":600,"mime-type":"image\/jpeg","url":"https:\/\/gironaprosport.com\/wp-content\/uploads\/mapa-600x600.jpg"},"shop_catalog":{"file":"mapa-360x360.jpg","width":360,"height":360,"mime-type":"image\/jpeg","uncropped":false,"url":"https:\/\/gironaprosport.com\/wp-content\/uploads\/mapa-360x360.jpg"},"shop_single":{"file":"mapa-600x457.jpg","width":600,"height":457,"mime-type":"image\/jpeg","url":"https:\/\/gironaprosport.com\/wp-content\/uploads\/mapa-600x457.jpg"},"shop_thumbnail":{"file":"mapa-100x100.jpg","width":100,"height":100,"mime-type":"image\/jpeg","url":"https:\/\/gironaprosport.com\/wp-content\/uploads\/mapa-100x100.jpg"}},"image_meta":{"aperture":"0","credit":"","camera":"","caption":"","created_timestamp":"0","copyright":"","focal_length":"0","iso":"0","shutter_speed":"0","title":"","orientation":"0","keywords":[]},"ID":"5524","name":"mapa.jpg","path":"\/data\/a\/2\/a23847c4-7a58-48dc-b132-29ebe7618031\/gironaprosport.com\/web\/wp-content\/uploads\/mapa.jpg","url":"https:\/\/gironaprosport.com\/wp-content\/uploads\/mapa-150x150.jpg","full_url":"https:\/\/gironaprosport.com\/wp-content\/uploads\/mapa.jpg","title":"mapa","caption":"","description":"","alt":"","srcset":"https:\/\/gironaprosport.com\/wp-content\/uploads\/mapa-150x150.jpg 150w, https:\/\/gironaprosport.com\/wp-content\/uploads\/mapa-360x360.jpg 360w, https:\/\/gironaprosport.com\/wp-content\/uploads\/mapa-100x100.jpg 100w, https:\/\/gironaprosport.com\/wp-content\/uploads\/mapa-1x1.jpg 1w, https:\/\/gironaprosport.com\/wp-content\/uploads\/mapa-600x600.jpg 600w"}]},"_links":{"self":[{"href":"https:\/\/gironaprosport.com\/cs\/wp-json\/wp\/v2\/product\/10068","targetHints":{"allow":["GET"]}}],"collection":[{"href":"https:\/\/gironaprosport.com\/cs\/wp-json\/wp\/v2\/product"}],"about":[{"href":"https:\/\/gironaprosport.com\/cs\/wp-json\/wp\/v2\/types\/product"}],"replies":[{"embeddable":true,"href":"https:\/\/gironaprosport.com\/cs\/wp-json\/wp\/v2\/comments?post=10068"}],"wp:featuredmedia":[{"embeddable":true,"href":"https:\/\/gironaprosport.com\/cs\/wp-json\/wp\/v2\/media\/10075"}],"wp:attachment":[{"href":"https:\/\/gironaprosport.com\/cs\/wp-json\/wp\/v2\/media?parent=10068"}],"wp:term":[{"taxonomy":"product-type","embeddable":true,"href":"https:\/\/gironaprosport.com\/cs\/wp-json\/wp\/v2\/product-type?post=10068"},{"taxonomy":"brand","embeddable":true,"href":"https:\/\/gironaprosport.com\/cs\/wp-json\/wp\/v2\/etheme_brands?post=10068"},{"taxonomy":"product_brand","embeddable":true,"href":"https:\/\/gironaprosport.com\/cs\/wp-json\/wp\/v2\/product_brand?post=10068"},{"taxonomy":"product_cat","embeddable":true,"href":"https:\/\/gironaprosport.com\/cs\/wp-json\/wp\/v2\/product_cat?post=10068"},{"taxonomy":"product_tag","embeddable":true,"href":"https:\/\/gironaprosport.com\/cs\/wp-json\/wp\/v2\/product_tag?post=10068"}],"curies":[{"name":"wp","href":"https:\/\/api.w.org\/{rel}","templated":true}]}}