{"id":10036,"date":"2020-12-13T19:19:36","date_gmt":"2020-12-13T18:19:36","guid":{"rendered":"https:\/\/gironaprosport.com\/produkt\/jarny-treningovy-kemp-v-girone-wattmeter-cestny-bicykel-a-triatlon\/"},"modified":"2023-11-30T20:13:24","modified_gmt":"2023-11-30T19:13:24","slug":"jarni-treninkovy-kemp-v-girone-wattmetr-silnicni-kolo-a-triatlon","status":"publish","type":"product","link":"https:\/\/gironaprosport.com\/cs\/produkt-cs\/jarni-treninkovy-kemp-v-girone-wattmetr-silnicni-kolo-a-triatlon\/","title":{"rendered":"Jarn\u00ed tr\u00e9ninkov\u00fd kemp v Giron\u011b &#8211; wattmetr (silni\u010dn\u00ed kolo a triatlon)"},"content":{"rendered":"<div class=\"wpb-content-wrapper\"><p>[vc_row][vc_column][vc_column_text]Za\u010d\u00e1tkem jara organizujeme v Giron\u011b <strong>tr\u00e9ninkov\u00fd kemp pro silni\u010dn\u00edch cyklist\u016f a triatlonist\u016f<\/strong>, kte\u0159\u00ed se cht\u011bj\u00ed nau\u010dit pracovat se za\u0159\u00edzen\u00edm <strong>Wattmetr<\/strong>. Kemp povede profesion\u00e1ln\u00ed nizozemsk\u00fd tren\u00e9r <strong><a href=\"https:\/\/www.facebook.com\/guido.vroemen\" target=\"_blank\" rel=\"noopener noreferrer\"><span style=\"color: #ffb98e\">Guido Vroemen<\/span>. <\/a><\/strong>\u00a0Guido je tren\u00e9rem profi triatlonista a cyklisty a z\u00e1rove\u0148 sportovn\u00ed l\u00e9ka\u0159. Kemp je ur\u010den st\u0159edn\u011b pokro\u010dil\u00fdm a pokro\u010dil\u00fdm jezdc\u016fm. Nen\u00ed vhodn\u00fd pro za\u010d\u00e1te\u010dn\u00edky.<\/p>\n<h4>Datum: 28. \u00fanora &#8211; 7. b\u0159ezna 2022 (8 dn\u00ed)<\/h4>\n<p><strong>C\u00edlov\u00e1 skupin<\/strong>a: st\u0159edn\u011b pokro\u010dil\u00ed a pokro\u010dil\u00ed cyklist\u00e9<\/p>\n<p><strong>M\u00edsto kon\u00e1n<\/strong>\u00ed: \u00a0<a style=\"color: #ffb98e\" href=\"https:\/\/www.spain.info\/en\/destination\/girona\/\" target=\"_blank\" rel=\"noopener noreferrer\">Girona<\/a>, \u0160pan\u011blsko<\/p>\n<p><strong>Cena: \u20ac 757<\/strong> (zahrnuje ubytov\u00e1n\u00ed ve dvoul\u016f\u017ekov\u00e9m pokoji v hotelu v centru Girony <strong>(7 noc\u00ed<\/strong>), sn\u00eddan\u011b, tren\u00e9ra, tr\u00e9ninkov\u00fd program, profi cyklistick\u00fd dres \u00a0<a href=\"https:\/\/www.tactic-sport.com\/\" target=\"_blank\" rel=\"noopener\">TACTIC<\/a>, z\u00e1kladn\u00ed bal\u00ed\u010dek sportovn\u00ed v\u00fd\u017eivy)<\/p>\n<p>Cena z\u00e1jezdu nezahrnuje pron\u00e1jem kola, cena za 7 denn\u00ed pron\u00e1jem <strong>Bianchi Spring Disc<\/strong> je 140 EUR.<\/p>\n<p>P\u0159\u00edplatek za samostatn\u00fd pokoj je 60 EUR.<\/p>\n<h2>Program Wattmetr tr\u00e9ninkov\u00fd kemp<\/h2>\n<p>Tr\u00e9ninkov\u00fdch kemp <a style=\"color: #ffb98e\" href=\"https:\/\/www.mtbiker.sk\/clanky\/123213\/wattmeter-pre-hobby-jazdca-vyborny-pomocnik-aj-zly-pan.html\" target=\"_blank\" rel=\"noopener noreferrer\">wattmete<\/a> za\u010d\u00edn\u00e1 testov\u00e1n\u00edm v pond\u011bl\u00ed. Budou se realizovat r\u016fzn\u00e9 testy (anaerobn\u00ed, sprinty) kter\u00e9 bude zaznamen\u00e1vat tren\u00e9r Guido a ve\u010der je spole\u010dn\u011b zanalyzujeme.<\/p>\n<p>Dal\u0161\u00ed den je napl\u00e1nov\u00e1na dlouh\u00e1 j\u00edzda (endurance training). Po n\u00ed n\u00e1sleduj\u00edc\u00ed den budeme op\u011bt testovat, tentokr\u00e1t budeme testovat aerobn\u00ed kapacitu. N\u00e1sleduje oddechov\u00fd den, mo\u017enost regenera\u010dn\u00ed j\u00edzdy. Posledn\u00ed dva dny za\u010dneme anal\u00fdzou hodnot, nejprve u intervalov\u00e9ho tr\u00e9ninku, pak u vytrvalostn\u00edho tr\u00e9ninku, kter\u00fd zakon\u010d\u00edme p\u011bknou j\u00edzdou na pob\u0159e\u017e\u00ed.<\/p>\n<p>Triatlonist\u00e9 budou m\u00edt extra plaveck\u00e9 a b\u011b\u017eeck\u00e9 tr\u00e9ninky.<\/p>\n<p>B\u011bhem \u010dty\u0159 ve\u010der\u016f budeme spolu analyzovat data, ostatn\u00ed dny ve\u010der je voln\u00fd program.<\/p>\n<p>Tr\u00e9ninky prob\u00edhaj\u00ed dopoledne (krom\u011b prvn\u00edho dne), po tr\u00e9ninku n\u00e1vrat do <a style=\"color: #ffb98e\" href=\"https:\/\/gironaprosport.com\/cs\/proc-girona\/\" target=\"_blank\" rel=\"noopener noreferrer\">Girony<\/a> (14: 00-15: 00) s mo\u017enost\u00ed skupinov\u00e9ho ob\u011bda s tren\u00e9rem. Odpoledne u cyklist\u016f voln\u00fd program kter\u00fd m\u016f\u017eete vyu\u017e\u00edt na turistiku v okol\u00ed (n\u00e1v\u0161t\u011bva vinn\u00fdch sklep\u016f, v\u00fdlet na pob\u0159e\u017e\u00ed Costa Vep\u0159i, prohl\u00eddka historick\u00e9 Girony, vstup do m\u00edstn\u00edch rom\u00e1nsk\u00fdch l\u00e1zn\u00ed) nebo k posezen\u00ed v lok\u00e1ln\u00edch kav\u00e1rn\u00e1ch kter\u00e9 vedou b\u00fdval\u00ed profesion\u00e1ln\u00ed cyklist\u00e9. U triatlonista budou odpoledne prob\u00edhat plaveck\u00e9 tr\u00e9ninky.<\/p>\n<p>Pokud p\u0159ijdete is rodinou r\u00e1di pom\u016f\u017eeme s organizac\u00ed <a href=\"https:\/\/gironaprosport.com\/cs\/sluzby-cs\/\" target=\"_blank\" rel=\"noopener\">dopl\u0148kov\u00e9ho programu.<\/a><\/p>\n<p>Pokud pot\u0159ebujete p\u0159ij\u00edt &#8211; odej\u00edt d\u0159\u00edve, pomoc s transferem nebo rezervac\u00ed letenky nebo jinou asistenci, obra\u0165te se na n\u00e1s r\u00e1di pom\u016f\u017eeme.<\/p>\n<p>Uvid\u00edme se v Giron\u011b?<\/p>\n<p>Viz tak\u00e9 ostatn\u00ed<a href=\"https:\/\/gironaprosport.com\/cs\/kategorie-produktu\/event-cs\/treninkovy-kemp\/\" target=\"_blank\" rel=\"noopener\"> tr\u00e9ninkov\u00e9 kempy<\/a> kter\u00e9 organizujeme a rozhodn\u011bte se kter\u00fd V\u00e1m nejv\u00edce vyhovuje.<\/p>\n<p>[\/vc_column_text][vc_video link=&#8220;https:\/\/www.youtube.com\/watch?v=_M1-Ho_49D4&amp;t=1s&#8220; el_width=&#8220;50&#8243; align=&#8220;center&#8220;][\/vc_column][\/vc_row]<\/p>\n<\/div>","protected":false},"excerpt":{"rendered":"<p>Po\u0159\u00e1d\u00e1me v Giron\u011b tr\u00e9ninkov\u00fd kemp pro silni\u010dn\u00edch cyklist\u016f a triatlonist\u016f, kte\u0159\u00ed se cht\u011bj\u00ed nau\u010dit pracovat se za\u0159\u00edzen\u00edm Wattmetr. Kemp povede profesion\u00e1ln\u00ed nizozemsk\u00fd tren\u00e9r Guido Vroemen. 8 dn\u00ed. 28. \u00fanora &#8211; 7. b\u0159ezna 2022<\/p>\n","protected":false},"featured_media":10037,"comment_status":"open","ping_status":"closed","template":"","meta":{"_monsterinsights_skip_tracking":false,"_monsterinsights_sitenote_active":false,"_monsterinsights_sitenote_note":"","_monsterinsights_sitenote_category":0},"product-type":[108],"etheme_brands":[],"product_brand":[],"product_cat":[682,349,357,355],"product_tag":[686,582,650,670,660,662,658,666],"class_list":{"0":"post-10036","1":"product","2":"type-product","3":"status-publish","4":"has-post-thumbnail","6":"product-type-event","7":"product_cat-cyklokemp-trenuj-s-trenerem","8":"product_cat-silnicni-cyklistika","9":"product_cat-treninkovy-kemp","10":"product_cat-triatlon-cs","11":"product_tag-8-dni-cs","12":"product_tag-silnicni-cyklistika","13":"product_tag-stredne-narocne-cs","14":"product_tag-tezke","15":"product_tag-trener-cs","16":"product_tag-treninkovy-kemp","17":"product_tag-triatlon-cs","18":"product_tag-wattmeter-cs","20":"first","21":"instock","22":"shipping-taxable","23":"purchasable"},"supplier_id":null,"supplier_sku":"","barcode":null,"atum_controlled":true,"out_stock_date":null,"out_stock_threshold":null,"inheritable":false,"inbound_stock":null,"stock_on_hold":0,"sold_today":0,"sales_last_days":0,"reserved_stock":null,"customer_returns":null,"warehouse_damage":null,"lost_in_post":null,"other_logs":null,"out_stock_days":0,"lost_sales":0,"has_location":false,"update_date":"2026-04-30T01:02:37","atum_locations":[],"atum_stock_status":"instock","restock_status":false,"low_stock_amount":"","sales_update_date":"2026-04-30T01:02:37","calc_backorders":null,"yoast_head":"<!-- This site is optimized with the Yoast SEO plugin v26.6 - https:\/\/yoast.com\/wordpress\/plugins\/seo\/ -->\n<title>Tr\u00e9ninkov\u00fdch kemp wattmetr cyklistika a triatlon - Girona ProSport<\/title>\n<meta name=\"description\" content=\"Po\u0159\u00e1d\u00e1me v Giron\u011b tr\u00e9ninkov\u00fd kemp pro silni\u010dn\u00edch cyklist\u016f a triatlonist\u016f, kte\u0159\u00ed se cht\u011bj\u00ed nau\u010dit pracovat se za\u0159\u00edzen\u00edm Wattmetr. jaro 2022\" \/>\n<meta name=\"robots\" content=\"index, follow, max-snippet:-1, max-image-preview:large, max-video-preview:-1\" \/>\n<link rel=\"canonical\" href=\"https:\/\/gironaprosport.com\/cs\/produkt-cs\/jarni-treninkovy-kemp-v-girone-wattmetr-silnicni-kolo-a-triatlon\/\" \/>\n<meta property=\"og:locale\" content=\"cs_CZ\" \/>\n<meta property=\"og:type\" content=\"article\" \/>\n<meta property=\"og:title\" content=\"Jarn\u00ed tr\u00e9ninkov\u00fd kemp v Giron\u011b - wattmetr (silni\u010dn\u00ed kolo a triatlon)\" \/>\n<meta property=\"og:description\" content=\"Po\u0159\u00e1d\u00e1me v Giron\u011b tr\u00e9ninkov\u00fd kemp pro silni\u010dn\u00edch cyklist\u016f a triatlonist\u016f, kte\u0159\u00ed se cht\u011bj\u00ed nau\u010dit pracovat se za\u0159\u00edzen\u00edm Wattmetr. Kemp povede profesion\u00e1ln\u00ed nizozemsk\u00fd tren\u00e9r Guido Vroemen. jaro 2022\" \/>\n<meta property=\"og:url\" content=\"https:\/\/gironaprosport.com\/cs\/produkt-cs\/jarni-treninkovy-kemp-v-girone-wattmetr-silnicni-kolo-a-triatlon\/\" \/>\n<meta property=\"og:site_name\" content=\"Girona ProSport\" \/>\n<meta property=\"article:publisher\" content=\"http:\/\/fb.me\/gironaprosport\" \/>\n<meta property=\"article:modified_time\" content=\"2023-11-30T19:13:24+00:00\" \/>\n<meta property=\"og:image\" content=\"https:\/\/gironaprosport.com\/wp-content\/uploads\/treningovy-kemp-wattmeter-919.jpg\" \/>\n<meta name=\"twitter:card\" content=\"summary_large_image\" \/>\n<meta name=\"twitter:label1\" content=\"Odhadovan\u00e1 doba \u010dten\u00ed\" \/>\n\t<meta name=\"twitter:data1\" content=\"2 minuty\" \/>\n<script type=\"application\/ld+json\" class=\"yoast-schema-graph\">{\"@context\":\"https:\/\/schema.org\",\"@graph\":[{\"@type\":\"WebPage\",\"@id\":\"https:\/\/gironaprosport.com\/cs\/produkt-cs\/jarni-treninkovy-kemp-v-girone-wattmetr-silnicni-kolo-a-triatlon\/\",\"url\":\"https:\/\/gironaprosport.com\/cs\/produkt-cs\/jarni-treninkovy-kemp-v-girone-wattmetr-silnicni-kolo-a-triatlon\/\",\"name\":\"Tr\u00e9ninkov\u00fdch kemp wattmetr cyklistika a triatlon - Girona ProSport\",\"isPartOf\":{\"@id\":\"https:\/\/gironaprosport.com\/cs\/#website\"},\"primaryImageOfPage\":{\"@id\":\"https:\/\/gironaprosport.com\/cs\/produkt-cs\/jarni-treninkovy-kemp-v-girone-wattmetr-silnicni-kolo-a-triatlon\/#primaryimage\"},\"image\":{\"@id\":\"https:\/\/gironaprosport.com\/cs\/produkt-cs\/jarni-treninkovy-kemp-v-girone-wattmetr-silnicni-kolo-a-triatlon\/#primaryimage\"},\"thumbnailUrl\":\"https:\/\/gironaprosport.com\/wp-content\/uploads\/treningovy-kemp-wattmeter-919.jpg\",\"datePublished\":\"2020-12-13T18:19:36+00:00\",\"dateModified\":\"2023-11-30T19:13:24+00:00\",\"description\":\"Po\u0159\u00e1d\u00e1me v Giron\u011b tr\u00e9ninkov\u00fd kemp pro silni\u010dn\u00edch cyklist\u016f a triatlonist\u016f, kte\u0159\u00ed se cht\u011bj\u00ed nau\u010dit pracovat se za\u0159\u00edzen\u00edm Wattmetr. jaro 2022\",\"breadcrumb\":{\"@id\":\"https:\/\/gironaprosport.com\/cs\/produkt-cs\/jarni-treninkovy-kemp-v-girone-wattmetr-silnicni-kolo-a-triatlon\/#breadcrumb\"},\"inLanguage\":\"cs\",\"potentialAction\":[{\"@type\":\"ReadAction\",\"target\":[\"https:\/\/gironaprosport.com\/cs\/produkt-cs\/jarni-treninkovy-kemp-v-girone-wattmetr-silnicni-kolo-a-triatlon\/\"]}]},{\"@type\":\"ImageObject\",\"inLanguage\":\"cs\",\"@id\":\"https:\/\/gironaprosport.com\/cs\/produkt-cs\/jarni-treninkovy-kemp-v-girone-wattmetr-silnicni-kolo-a-triatlon\/#primaryimage\",\"url\":\"https:\/\/gironaprosport.com\/wp-content\/uploads\/treningovy-kemp-wattmeter-919.jpg\",\"contentUrl\":\"https:\/\/gironaprosport.com\/wp-content\/uploads\/treningovy-kemp-wattmeter-919.jpg\",\"width\":750,\"height\":750,\"caption\":\"tr\u00e9ninkov\u00fd kemp wattmetr\"},{\"@type\":\"BreadcrumbList\",\"@id\":\"https:\/\/gironaprosport.com\/cs\/produkt-cs\/jarni-treninkovy-kemp-v-girone-wattmetr-silnicni-kolo-a-triatlon\/#breadcrumb\",\"itemListElement\":[{\"@type\":\"ListItem\",\"position\":1,\"name\":\"Domovsk\u00e1 str\u00e1nka\",\"item\":\"https:\/\/gironaprosport.com\/cs\/\"},{\"@type\":\"ListItem\",\"position\":2,\"name\":\"Shop\",\"item\":\"https:\/\/gironaprosport.com\/cs\/shop-cs\/\"},{\"@type\":\"ListItem\",\"position\":3,\"name\":\"Jarn\u00ed tr\u00e9ninkov\u00fd kemp v Giron\u011b &#8211; wattmetr (silni\u010dn\u00ed kolo a triatlon)\"}]},{\"@type\":\"WebSite\",\"@id\":\"https:\/\/gironaprosport.com\/cs\/#website\",\"url\":\"https:\/\/gironaprosport.com\/cs\/\",\"name\":\"Girona ProSport\",\"description\":\"Cykloz\u00e1jazdy\",\"publisher\":{\"@id\":\"https:\/\/gironaprosport.com\/cs\/#organization\"},\"potentialAction\":[{\"@type\":\"SearchAction\",\"target\":{\"@type\":\"EntryPoint\",\"urlTemplate\":\"https:\/\/gironaprosport.com\/cs\/?s={search_term_string}\"},\"query-input\":{\"@type\":\"PropertyValueSpecification\",\"valueRequired\":true,\"valueName\":\"search_term_string\"}}],\"inLanguage\":\"cs\"},{\"@type\":\"Organization\",\"@id\":\"https:\/\/gironaprosport.com\/cs\/#organization\",\"name\":\"Girona PRO SPORT\",\"url\":\"https:\/\/gironaprosport.com\/cs\/\",\"logo\":{\"@type\":\"ImageObject\",\"inLanguage\":\"cs\",\"@id\":\"https:\/\/gironaprosport.com\/cs\/#\/schema\/logo\/image\/\",\"url\":\"https:\/\/gironaprosport.com\/wp-content\/uploads\/logo-gps_64.png\",\"contentUrl\":\"https:\/\/gironaprosport.com\/wp-content\/uploads\/logo-gps_64.png\",\"width\":320,\"height\":64,\"caption\":\"Girona PRO SPORT\"},\"image\":{\"@id\":\"https:\/\/gironaprosport.com\/cs\/#\/schema\/logo\/image\/\"},\"sameAs\":[\"http:\/\/fb.me\/gironaprosport\",\"http:\/\/instagram.com\/girona_prosport\/\",\"https:\/\/www.youtube.com\/channel\/UCv7gLuh2ONY6kESVj_3aSnA\"]}]}<\/script>\n<!-- \/ Yoast SEO plugin. -->","yoast_head_json":{"title":"Tr\u00e9ninkov\u00fdch kemp wattmetr cyklistika a triatlon - Girona ProSport","description":"Po\u0159\u00e1d\u00e1me v Giron\u011b tr\u00e9ninkov\u00fd kemp pro silni\u010dn\u00edch cyklist\u016f a triatlonist\u016f, kte\u0159\u00ed se cht\u011bj\u00ed nau\u010dit pracovat se za\u0159\u00edzen\u00edm Wattmetr. jaro 2022","robots":{"index":"index","follow":"follow","max-snippet":"max-snippet:-1","max-image-preview":"max-image-preview:large","max-video-preview":"max-video-preview:-1"},"canonical":"https:\/\/gironaprosport.com\/cs\/produkt-cs\/jarni-treninkovy-kemp-v-girone-wattmetr-silnicni-kolo-a-triatlon\/","og_locale":"cs_CZ","og_type":"article","og_title":"Jarn\u00ed tr\u00e9ninkov\u00fd kemp v Giron\u011b - wattmetr (silni\u010dn\u00ed kolo a triatlon)","og_description":"Po\u0159\u00e1d\u00e1me v Giron\u011b tr\u00e9ninkov\u00fd kemp pro silni\u010dn\u00edch cyklist\u016f a triatlonist\u016f, kte\u0159\u00ed se cht\u011bj\u00ed nau\u010dit pracovat se za\u0159\u00edzen\u00edm Wattmetr. Kemp povede profesion\u00e1ln\u00ed nizozemsk\u00fd tren\u00e9r Guido Vroemen. jaro 2022","og_url":"https:\/\/gironaprosport.com\/cs\/produkt-cs\/jarni-treninkovy-kemp-v-girone-wattmetr-silnicni-kolo-a-triatlon\/","og_site_name":"Girona ProSport","article_publisher":"http:\/\/fb.me\/gironaprosport","article_modified_time":"2023-11-30T19:13:24+00:00","og_image":[{"url":"https:\/\/gironaprosport.com\/wp-content\/uploads\/treningovy-kemp-wattmeter-919.jpg","type":"","width":"","height":""}],"twitter_card":"summary_large_image","twitter_misc":{"Odhadovan\u00e1 doba \u010dten\u00ed":"2 minuty"},"schema":{"@context":"https:\/\/schema.org","@graph":[{"@type":"WebPage","@id":"https:\/\/gironaprosport.com\/cs\/produkt-cs\/jarni-treninkovy-kemp-v-girone-wattmetr-silnicni-kolo-a-triatlon\/","url":"https:\/\/gironaprosport.com\/cs\/produkt-cs\/jarni-treninkovy-kemp-v-girone-wattmetr-silnicni-kolo-a-triatlon\/","name":"Tr\u00e9ninkov\u00fdch kemp wattmetr cyklistika a triatlon - Girona ProSport","isPartOf":{"@id":"https:\/\/gironaprosport.com\/cs\/#website"},"primaryImageOfPage":{"@id":"https:\/\/gironaprosport.com\/cs\/produkt-cs\/jarni-treninkovy-kemp-v-girone-wattmetr-silnicni-kolo-a-triatlon\/#primaryimage"},"image":{"@id":"https:\/\/gironaprosport.com\/cs\/produkt-cs\/jarni-treninkovy-kemp-v-girone-wattmetr-silnicni-kolo-a-triatlon\/#primaryimage"},"thumbnailUrl":"https:\/\/gironaprosport.com\/wp-content\/uploads\/treningovy-kemp-wattmeter-919.jpg","datePublished":"2020-12-13T18:19:36+00:00","dateModified":"2023-11-30T19:13:24+00:00","description":"Po\u0159\u00e1d\u00e1me v Giron\u011b tr\u00e9ninkov\u00fd kemp pro silni\u010dn\u00edch cyklist\u016f a triatlonist\u016f, kte\u0159\u00ed se cht\u011bj\u00ed nau\u010dit pracovat se za\u0159\u00edzen\u00edm Wattmetr. jaro 2022","breadcrumb":{"@id":"https:\/\/gironaprosport.com\/cs\/produkt-cs\/jarni-treninkovy-kemp-v-girone-wattmetr-silnicni-kolo-a-triatlon\/#breadcrumb"},"inLanguage":"cs","potentialAction":[{"@type":"ReadAction","target":["https:\/\/gironaprosport.com\/cs\/produkt-cs\/jarni-treninkovy-kemp-v-girone-wattmetr-silnicni-kolo-a-triatlon\/"]}]},{"@type":"ImageObject","inLanguage":"cs","@id":"https:\/\/gironaprosport.com\/cs\/produkt-cs\/jarni-treninkovy-kemp-v-girone-wattmetr-silnicni-kolo-a-triatlon\/#primaryimage","url":"https:\/\/gironaprosport.com\/wp-content\/uploads\/treningovy-kemp-wattmeter-919.jpg","contentUrl":"https:\/\/gironaprosport.com\/wp-content\/uploads\/treningovy-kemp-wattmeter-919.jpg","width":750,"height":750,"caption":"tr\u00e9ninkov\u00fd kemp wattmetr"},{"@type":"BreadcrumbList","@id":"https:\/\/gironaprosport.com\/cs\/produkt-cs\/jarni-treninkovy-kemp-v-girone-wattmetr-silnicni-kolo-a-triatlon\/#breadcrumb","itemListElement":[{"@type":"ListItem","position":1,"name":"Domovsk\u00e1 str\u00e1nka","item":"https:\/\/gironaprosport.com\/cs\/"},{"@type":"ListItem","position":2,"name":"Shop","item":"https:\/\/gironaprosport.com\/cs\/shop-cs\/"},{"@type":"ListItem","position":3,"name":"Jarn\u00ed tr\u00e9ninkov\u00fd kemp v Giron\u011b &#8211; wattmetr (silni\u010dn\u00ed kolo a triatlon)"}]},{"@type":"WebSite","@id":"https:\/\/gironaprosport.com\/cs\/#website","url":"https:\/\/gironaprosport.com\/cs\/","name":"Girona ProSport","description":"Cykloz\u00e1jazdy","publisher":{"@id":"https:\/\/gironaprosport.com\/cs\/#organization"},"potentialAction":[{"@type":"SearchAction","target":{"@type":"EntryPoint","urlTemplate":"https:\/\/gironaprosport.com\/cs\/?s={search_term_string}"},"query-input":{"@type":"PropertyValueSpecification","valueRequired":true,"valueName":"search_term_string"}}],"inLanguage":"cs"},{"@type":"Organization","@id":"https:\/\/gironaprosport.com\/cs\/#organization","name":"Girona PRO SPORT","url":"https:\/\/gironaprosport.com\/cs\/","logo":{"@type":"ImageObject","inLanguage":"cs","@id":"https:\/\/gironaprosport.com\/cs\/#\/schema\/logo\/image\/","url":"https:\/\/gironaprosport.com\/wp-content\/uploads\/logo-gps_64.png","contentUrl":"https:\/\/gironaprosport.com\/wp-content\/uploads\/logo-gps_64.png","width":320,"height":64,"caption":"Girona PRO SPORT"},"image":{"@id":"https:\/\/gironaprosport.com\/cs\/#\/schema\/logo\/image\/"},"sameAs":["http:\/\/fb.me\/gironaprosport","http:\/\/instagram.com\/girona_prosport\/","https:\/\/www.youtube.com\/channel\/UCv7gLuh2ONY6kESVj_3aSnA"]}]}},"meta_box":{"gps_dates_event":[{"gps_dates_event_from":"2022-02-28","gps_dates_event_to":"2022-03-07"}],"gps_distance":" ","gps_distance_note":"","gps_camber":" ","gps_difficulty":"hard","gps_lasted":["8"],"gps_lasted_note":"","gps_guide":"1","gps_coach":"1","gps_stages":"7","gps_bicycle_rental":"1","gps_date_from":"2022-02-28","gps_date_to":"2022-03-07","gps_map":[]},"_links":{"self":[{"href":"https:\/\/gironaprosport.com\/cs\/wp-json\/wp\/v2\/product\/10036","targetHints":{"allow":["GET"]}}],"collection":[{"href":"https:\/\/gironaprosport.com\/cs\/wp-json\/wp\/v2\/product"}],"about":[{"href":"https:\/\/gironaprosport.com\/cs\/wp-json\/wp\/v2\/types\/product"}],"replies":[{"embeddable":true,"href":"https:\/\/gironaprosport.com\/cs\/wp-json\/wp\/v2\/comments?post=10036"}],"wp:featuredmedia":[{"embeddable":true,"href":"https:\/\/gironaprosport.com\/cs\/wp-json\/wp\/v2\/media\/10037"}],"wp:attachment":[{"href":"https:\/\/gironaprosport.com\/cs\/wp-json\/wp\/v2\/media?parent=10036"}],"wp:term":[{"taxonomy":"product-type","embeddable":true,"href":"https:\/\/gironaprosport.com\/cs\/wp-json\/wp\/v2\/product-type?post=10036"},{"taxonomy":"brand","embeddable":true,"href":"https:\/\/gironaprosport.com\/cs\/wp-json\/wp\/v2\/etheme_brands?post=10036"},{"taxonomy":"product_brand","embeddable":true,"href":"https:\/\/gironaprosport.com\/cs\/wp-json\/wp\/v2\/product_brand?post=10036"},{"taxonomy":"product_cat","embeddable":true,"href":"https:\/\/gironaprosport.com\/cs\/wp-json\/wp\/v2\/product_cat?post=10036"},{"taxonomy":"product_tag","embeddable":true,"href":"https:\/\/gironaprosport.com\/cs\/wp-json\/wp\/v2\/product_tag?post=10036"}],"curies":[{"name":"wp","href":"https:\/\/api.w.org\/{rel}","templated":true}]}}