{"id":10010,"date":"2022-10-12T13:33:16","date_gmt":"2022-10-12T11:33:16","guid":{"rendered":"https:\/\/gironaprosport.com\/produkt\/jarny-treningovy-kemp-v-girone-vytrvalostny-cestny-bicykel-a-triatlon\/"},"modified":"2024-12-10T04:48:38","modified_gmt":"2024-12-10T03:48:38","slug":"jarni-treninkovy-kemp-v-girone-vytrvalostni-silnicni-kolo-a-triatlon","status":"publish","type":"product","link":"https:\/\/gironaprosport.com\/cs\/produkt-cs\/jarni-treninkovy-kemp-v-girone-vytrvalostni-silnicni-kolo-a-triatlon\/","title":{"rendered":"Jarn\u00ed tr\u00e9ninkov\u00fd kemp v Giron\u011b &#8211; vytrvalostn\u00ed (silni\u010dn\u00ed kolo a triatlon)"},"content":{"rendered":"<div class=\"wpb-content-wrapper\"><p>[vc_row][vc_column][vc_column_text]Koncem b\u0159ezna organizujeme<strong> jarn\u00ed tr\u00e9ninkov\u00fd kemp<\/strong> (vytrvalostn\u00ed) pro rekrea\u010dn\u00ed<strong> amat\u00e9rsk\u00e9 jezdce<\/strong> ale i <strong>pro profesion\u00e1ly<\/strong> kte\u0159\u00ed se cht\u011bj\u00ed p\u0159ipravit na sv\u00e9 c\u00edle v sez\u00f3n\u011b. D\u016fraz bude na <strong>tr\u00e9nink vytrvalosti<\/strong> &#8211; dlouh\u00e9 j\u00edzdy <strong>(endurance training<\/strong>)<\/p>\n<h4>Datum: 12.3.-19.3 2023<\/h4>\n<p><strong>C\u00edlov\u00e1 skupina<\/strong>: Amat\u00e9r\u0161t\u00ed cyklist\u00e9 a triatlonist\u00e9, v\u0161ech \u00farovn\u00ed &#8211; <strong>budeme m\u00edt 3 skupiny pro 3 r\u016fzn\u00e9 \u00farovn\u011b<\/strong>. Skupina 1 &#8211; pro profesion\u00e1ly a ty, kte\u0159\u00ed cht\u011bj\u00ed n\u00e1ro\u010dn\u00fd tr\u00e9nink. Skupina 2 &#8211; pro amat\u00e9rsk\u00e9 jezdce kte\u0159\u00ed tr\u00e9nuj\u00ed i \u200b\u200bb\u011bhem zimy alespo\u0148 jednou t\u00fddn\u011b. Skupina 3 &#8211; pro ty kte\u0159\u00ed cht\u011bj\u00ed tento t\u00fdden vyu\u017e\u00edt k tomu aby se dostali do formy.<\/p>\n<p><strong>Jarn\u00ed tr\u00e9ninkov\u00fd kemp je zam\u011b\u0159en na zlep\u0161en\u00ed vytrvalostn\u00ed kapacity (endurance)<\/strong>. Vede ho nizozemsk\u00fd b\u00fdval\u00fd profi cyklista \u00a0<strong><span style=\"color: #ffb98e\"><a style=\"color: #ffb98e\" href=\"https:\/\/www.procyclingstats.com\/rider\/paul-kneppers\/overview\/start\" target=\"_blank\" rel=\"noopener noreferrer\">Paul Kneppers<\/a><\/span>.<\/strong>. Paul je b\u00fdval\u00fdm cyklist\u016fm profesion\u00e1ln\u00edho UCI PROt\u00edmu <span style=\"color: #ffb98e\"><a style=\"color: #ffb98e\" href=\"https:\/\/teamcajarural-segurosrga.com\/\" target=\"_blank\" rel=\"noopener noreferrer\">Caja Rural<\/a><\/span>.<\/p>\n<p>Kemp je dobrou <strong>p\u0159\u00edpravou na letn\u00ed sez\u00f3nu.<\/strong> \u010c\u00edm lep\u0161\u00ed je vytrvalostn\u00ed kapacita, t\u00edm efektivn\u011bj\u0161\u00ed jsou budouc\u00ed intenzivn\u00ed tr\u00e9ninky. \u010cili v kempu se budeme soust\u0159edit na dlouh\u00e9 trat\u011b v m\u00edrn\u00e9m tempu.<\/p>\n<p><strong>M\u00edsto kon\u00e1n\u00ed<\/strong>: <a style=\"color: #ffb98e\" href=\"https:\/\/www.spain.info\/en\/destination\/girona\/\" target=\"_blank\" rel=\"noopener noreferrer\">Girona<\/a>, \u0160pan\u011blsko<\/p>\n<p><strong>Cena: \u20ac 560<\/strong> (zahrnuje ubytov\u00e1n\u00ed ve dvoul\u016f\u017ekov\u00e9m pokoji v apartm\u00e1nu v centru Girony (7 noc\u00ed), sn\u00eddan\u011b, tren\u00e9ra, tr\u00e9ninkov\u00fd program, profi cyklistick\u00e9 oble\u010den\u00ed <a href=\"https:\/\/www.tactic-sport.com\/\" target=\"_blank\" rel=\"noopener\">TACTIC<\/a>, z\u00e1kladn\u00ed bal\u00ed\u010dek sportovn\u00ed v\u00fd\u017eivy)<\/p>\n<p>Cena z\u00e1jezdu nezahrnuje pron\u00e1jem kola, cena za 7 denn\u00ed pron\u00e1jem <strong>Bianchi Spring Disc<\/strong> je 140 EUR. Samostatn\u00fd pokoj za p\u0159\u00edplatek 175 eur.<\/p>\n<p>&nbsp;<\/p>\n<h2>Program Jarn\u00ed tr\u00e9ninkov\u00fd kemp vytrvalostn\u00ed:<\/h2>\n<p>Za\u010d\u00edn\u00e1me v pond\u011bl\u00ed odpoledne cyklistick\u00fdm m\u00edrn\u00fdm tr\u00e9ninkem. V\u0161echny t\u0159i skupiny absolvuj\u00ed stejnou trasu, jen jin\u00fdm tempem. N\u00e1sleduj\u00ed 2 dny dlouh\u00fdch j\u00edzd. T\u0159et\u00ed den je oddechov\u00fd. N\u00e1sleduj\u00edc\u00ed 3 dny se v\u011bnujeme dlouh\u00fdm j\u00edzd\u00e1m kter\u00e9 zahrnuj\u00ed r\u016fzn\u00e9 cyklistick\u00e9 tr\u00e9ninky &#8211; s\u00edla, rychlost, tr\u00e9nink sjezdu, techniky j\u00edzdy). V posledn\u00ed den se z\u00fa\u010dastn\u00edme amat\u00e9rsk\u00e9ho sportovn\u00edho podniku nebo jej budeme v\u011bnovat dlouh\u00e9mu tr\u00e9ninku. Triatlonist\u00e9 dostanou extra pl\u00e1n na n\u011bkolik b\u011bh\u016f a plaveck\u00fdch tr\u00e9nink\u016f. Posledn\u00edm tr\u00e9ninkov\u00fdm dnem je ned\u011ble. Sou\u010d\u00e1st\u00ed kempu jsou i setk\u00e1n\u00ed kde prob\u00edr\u00e1me mj tipy a rady v oblasti cyklistick\u00fdch technik ve stoup\u00e1n\u00edch.<\/p>\n<p>Tr\u00e9ninky prob\u00edhaj\u00ed dopoledne (krom\u011b prvn\u00edho dne), po tr\u00e9ninku n\u00e1vrat do <a style=\"color: #ffb98e\" href=\"https:\/\/gironaprosport.com\/cs\/proc-girona\/\" target=\"_blank\" rel=\"noopener noreferrer\">Girony<\/a> (14: 00-15: 00) s mo\u017enost\u00ed skupinov\u00e9ho ob\u011bda s tren\u00e9rem. Odpoledne u cyklist\u016f voln\u00fd program kter\u00fd m\u016f\u017eete vyu\u017e\u00edt na turistiku v okol\u00ed (n\u00e1v\u0161t\u011bva vinn\u00fdch sklep\u016f, v\u00fdlet na pob\u0159e\u017e\u00ed Costa Vep\u0159i, prohl\u00eddka historick\u00e9 Girony, vstup do m\u00edstn\u00edch rom\u00e1nsk\u00fdch l\u00e1zn\u00ed) nebo k posezen\u00ed v lok\u00e1ln\u00edch kav\u00e1rn\u00e1ch kter\u00e9 vedou b\u00fdval\u00ed profesion\u00e1ln\u00ed cyklist\u00e9. U triatlonista budou odpoledne prob\u00edhat plaveck\u00e9 tr\u00e9ninky.<\/p>\n<p>Pokud p\u0159ijdete is rodinou r\u00e1di pom\u016f\u017eeme s organizac\u00ed <a href=\"https:\/\/gironaprosport.com\/cs\/sluzby-cs\/\">dopl\u0148kov\u00e9ho programu<\/a><\/p>\n<p>Viz tak\u00e9 ostatn\u00ed \u00a0<a style=\"color: #ffb98e\" href=\"https:\/\/gironaprosport.com\/kategoria-produktu\/event\/treningovy-kemp\/\" target=\"_blank\" rel=\"noopener noreferrer\">tr\u00e9ninkov\u00e9 kempy<\/a> kter\u00e9 organizujeme a rozhodn\u011bte se kter\u00fd V\u00e1m nejv\u00edce vyhovuje.<\/p>\n<p>Pokud pot\u0159ebujete p\u0159ij\u00edt &#8211; odej\u00edt d\u0159\u00edve, pomoc s transferem nebo rezervac\u00ed letenky nebo jinou asistenci, obra\u0165te se na n\u00e1s r\u00e1di pom\u016f\u017eeme.<\/p>\n<p>Uvid\u00edme se v Giron\u011b?<\/p>\n<p>[\/vc_column_text][vc_video link=&#8220;https:\/\/youtu.be\/r4X2_bRHYFI&#8220; el_width=&#8220;50&#8243; align=&#8220;center&#8220;][\/vc_column][\/vc_row]<\/p>\n<\/div>","protected":false},"excerpt":{"rendered":"<p>Jarn\u00ed vytrvalostn\u00ed tr\u00e9ninkov\u00fd kemp pro rekrea\u010dn\u00ed amat\u00e9rsk\u00e9 jezdce ale i pro profesion\u00e1ly kte\u0159\u00ed se cht\u011bj\u00ed p\u0159ipravit na sv\u00e9 c\u00edle v sez\u00f3n\u011b. T\u0159i skupiny, t\u0159i v\u00fdkonnostn\u00ed \u00farovn\u011b.\u00a0 Data pro 2023:\u00a0 b\u0159ezen<\/p>\n","protected":false},"featured_media":10011,"comment_status":"open","ping_status":"closed","template":"","meta":{"_monsterinsights_skip_tracking":false,"_monsterinsights_sitenote_active":false,"_monsterinsights_sitenote_note":"","_monsterinsights_sitenote_category":0},"product-type":[108],"etheme_brands":[],"product_brand":[],"product_cat":[682,349,357,355],"product_tag":[686,668,582,650,670,660,662,658],"class_list":{"0":"post-10010","1":"product","2":"type-product","3":"status-publish","4":"has-post-thumbnail","6":"product-type-event","7":"product_cat-cyklokemp-trenuj-s-trenerem","8":"product_cat-silnicni-cyklistika","9":"product_cat-treninkovy-kemp","10":"product_cat-triatlon-cs","11":"product_tag-8-dni-cs","12":"product_tag-lehke","13":"product_tag-silnicni-cyklistika","14":"product_tag-stredne-narocne-cs","15":"product_tag-tezke","16":"product_tag-trener-cs","17":"product_tag-treninkovy-kemp","18":"product_tag-triatlon-cs","20":"first","21":"instock","22":"shipping-taxable","23":"purchasable"},"supplier_id":null,"supplier_sku":"","barcode":null,"atum_controlled":true,"out_stock_date":null,"out_stock_threshold":null,"inheritable":false,"inbound_stock":null,"stock_on_hold":0,"sold_today":0,"sales_last_days":0,"reserved_stock":null,"customer_returns":null,"warehouse_damage":null,"lost_in_post":null,"other_logs":null,"out_stock_days":0,"lost_sales":0,"has_location":false,"update_date":"2026-05-01T01:02:52","atum_locations":[],"atum_stock_status":"instock","restock_status":false,"low_stock_amount":"","sales_update_date":"2026-05-01T01:02:52","calc_backorders":null,"yoast_head":"<!-- This site is optimized with the Yoast SEO plugin v26.6 - https:\/\/yoast.com\/wordpress\/plugins\/seo\/ -->\n<title>Jarn\u00ed tr\u00e9ninkov\u00fd kemp cyklistika-triatlon - Girona ProSport<\/title>\n<meta name=\"description\" content=\"Jarn\u00ed tr\u00e9ninkov\u00fd kemp vytrvalostn\u00ed pro cyklisty a triatlonisty. Jaro 2023. T\u0159i v\u00fdkonnostn\u00ed \u00farovn\u011b. 8 dn\u00ed\" \/>\n<meta name=\"robots\" content=\"index, follow, max-snippet:-1, max-image-preview:large, max-video-preview:-1\" \/>\n<link rel=\"canonical\" href=\"https:\/\/gironaprosport.com\/cs\/produkt-cs\/jarni-treninkovy-kemp-v-girone-vytrvalostni-silnicni-kolo-a-triatlon\/\" \/>\n<meta property=\"og:locale\" content=\"cs_CZ\" \/>\n<meta property=\"og:type\" content=\"article\" \/>\n<meta property=\"og:title\" content=\"Jarn\u00ed tr\u00e9ninkov\u00fd kemp v Giron\u011b - vytrvalostn\u00ed (silni\u010dn\u00ed kolo a triatlon)\" \/>\n<meta property=\"og:description\" content=\"Jarn\u00ed vytrvalostn\u00ed tr\u00e9ninkov\u00fd kemp pro rekrea\u010dn\u00ed amat\u00e9rsk\u00e9 jezdce ale i pro profesion\u00e1ly kte\u0159\u00ed se cht\u011bj\u00ed p\u0159ipravit na sv\u00e9 c\u00edle v sez\u00f3n\u011b. T\u0159i skupiny, t\u0159i v\u00fdkonnostn\u00ed \u00farovn\u011b. Data pro 2021: 28. marca- 4. dubna\" \/>\n<meta property=\"og:url\" content=\"https:\/\/gironaprosport.com\/cs\/produkt-cs\/jarni-treninkovy-kemp-v-girone-vytrvalostni-silnicni-kolo-a-triatlon\/\" \/>\n<meta property=\"og:site_name\" content=\"Girona ProSport\" \/>\n<meta property=\"article:publisher\" content=\"http:\/\/fb.me\/gironaprosport\" \/>\n<meta property=\"article:modified_time\" content=\"2024-12-10T03:48:38+00:00\" \/>\n<meta property=\"og:image\" content=\"https:\/\/gironaprosport.com\/wp-content\/uploads\/hlavna-4-1.jpg\" \/>\n<meta name=\"twitter:card\" content=\"summary_large_image\" \/>\n<meta name=\"twitter:label1\" content=\"Odhadovan\u00e1 doba \u010dten\u00ed\" \/>\n\t<meta name=\"twitter:data1\" content=\"3 minuty\" \/>\n<script type=\"application\/ld+json\" class=\"yoast-schema-graph\">{\"@context\":\"https:\/\/schema.org\",\"@graph\":[{\"@type\":\"WebPage\",\"@id\":\"https:\/\/gironaprosport.com\/cs\/produkt-cs\/jarni-treninkovy-kemp-v-girone-vytrvalostni-silnicni-kolo-a-triatlon\/\",\"url\":\"https:\/\/gironaprosport.com\/cs\/produkt-cs\/jarni-treninkovy-kemp-v-girone-vytrvalostni-silnicni-kolo-a-triatlon\/\",\"name\":\"Jarn\u00ed tr\u00e9ninkov\u00fd kemp cyklistika-triatlon - Girona ProSport\",\"isPartOf\":{\"@id\":\"https:\/\/gironaprosport.com\/cs\/#website\"},\"primaryImageOfPage\":{\"@id\":\"https:\/\/gironaprosport.com\/cs\/produkt-cs\/jarni-treninkovy-kemp-v-girone-vytrvalostni-silnicni-kolo-a-triatlon\/#primaryimage\"},\"image\":{\"@id\":\"https:\/\/gironaprosport.com\/cs\/produkt-cs\/jarni-treninkovy-kemp-v-girone-vytrvalostni-silnicni-kolo-a-triatlon\/#primaryimage\"},\"thumbnailUrl\":\"https:\/\/gironaprosport.com\/wp-content\/uploads\/hlavna-4-1.jpg\",\"datePublished\":\"2022-10-12T11:33:16+00:00\",\"dateModified\":\"2024-12-10T03:48:38+00:00\",\"description\":\"Jarn\u00ed tr\u00e9ninkov\u00fd kemp vytrvalostn\u00ed pro cyklisty a triatlonisty. Jaro 2023. T\u0159i v\u00fdkonnostn\u00ed \u00farovn\u011b. 8 dn\u00ed\",\"breadcrumb\":{\"@id\":\"https:\/\/gironaprosport.com\/cs\/produkt-cs\/jarni-treninkovy-kemp-v-girone-vytrvalostni-silnicni-kolo-a-triatlon\/#breadcrumb\"},\"inLanguage\":\"cs\",\"potentialAction\":[{\"@type\":\"ReadAction\",\"target\":[\"https:\/\/gironaprosport.com\/cs\/produkt-cs\/jarni-treninkovy-kemp-v-girone-vytrvalostni-silnicni-kolo-a-triatlon\/\"]}]},{\"@type\":\"ImageObject\",\"inLanguage\":\"cs\",\"@id\":\"https:\/\/gironaprosport.com\/cs\/produkt-cs\/jarni-treninkovy-kemp-v-girone-vytrvalostni-silnicni-kolo-a-triatlon\/#primaryimage\",\"url\":\"https:\/\/gironaprosport.com\/wp-content\/uploads\/hlavna-4-1.jpg\",\"contentUrl\":\"https:\/\/gironaprosport.com\/wp-content\/uploads\/hlavna-4-1.jpg\",\"width\":1200,\"height\":1200,\"caption\":\"jarni treninkovy kemp\"},{\"@type\":\"BreadcrumbList\",\"@id\":\"https:\/\/gironaprosport.com\/cs\/produkt-cs\/jarni-treninkovy-kemp-v-girone-vytrvalostni-silnicni-kolo-a-triatlon\/#breadcrumb\",\"itemListElement\":[{\"@type\":\"ListItem\",\"position\":1,\"name\":\"Domovsk\u00e1 str\u00e1nka\",\"item\":\"https:\/\/gironaprosport.com\/cs\/\"},{\"@type\":\"ListItem\",\"position\":2,\"name\":\"Shop\",\"item\":\"https:\/\/gironaprosport.com\/cs\/shop-cs\/\"},{\"@type\":\"ListItem\",\"position\":3,\"name\":\"Jarn\u00ed tr\u00e9ninkov\u00fd kemp v Giron\u011b &#8211; vytrvalostn\u00ed (silni\u010dn\u00ed kolo a triatlon)\"}]},{\"@type\":\"WebSite\",\"@id\":\"https:\/\/gironaprosport.com\/cs\/#website\",\"url\":\"https:\/\/gironaprosport.com\/cs\/\",\"name\":\"Girona ProSport\",\"description\":\"Cykloz\u00e1jazdy\",\"publisher\":{\"@id\":\"https:\/\/gironaprosport.com\/cs\/#organization\"},\"potentialAction\":[{\"@type\":\"SearchAction\",\"target\":{\"@type\":\"EntryPoint\",\"urlTemplate\":\"https:\/\/gironaprosport.com\/cs\/?s={search_term_string}\"},\"query-input\":{\"@type\":\"PropertyValueSpecification\",\"valueRequired\":true,\"valueName\":\"search_term_string\"}}],\"inLanguage\":\"cs\"},{\"@type\":\"Organization\",\"@id\":\"https:\/\/gironaprosport.com\/cs\/#organization\",\"name\":\"Girona PRO SPORT\",\"url\":\"https:\/\/gironaprosport.com\/cs\/\",\"logo\":{\"@type\":\"ImageObject\",\"inLanguage\":\"cs\",\"@id\":\"https:\/\/gironaprosport.com\/cs\/#\/schema\/logo\/image\/\",\"url\":\"https:\/\/gironaprosport.com\/wp-content\/uploads\/logo-gps_64.png\",\"contentUrl\":\"https:\/\/gironaprosport.com\/wp-content\/uploads\/logo-gps_64.png\",\"width\":320,\"height\":64,\"caption\":\"Girona PRO SPORT\"},\"image\":{\"@id\":\"https:\/\/gironaprosport.com\/cs\/#\/schema\/logo\/image\/\"},\"sameAs\":[\"http:\/\/fb.me\/gironaprosport\",\"http:\/\/instagram.com\/girona_prosport\/\",\"https:\/\/www.youtube.com\/channel\/UCv7gLuh2ONY6kESVj_3aSnA\"]}]}<\/script>\n<!-- \/ Yoast SEO plugin. -->","yoast_head_json":{"title":"Jarn\u00ed tr\u00e9ninkov\u00fd kemp cyklistika-triatlon - Girona ProSport","description":"Jarn\u00ed tr\u00e9ninkov\u00fd kemp vytrvalostn\u00ed pro cyklisty a triatlonisty. Jaro 2023. T\u0159i v\u00fdkonnostn\u00ed \u00farovn\u011b. 8 dn\u00ed","robots":{"index":"index","follow":"follow","max-snippet":"max-snippet:-1","max-image-preview":"max-image-preview:large","max-video-preview":"max-video-preview:-1"},"canonical":"https:\/\/gironaprosport.com\/cs\/produkt-cs\/jarni-treninkovy-kemp-v-girone-vytrvalostni-silnicni-kolo-a-triatlon\/","og_locale":"cs_CZ","og_type":"article","og_title":"Jarn\u00ed tr\u00e9ninkov\u00fd kemp v Giron\u011b - vytrvalostn\u00ed (silni\u010dn\u00ed kolo a triatlon)","og_description":"Jarn\u00ed vytrvalostn\u00ed tr\u00e9ninkov\u00fd kemp pro rekrea\u010dn\u00ed amat\u00e9rsk\u00e9 jezdce ale i pro profesion\u00e1ly kte\u0159\u00ed se cht\u011bj\u00ed p\u0159ipravit na sv\u00e9 c\u00edle v sez\u00f3n\u011b. T\u0159i skupiny, t\u0159i v\u00fdkonnostn\u00ed \u00farovn\u011b. Data pro 2021: 28. marca- 4. dubna","og_url":"https:\/\/gironaprosport.com\/cs\/produkt-cs\/jarni-treninkovy-kemp-v-girone-vytrvalostni-silnicni-kolo-a-triatlon\/","og_site_name":"Girona ProSport","article_publisher":"http:\/\/fb.me\/gironaprosport","article_modified_time":"2024-12-10T03:48:38+00:00","og_image":[{"url":"https:\/\/gironaprosport.com\/wp-content\/uploads\/hlavna-4-1.jpg","type":"","width":"","height":""}],"twitter_card":"summary_large_image","twitter_misc":{"Odhadovan\u00e1 doba \u010dten\u00ed":"3 minuty"},"schema":{"@context":"https:\/\/schema.org","@graph":[{"@type":"WebPage","@id":"https:\/\/gironaprosport.com\/cs\/produkt-cs\/jarni-treninkovy-kemp-v-girone-vytrvalostni-silnicni-kolo-a-triatlon\/","url":"https:\/\/gironaprosport.com\/cs\/produkt-cs\/jarni-treninkovy-kemp-v-girone-vytrvalostni-silnicni-kolo-a-triatlon\/","name":"Jarn\u00ed tr\u00e9ninkov\u00fd kemp cyklistika-triatlon - Girona ProSport","isPartOf":{"@id":"https:\/\/gironaprosport.com\/cs\/#website"},"primaryImageOfPage":{"@id":"https:\/\/gironaprosport.com\/cs\/produkt-cs\/jarni-treninkovy-kemp-v-girone-vytrvalostni-silnicni-kolo-a-triatlon\/#primaryimage"},"image":{"@id":"https:\/\/gironaprosport.com\/cs\/produkt-cs\/jarni-treninkovy-kemp-v-girone-vytrvalostni-silnicni-kolo-a-triatlon\/#primaryimage"},"thumbnailUrl":"https:\/\/gironaprosport.com\/wp-content\/uploads\/hlavna-4-1.jpg","datePublished":"2022-10-12T11:33:16+00:00","dateModified":"2024-12-10T03:48:38+00:00","description":"Jarn\u00ed tr\u00e9ninkov\u00fd kemp vytrvalostn\u00ed pro cyklisty a triatlonisty. Jaro 2023. T\u0159i v\u00fdkonnostn\u00ed \u00farovn\u011b. 8 dn\u00ed","breadcrumb":{"@id":"https:\/\/gironaprosport.com\/cs\/produkt-cs\/jarni-treninkovy-kemp-v-girone-vytrvalostni-silnicni-kolo-a-triatlon\/#breadcrumb"},"inLanguage":"cs","potentialAction":[{"@type":"ReadAction","target":["https:\/\/gironaprosport.com\/cs\/produkt-cs\/jarni-treninkovy-kemp-v-girone-vytrvalostni-silnicni-kolo-a-triatlon\/"]}]},{"@type":"ImageObject","inLanguage":"cs","@id":"https:\/\/gironaprosport.com\/cs\/produkt-cs\/jarni-treninkovy-kemp-v-girone-vytrvalostni-silnicni-kolo-a-triatlon\/#primaryimage","url":"https:\/\/gironaprosport.com\/wp-content\/uploads\/hlavna-4-1.jpg","contentUrl":"https:\/\/gironaprosport.com\/wp-content\/uploads\/hlavna-4-1.jpg","width":1200,"height":1200,"caption":"jarni treninkovy kemp"},{"@type":"BreadcrumbList","@id":"https:\/\/gironaprosport.com\/cs\/produkt-cs\/jarni-treninkovy-kemp-v-girone-vytrvalostni-silnicni-kolo-a-triatlon\/#breadcrumb","itemListElement":[{"@type":"ListItem","position":1,"name":"Domovsk\u00e1 str\u00e1nka","item":"https:\/\/gironaprosport.com\/cs\/"},{"@type":"ListItem","position":2,"name":"Shop","item":"https:\/\/gironaprosport.com\/cs\/shop-cs\/"},{"@type":"ListItem","position":3,"name":"Jarn\u00ed tr\u00e9ninkov\u00fd kemp v Giron\u011b &#8211; vytrvalostn\u00ed (silni\u010dn\u00ed kolo a triatlon)"}]},{"@type":"WebSite","@id":"https:\/\/gironaprosport.com\/cs\/#website","url":"https:\/\/gironaprosport.com\/cs\/","name":"Girona ProSport","description":"Cykloz\u00e1jazdy","publisher":{"@id":"https:\/\/gironaprosport.com\/cs\/#organization"},"potentialAction":[{"@type":"SearchAction","target":{"@type":"EntryPoint","urlTemplate":"https:\/\/gironaprosport.com\/cs\/?s={search_term_string}"},"query-input":{"@type":"PropertyValueSpecification","valueRequired":true,"valueName":"search_term_string"}}],"inLanguage":"cs"},{"@type":"Organization","@id":"https:\/\/gironaprosport.com\/cs\/#organization","name":"Girona PRO SPORT","url":"https:\/\/gironaprosport.com\/cs\/","logo":{"@type":"ImageObject","inLanguage":"cs","@id":"https:\/\/gironaprosport.com\/cs\/#\/schema\/logo\/image\/","url":"https:\/\/gironaprosport.com\/wp-content\/uploads\/logo-gps_64.png","contentUrl":"https:\/\/gironaprosport.com\/wp-content\/uploads\/logo-gps_64.png","width":320,"height":64,"caption":"Girona PRO SPORT"},"image":{"@id":"https:\/\/gironaprosport.com\/cs\/#\/schema\/logo\/image\/"},"sameAs":["http:\/\/fb.me\/gironaprosport","http:\/\/instagram.com\/girona_prosport\/","https:\/\/www.youtube.com\/channel\/UCv7gLuh2ONY6kESVj_3aSnA"]}]}},"meta_box":{"gps_dates_event":[{"gps_dates_event_from":"2022-03-28","gps_dates_event_to":"2022-04-04"}],"gps_distance":" ","gps_distance_note":"","gps_camber":" ","gps_difficulty":"none","gps_lasted":["8"],"gps_lasted_note":"","gps_guide":"0","gps_coach":"1","gps_stages":"7","gps_bicycle_rental":"0","gps_date_from":"2022-03-28","gps_date_to":"2022-04-04","gps_map":[]},"_links":{"self":[{"href":"https:\/\/gironaprosport.com\/cs\/wp-json\/wp\/v2\/product\/10010","targetHints":{"allow":["GET"]}}],"collection":[{"href":"https:\/\/gironaprosport.com\/cs\/wp-json\/wp\/v2\/product"}],"about":[{"href":"https:\/\/gironaprosport.com\/cs\/wp-json\/wp\/v2\/types\/product"}],"replies":[{"embeddable":true,"href":"https:\/\/gironaprosport.com\/cs\/wp-json\/wp\/v2\/comments?post=10010"}],"wp:featuredmedia":[{"embeddable":true,"href":"https:\/\/gironaprosport.com\/cs\/wp-json\/wp\/v2\/media\/10011"}],"wp:attachment":[{"href":"https:\/\/gironaprosport.com\/cs\/wp-json\/wp\/v2\/media?parent=10010"}],"wp:term":[{"taxonomy":"product-type","embeddable":true,"href":"https:\/\/gironaprosport.com\/cs\/wp-json\/wp\/v2\/product-type?post=10010"},{"taxonomy":"brand","embeddable":true,"href":"https:\/\/gironaprosport.com\/cs\/wp-json\/wp\/v2\/etheme_brands?post=10010"},{"taxonomy":"product_brand","embeddable":true,"href":"https:\/\/gironaprosport.com\/cs\/wp-json\/wp\/v2\/product_brand?post=10010"},{"taxonomy":"product_cat","embeddable":true,"href":"https:\/\/gironaprosport.com\/cs\/wp-json\/wp\/v2\/product_cat?post=10010"},{"taxonomy":"product_tag","embeddable":true,"href":"https:\/\/gironaprosport.com\/cs\/wp-json\/wp\/v2\/product_tag?post=10010"}],"curies":[{"name":"wp","href":"https:\/\/api.w.org\/{rel}","templated":true}]}}