{"id":7440,"date":"2020-02-19T09:56:08","date_gmt":"2020-02-19T08:56:08","guid":{"rendered":"https:\/\/gironaprosport.com\/aktivna-dovolenka\/"},"modified":"2021-08-10T11:02:28","modified_gmt":"2021-08-10T09:02:28","slug":"aktivni-dovolena","status":"publish","type":"page","link":"https:\/\/gironaprosport.com\/cs\/aktivni-dovolena\/","title":{"rendered":"Aktivn\u00ed dovolen\u00e1"},"content":{"rendered":"<div class=\"wpb-content-wrapper\"><p>[vc_row][vc_column][vc_column_text]<\/p>\n<h1>Aktivn\u00ed dovolen\u00e1<\/h1>\n<p>Dovolen\u00e1 na kole, horsk\u00fd b\u011bh + pozn\u00e1vac\u00ed z\u00e1jezd do Barcelony, do Girony, Pyreneje, Costa Brava, p\u011b\u0161\u00ed turistika, horsk\u00e1 turistika, gastronomie, n\u00e1v\u0161t\u011bva vinn\u00fdch sklep\u016f s ochutn\u00e1vkou v\u00edn, architektura, historie. Katal\u00e1nsko toho nab\u00edz\u00ed opravdu hodn\u011b, na\u0161e cykloz\u00e1jezdy a pozn\u00e1vac\u00ed z\u00e1jezdy V\u00e1m umo\u017en\u00ed skloubit V\u00e1\u0161 obl\u00edben\u00fd sport a pozn\u00e1v\u00e1n\u00ed nejkr\u00e1sn\u011bj\u0161\u00edch z\u00e1kout\u00ed \u0160pan\u011blska.[\/vc_column_text][\/vc_column][\/vc_row][vc_row][vc_column width=&#8220;1\/4&#8243;][vc_column_text]<div class=\"facetwp-facet facetwp-facet-gps_distance facetwp-type-slider\" data-name=\"gps_distance\" data-type=\"slider\"><\/div>[\/vc_column_text][\/vc_column][vc_column width=&#8220;1\/4&#8243;][vc_column_text]<div class=\"facetwp-facet facetwp-facet-gps_difficulty facetwp-type-checkboxes\" data-name=\"gps_difficulty\" data-type=\"checkboxes\"><\/div>[\/vc_column_text][\/vc_column][vc_column width=&#8220;1\/4&#8243;][\/vc_column][vc_column width=&#8220;1\/4&#8243;][\/vc_column][\/vc_row][vc_row et_uniqid=&#8220;et_custom_uniqid_5e500ed31ecf8&#8243; el_class=&#8220;gps-products&#8220;][vc_column]        <link rel=\"stylesheet\" href=\"https:\/\/gironaprosport.com\/wp-content\/themes\/xstore\/css\/modules\/woocommerce\/global.min.css\" type=\"text\/css\" media=\"all\" \/> \t\t        <link rel=\"stylesheet\" href=\"https:\/\/gironaprosport.com\/wp-content\/themes\/xstore\/css\/modules\/woocommerce\/archive.min.css\" type=\"text\/css\" media=\"all\" \/> \t\t        <link rel=\"stylesheet\" href=\"https:\/\/gironaprosport.com\/wp-content\/themes\/xstore\/css\/modules\/woocommerce\/product-hovers\/product-view-default.min.css\" type=\"text\/css\" media=\"all\" \/> \t\t<div class=\"etheme_products etheme_products-r76 \" data-orderby=\"date\" data-order=\"ASC\" data-taxonomies=\"89\" data-columns=\"3\" data-per-page=\"6\">\t\t\t\t        <link rel=\"stylesheet\" href=\"https:\/\/gironaprosport.com\/wp-content\/themes\/xstore\/css\/modules\/woocommerce\/archive.min.css\" type=\"text\/css\" media=\"all\" \/> \t\t        <link rel=\"stylesheet\" href=\"https:\/\/gironaprosport.com\/wp-content\/themes\/xstore\/css\/modules\/woocommerce\/product-hovers\/product-view-default.min.css\" type=\"text\/css\" media=\"all\" \/> \t\t<div class=\"row products products-loop products-grid row-count-3\" data-row-count=\"3\">\n\n\t\t\t\t\r\n\t\t\t\t\t\t\t\t\t\r\n\t\t\t\t\t \t<div class=\"first grid-sizer col-md-4 col-sm-6 col-xs-6 product-hover-swap product-view-default view-color-white et_cart-on hide-hover-on-mobile product type-product post-10193 status-publish instock product_cat-silnicni-cyklistika-cs product_tag-6-dni-cs product_tag-costa-brava-cs product_tag-dali-cs product_tag-pyreneje-cs product_tag-silnicni-cyklistika has-post-thumbnail shipping-taxable purchasable product-type-tour\">\n        \t\t<div class=\"content-product \">\n\t\t\t\n\t\t\t\n\t\t\t\t<div class=\"product-image-wrapper hover-effect-swap\"\n                    >\n\n\t\t\t\t\t\t\t\t\t\t        <a href=\"https:\/\/gironaprosport.com\/oblubene\/?add_to_wishlist=5013\" rel=\"nofollow noopener\" class='xstore-wishlist  xstore-wishlist-icon xstore-wishlist-has-animation' data-action='add' data-id='5013' data-settings='{\"iconAdd\":\"et-heart\",\"iconRemove\":\"et-heart-o\",\"addText\":\"Add to Wishlist\",\"removeText\":\"Remove from Wishlist\"}'>\n                                <span class=\"et-icon et-heart\"><\/span>\n                        <\/a>\n                                <a class=\"product-content-image woocommerce-LoopProduct-link woocommerce-loop-product__link\" href=\"https:\/\/gironaprosport.com\/cs\/produkt-cs\/girona-costa-brava-a-pyreneje-delux\/\"\n                           data-images=\"\"\n                        >\n                            <div class=\"image-swap\"><img loading=\"lazy\" decoding=\"async\" width=\"360\" height=\"360\" src=\"https:\/\/gironaprosport.com\/wp-content\/uploads\/xstore\/xstore-placeholder-360x360.png\" data-src=\"https:\/\/gironaprosport.com\/wp-content\/uploads\/Girona-Signature-Bike-Vacation-Tour-Holiday-Eat-Sleep-Cycle-360x360.jpg\" class=\" lazyload lazyload-simple et-lazyload-fadeIn\" alt=\"cyklistika girona\" src=\"https:\/\/gironaprosport.com\/wp-content\/uploads\/xstore\/xstore-placeholder-360x360.png\" data-srcset=\"https:\/\/gironaprosport.com\/wp-content\/uploads\/Girona-Signature-Bike-Vacation-Tour-Holiday-Eat-Sleep-Cycle-360x360.jpg 360w, https:\/\/gironaprosport.com\/wp-content\/uploads\/Girona-Signature-Bike-Vacation-Tour-Holiday-Eat-Sleep-Cycle-100x100.jpg 100w, https:\/\/gironaprosport.com\/wp-content\/uploads\/Girona-Signature-Bike-Vacation-Tour-Holiday-Eat-Sleep-Cycle-150x150.jpg 150w, https:\/\/gironaprosport.com\/wp-content\/uploads\/Girona-Signature-Bike-Vacation-Tour-Holiday-Eat-Sleep-Cycle-1x1.jpg 1w\" data-sizes=\"(max-width: 360px) 100vw, 360px\" \/><\/div><img loading=\"lazy\" decoding=\"async\" width=\"360\" height=\"360\" src=\"https:\/\/gironaprosport.com\/wp-content\/uploads\/Chapter3_GironaKit_EatSleepCycleLaunch1-360x360.jpg\" class=\"attachment-woocommerce_thumbnail size-woocommerce_thumbnail\" alt=\"girona\" srcset=\"https:\/\/gironaprosport.com\/wp-content\/uploads\/Chapter3_GironaKit_EatSleepCycleLaunch1-360x360.jpg 360w, https:\/\/gironaprosport.com\/wp-content\/uploads\/Chapter3_GironaKit_EatSleepCycleLaunch1-100x100.jpg 100w, https:\/\/gironaprosport.com\/wp-content\/uploads\/Chapter3_GironaKit_EatSleepCycleLaunch1-600x600.jpg 600w, https:\/\/gironaprosport.com\/wp-content\/uploads\/Chapter3_GironaKit_EatSleepCycleLaunch1-300x300.jpg 300w, https:\/\/gironaprosport.com\/wp-content\/uploads\/Chapter3_GironaKit_EatSleepCycleLaunch1-1024x1024.jpg 1024w, https:\/\/gironaprosport.com\/wp-content\/uploads\/Chapter3_GironaKit_EatSleepCycleLaunch1-150x150.jpg 150w, https:\/\/gironaprosport.com\/wp-content\/uploads\/Chapter3_GironaKit_EatSleepCycleLaunch1-768x768.jpg 768w, https:\/\/gironaprosport.com\/wp-content\/uploads\/Chapter3_GironaKit_EatSleepCycleLaunch1-1x1.jpg 1w, https:\/\/gironaprosport.com\/wp-content\/uploads\/Chapter3_GironaKit_EatSleepCycleLaunch1-10x10.jpg 10w, https:\/\/gironaprosport.com\/wp-content\/uploads\/Chapter3_GironaKit_EatSleepCycleLaunch1.jpg 1199w\" sizes=\"auto, (max-width: 360px) 100vw, 360px\" \/>                        <\/a>\n\t\t\t\t\t\t\t\t\t\t\t<footer class=\"footer-product\">\n                            \t\t\t\t\t\t\t\t\t<span class=\"show-quickly\" data-prodid=\"10193\">Rychl\u00fd n\u00e1hled<\/span>\n\t\t\t\t\t\t\t\t                            \t\t\t\t\t\t<\/footer>\n\t\t\t\t\t\t\t\t\t<\/div>\n\n\t\t\t\t\n\t\t\t\t\t<div class=\"text-center product-details\"><div class=\"products-page-cats\"><a href=\"https:\/\/gironaprosport.com\/cs\/kategorie-produktu\/tour-cs\/aktivni-dovolena\/silnicni-cyklistika-cs\/\" rel=\"tag\">Silni\u010dn\u00ed cyklistika<\/a><\/div>\t\t\t\t\t\t\t<h2 class=\"product-title\">\n\t\t\t\t\t\t\t\t<a href=\"https:\/\/gironaprosport.com\/cs\/produkt-cs\/girona-costa-brava-a-pyreneje-delux\/\">Girona, Costa Brava a Pyreneje DELUX<\/a>\n                            <\/h2>\n\t\t\t\t\t\t\n\n\t\t\t\t\t\t<\/a><p class=\"product-excerpt\">Prebicyklujte si prav\u00e9 Katal\u00e1nsko, vyzkou\u0161ejte lok\u00e1ln\u00ed speciality a nav\u0161tivte historick\u00e1...<\/p><div class=\"gps-grid-data-tour\"><p class=\"gps-grid-data-first\"><span class=\"id-label\">Vzd\u00e1lenost:<\/span> <span class=\"id-data\">430 km <\/span><\/p><p class=\"gps-grid-data\"><span class=\"id-label\">Obt\u00ed\u017enost:<\/span> <span class=\"id-data\">\u0164a\u017ek\u00e1 \/ n\u00e1ro\u010dn\u00e9<\/span><\/p><\/div>\t<span id=\"woocommerce_loop_add_to_cart_link_describedby_10193\" class=\"screen-reader-text\">\n\t\t\t<\/span>\n\n                        \n                                        <\/div>\n\t\t\t\t\t\t\t\t\t         \t\t<\/div><!-- .content-product -->\n\t<\/div>\n\n\t\t\t\t\r\n\t\t\t\t\t\t\t\t\t\r\n\t\t\t\t\t \t<div class=\"last col-md-4 col-sm-6 col-xs-6 product-hover-swap product-view-default view-color-white et_cart-on hide-hover-on-mobile product type-product post-10185 status-publish first instock product_cat-cykloturistika-cs product_cat-silnicni-cyklistika-cs product_tag-3-dny product_tag-cykloturistika-cs product_tag-cyklozajezdy product_tag-narocne-cs product_tag-pyreneje-cs product_tag-silnicni-cyklistika has-post-thumbnail shipping-taxable purchasable product-type-tour\">\n        \t\t<div class=\"content-product \">\n\t\t\t\n\t\t\t\n\t\t\t\t<div class=\"product-image-wrapper hover-effect-swap\"\n                    >\n\n\t\t\t\t\t\t\t\t\t\t        <a href=\"https:\/\/gironaprosport.com\/oblubene\/?add_to_wishlist=5017\" rel=\"nofollow noopener\" class='xstore-wishlist  xstore-wishlist-icon xstore-wishlist-has-animation' data-action='add' data-id='5017' data-settings='{\"iconAdd\":\"et-heart\",\"iconRemove\":\"et-heart-o\",\"addText\":\"Add to Wishlist\",\"removeText\":\"Remove from Wishlist\"}'>\n                                <span class=\"et-icon et-heart\"><\/span>\n                        <\/a>\n                                <a class=\"product-content-image woocommerce-LoopProduct-link woocommerce-loop-product__link\" href=\"https:\/\/gironaprosport.com\/cs\/produkt-cs\/expres-katalanske-pyreneje\/\"\n                           data-images=\"\"\n                        >\n                            <div class=\"image-swap\"><img loading=\"lazy\" decoding=\"async\" width=\"360\" height=\"360\" src=\"https:\/\/gironaprosport.com\/wp-content\/uploads\/xstore\/xstore-placeholder-360x360.png\" data-src=\"https:\/\/gironaprosport.com\/wp-content\/uploads\/Cycling-Holiday-Girona-Eat-Sleep-Cycle-Pyrenees-Mini-Break-360x360.jpg\" class=\" lazyload lazyload-simple et-lazyload-fadeIn\" alt=\"cyklistika Pyreneje\" src=\"https:\/\/gironaprosport.com\/wp-content\/uploads\/xstore\/xstore-placeholder-360x360.png\" data-srcset=\"https:\/\/gironaprosport.com\/wp-content\/uploads\/Cycling-Holiday-Girona-Eat-Sleep-Cycle-Pyrenees-Mini-Break-360x360.jpg 360w, https:\/\/gironaprosport.com\/wp-content\/uploads\/Cycling-Holiday-Girona-Eat-Sleep-Cycle-Pyrenees-Mini-Break-100x100.jpg 100w, https:\/\/gironaprosport.com\/wp-content\/uploads\/Cycling-Holiday-Girona-Eat-Sleep-Cycle-Pyrenees-Mini-Break-150x150.jpg 150w, https:\/\/gironaprosport.com\/wp-content\/uploads\/Cycling-Holiday-Girona-Eat-Sleep-Cycle-Pyrenees-Mini-Break-1x1.jpg 1w\" data-sizes=\"(max-width: 360px) 100vw, 360px\" \/><\/div><img loading=\"lazy\" decoding=\"async\" width=\"360\" height=\"360\" src=\"https:\/\/gironaprosport.com\/wp-content\/uploads\/Camprodon-Puente-nuevo-de-camprodon-360x360.jpeg\" class=\"attachment-woocommerce_thumbnail size-woocommerce_thumbnail\" alt=\"camprodon\" srcset=\"https:\/\/gironaprosport.com\/wp-content\/uploads\/Camprodon-Puente-nuevo-de-camprodon-360x360.jpeg 360w, https:\/\/gironaprosport.com\/wp-content\/uploads\/Camprodon-Puente-nuevo-de-camprodon-100x100.jpeg 100w, https:\/\/gironaprosport.com\/wp-content\/uploads\/Camprodon-Puente-nuevo-de-camprodon-600x600.jpeg 600w, https:\/\/gironaprosport.com\/wp-content\/uploads\/Camprodon-Puente-nuevo-de-camprodon-300x300.jpeg 300w, https:\/\/gironaprosport.com\/wp-content\/uploads\/Camprodon-Puente-nuevo-de-camprodon-1024x1024.jpeg 1024w, https:\/\/gironaprosport.com\/wp-content\/uploads\/Camprodon-Puente-nuevo-de-camprodon-150x150.jpeg 150w, https:\/\/gironaprosport.com\/wp-content\/uploads\/Camprodon-Puente-nuevo-de-camprodon-768x768.jpeg 768w, https:\/\/gironaprosport.com\/wp-content\/uploads\/Camprodon-Puente-nuevo-de-camprodon-1x1.jpeg 1w, https:\/\/gironaprosport.com\/wp-content\/uploads\/Camprodon-Puente-nuevo-de-camprodon-10x10.jpeg 10w, https:\/\/gironaprosport.com\/wp-content\/uploads\/Camprodon-Puente-nuevo-de-camprodon.jpeg 1200w\" sizes=\"auto, (max-width: 360px) 100vw, 360px\" \/>                        <\/a>\n\t\t\t\t\t\t\t\t\t\t\t<footer class=\"footer-product\">\n                            \t\t\t\t\t\t\t\t\t<span class=\"show-quickly\" data-prodid=\"10185\">Rychl\u00fd n\u00e1hled<\/span>\n\t\t\t\t\t\t\t\t                            \t\t\t\t\t\t<\/footer>\n\t\t\t\t\t\t\t\t\t<\/div>\n\n\t\t\t\t\n\t\t\t\t\t<div class=\"text-center product-details\"><div class=\"products-page-cats\"><a href=\"https:\/\/gironaprosport.com\/cs\/kategorie-produktu\/tour-cs\/cyklozajezdy-girona\/cykloturistika-cs\/\" rel=\"tag\">cykloturistika<\/a>, <a href=\"https:\/\/gironaprosport.com\/cs\/kategorie-produktu\/tour-cs\/aktivni-dovolena\/silnicni-cyklistika-cs\/\" rel=\"tag\">Silni\u010dn\u00ed cyklistika<\/a><\/div>\t\t\t\t\t\t\t<h2 class=\"product-title\">\n\t\t\t\t\t\t\t\t<a href=\"https:\/\/gironaprosport.com\/cs\/produkt-cs\/expres-katalanske-pyreneje\/\">Expres Katal\u00e1nsk\u00e9 Pyreneje<\/a>\n                            <\/h2>\n\t\t\t\t\t\t\n\n\t\t\t\t\t\t<\/a><p class=\"product-excerpt\">Jezd\u011bte na kole z Girony do katal\u00e1nsk\u00fdch Pyrenej\u00ed a pro\u017eijte tam 2 magick\u00e9 noci a 3 dny. Tento z\u00e1jezd kombinuje \u00fa\u017easnou...<\/p><div class=\"gps-grid-data-tour\"><p class=\"gps-grid-data-first\"><span class=\"id-label\">Vzd\u00e1lenost:<\/span> <span class=\"id-data\">335 km <\/span><\/p><p class=\"gps-grid-data\"><span class=\"id-label\">Obt\u00ed\u017enost:<\/span> <span class=\"id-data\">\u0164a\u017ek\u00e1 \/ n\u00e1ro\u010dn\u00e9<\/span><\/p><\/div>\t<span id=\"woocommerce_loop_add_to_cart_link_describedby_10185\" class=\"screen-reader-text\">\n\t\t\t<\/span>\n\n                        \n                                        <\/div>\n\t\t\t\t\t\t\t\t\t         \t\t<\/div><!-- .content-product -->\n\t<\/div>\n\n\t\t\t\t\r\n\t\t\t\t\t\t\t\t\t\r\n\t\t\t\t\t \t<div class=\"col-md-4 col-sm-6 col-xs-6 product-hover-swap product-view-default view-color-white et_cart-on hide-hover-on-mobile product type-product post-10173 status-publish last instock product_cat-cykloturistika-cs product_cat-silnicni-cyklistika-cs product_tag-5-dni-cs product_tag-costa-brava-cs product_tag-cykloturistika-cs product_tag-cyklozajezdy product_tag-gastronomie product_tag-silnicni-cyklistika product_tag-stredne-narocne-cs has-post-thumbnail shipping-taxable purchasable product-type-tour\">\n        \t\t<div class=\"content-product \">\n\t\t\t\n\t\t\t\n\t\t\t\t<div class=\"product-image-wrapper hover-effect-swap\"\n                    >\n\n\t\t\t\t\t\t\t\t\t\t        <a href=\"https:\/\/gironaprosport.com\/oblubene\/?add_to_wishlist=5020\" rel=\"nofollow noopener\" class='xstore-wishlist  xstore-wishlist-icon xstore-wishlist-has-animation' data-action='add' data-id='5020' data-settings='{\"iconAdd\":\"et-heart\",\"iconRemove\":\"et-heart-o\",\"addText\":\"Add to Wishlist\",\"removeText\":\"Remove from Wishlist\"}'>\n                                <span class=\"et-icon et-heart\"><\/span>\n                        <\/a>\n                                <a class=\"product-content-image woocommerce-LoopProduct-link woocommerce-loop-product__link\" href=\"https:\/\/gironaprosport.com\/cs\/produkt-cs\/girona-gourmet-tour\/\"\n                           data-images=\"\"\n                        >\n                            <div class=\"image-swap\"><img loading=\"lazy\" decoding=\"async\" width=\"360\" height=\"360\" src=\"https:\/\/gironaprosport.com\/wp-content\/uploads\/xstore\/xstore-placeholder-360x360.png\" data-src=\"https:\/\/gironaprosport.com\/wp-content\/uploads\/15995017_609048229287933_7808881184280232932_o-1-360x360.jpg\" class=\" lazyload lazyload-simple et-lazyload-fadeIn\" alt=\"cyklistika costa brava\" src=\"https:\/\/gironaprosport.com\/wp-content\/uploads\/xstore\/xstore-placeholder-360x360.png\" data-srcset=\"https:\/\/gironaprosport.com\/wp-content\/uploads\/15995017_609048229287933_7808881184280232932_o-1-360x360.jpg 360w, https:\/\/gironaprosport.com\/wp-content\/uploads\/15995017_609048229287933_7808881184280232932_o-1-100x100.jpg 100w, https:\/\/gironaprosport.com\/wp-content\/uploads\/15995017_609048229287933_7808881184280232932_o-1-600x600.jpg 600w, https:\/\/gironaprosport.com\/wp-content\/uploads\/15995017_609048229287933_7808881184280232932_o-1-300x300.jpg 300w, https:\/\/gironaprosport.com\/wp-content\/uploads\/15995017_609048229287933_7808881184280232932_o-1-1024x1024.jpg 1024w, https:\/\/gironaprosport.com\/wp-content\/uploads\/15995017_609048229287933_7808881184280232932_o-1-150x150.jpg 150w, https:\/\/gironaprosport.com\/wp-content\/uploads\/15995017_609048229287933_7808881184280232932_o-1-768x768.jpg 768w, https:\/\/gironaprosport.com\/wp-content\/uploads\/15995017_609048229287933_7808881184280232932_o-1-1x1.jpg 1w, https:\/\/gironaprosport.com\/wp-content\/uploads\/15995017_609048229287933_7808881184280232932_o-1-10x10.jpg 10w, https:\/\/gironaprosport.com\/wp-content\/uploads\/15995017_609048229287933_7808881184280232932_o-1.jpg 1195w\" data-sizes=\"(max-width: 360px) 100vw, 360px\" \/><\/div><img loading=\"lazy\" decoding=\"async\" width=\"360\" height=\"360\" src=\"https:\/\/gironaprosport.com\/wp-content\/uploads\/20286782_706448269547928_7241900493619972752_o-360x360.jpg\" class=\"attachment-woocommerce_thumbnail size-woocommerce_thumbnail\" alt=\"gastron\u00f3mia\" srcset=\"https:\/\/gironaprosport.com\/wp-content\/uploads\/20286782_706448269547928_7241900493619972752_o-360x360.jpg 360w, https:\/\/gironaprosport.com\/wp-content\/uploads\/20286782_706448269547928_7241900493619972752_o-100x100.jpg 100w, https:\/\/gironaprosport.com\/wp-content\/uploads\/20286782_706448269547928_7241900493619972752_o-600x600.jpg 600w, https:\/\/gironaprosport.com\/wp-content\/uploads\/20286782_706448269547928_7241900493619972752_o-300x300.jpg 300w, https:\/\/gironaprosport.com\/wp-content\/uploads\/20286782_706448269547928_7241900493619972752_o-1024x1024.jpg 1024w, https:\/\/gironaprosport.com\/wp-content\/uploads\/20286782_706448269547928_7241900493619972752_o-150x150.jpg 150w, https:\/\/gironaprosport.com\/wp-content\/uploads\/20286782_706448269547928_7241900493619972752_o-768x768.jpg 768w, https:\/\/gironaprosport.com\/wp-content\/uploads\/20286782_706448269547928_7241900493619972752_o-1x1.jpg 1w, https:\/\/gironaprosport.com\/wp-content\/uploads\/20286782_706448269547928_7241900493619972752_o-10x10.jpg 10w, https:\/\/gironaprosport.com\/wp-content\/uploads\/20286782_706448269547928_7241900493619972752_o.jpg 1536w\" sizes=\"auto, (max-width: 360px) 100vw, 360px\" \/>                        <\/a>\n\t\t\t\t\t\t\t\t\t\t\t<footer class=\"footer-product\">\n                            \t\t\t\t\t\t\t\t\t<span class=\"show-quickly\" data-prodid=\"10173\">Rychl\u00fd n\u00e1hled<\/span>\n\t\t\t\t\t\t\t\t                            \t\t\t\t\t\t<\/footer>\n\t\t\t\t\t\t\t\t\t<\/div>\n\n\t\t\t\t\n\t\t\t\t\t<div class=\"text-center product-details\"><div class=\"products-page-cats\"><a href=\"https:\/\/gironaprosport.com\/cs\/kategorie-produktu\/tour-cs\/cyklozajezdy-girona\/cykloturistika-cs\/\" rel=\"tag\">cykloturistika<\/a>, <a href=\"https:\/\/gironaprosport.com\/cs\/kategorie-produktu\/tour-cs\/aktivni-dovolena\/silnicni-cyklistika-cs\/\" rel=\"tag\">Silni\u010dn\u00ed cyklistika<\/a><\/div>\t\t\t\t\t\t\t<h2 class=\"product-title\">\n\t\t\t\t\t\t\t\t<a href=\"https:\/\/gironaprosport.com\/cs\/produkt-cs\/girona-gourmet-tour\/\">Girona gourmet tour<\/a>\n                            <\/h2>\n\t\t\t\t\t\t\n\n\t\t\t\t\t\t<\/a><p class=\"product-excerpt\">Tento z\u00e1jezd je ur\u010den pro lidi kte\u0159\u00ed cht\u011bj\u00ed zkombinovat cyklistiku a gastronomii. Vychutnejte si pohodln\u00e9 trasy a...<\/p><div class=\"gps-grid-data-tour\"><p class=\"gps-grid-data-first\"><span class=\"id-label\">Vzd\u00e1lenost:<\/span> <span class=\"id-data\">230 km <\/span><\/p><p class=\"gps-grid-data\"><span class=\"id-label\">Obt\u00ed\u017enost:<\/span> <span class=\"id-data\">St\u0159edn\u00ed \/ s\u0159edne n\u00e1ro\u010dn\u00e9<\/span><\/p><\/div>\t<span id=\"woocommerce_loop_add_to_cart_link_describedby_10173\" class=\"screen-reader-text\">\n\t\t\t<\/span>\n\n                        \n                                        <\/div>\n\t\t\t\t\t\t\t\t\t         \t\t<\/div><!-- .content-product -->\n\t<\/div>\n\n\t\t\t\t\r\n\t\t\t\t\t\t\t\t\t\r\n\t\t\t\t\t \t<div class=\"first grid-sizer col-md-4 col-sm-6 col-xs-6 product-hover-swap product-view-default view-color-white et_cart-on hide-hover-on-mobile product type-product post-10162 status-publish instock product_cat-cykloturistika-cs product_cat-silnicni-cyklistika-cs product_tag-5-dni-cs product_tag-costa-brava-cs product_tag-cykloturistika-cs product_tag-cyklozajezdy product_tag-dali-cs product_tag-gastronomie product_tag-silnicni-cyklistika product_tag-stredne-narocne-cs has-post-thumbnail shipping-taxable purchasable product-type-tour\">\n        \t\t<div class=\"content-product \">\n\t\t\t\n\t\t\t\n\t\t\t\t<div class=\"product-image-wrapper hover-effect-swap\"\n                    >\n\n\t\t\t\t\t\t\t\t\t\t        <a href=\"https:\/\/gironaprosport.com\/oblubene\/?add_to_wishlist=5023\" rel=\"nofollow noopener\" class='xstore-wishlist  xstore-wishlist-icon xstore-wishlist-has-animation' data-action='add' data-id='5023' data-settings='{\"iconAdd\":\"et-heart\",\"iconRemove\":\"et-heart-o\",\"addText\":\"Add to Wishlist\",\"removeText\":\"Remove from Wishlist\"}'>\n                                <span class=\"et-icon et-heart\"><\/span>\n                        <\/a>\n                                <a class=\"product-content-image woocommerce-LoopProduct-link woocommerce-loop-product__link\" href=\"https:\/\/gironaprosport.com\/cs\/produkt-cs\/costa-brava-tour\/\"\n                           data-images=\"\"\n                        >\n                            <div class=\"image-swap\"><img loading=\"lazy\" decoding=\"async\" width=\"360\" height=\"360\" src=\"https:\/\/gironaprosport.com\/wp-content\/uploads\/xstore\/xstore-placeholder-360x360.png\" data-src=\"https:\/\/gironaprosport.com\/wp-content\/uploads\/Costa-Brava-Eat-Sleep-Cycle-European-Cycling-Vacation-360x360.jpg\" class=\" lazyload lazyload-simple et-lazyload-fadeIn\" alt=\"tossa de mar\" src=\"https:\/\/gironaprosport.com\/wp-content\/uploads\/xstore\/xstore-placeholder-360x360.png\" data-srcset=\"https:\/\/gironaprosport.com\/wp-content\/uploads\/Costa-Brava-Eat-Sleep-Cycle-European-Cycling-Vacation-360x360.jpg 360w, https:\/\/gironaprosport.com\/wp-content\/uploads\/Costa-Brava-Eat-Sleep-Cycle-European-Cycling-Vacation-100x100.jpg 100w, https:\/\/gironaprosport.com\/wp-content\/uploads\/Costa-Brava-Eat-Sleep-Cycle-European-Cycling-Vacation-150x150.jpg 150w, https:\/\/gironaprosport.com\/wp-content\/uploads\/Costa-Brava-Eat-Sleep-Cycle-European-Cycling-Vacation-1x1.jpg 1w\" data-sizes=\"(max-width: 360px) 100vw, 360px\" \/><\/div><img loading=\"lazy\" decoding=\"async\" width=\"360\" height=\"360\" src=\"https:\/\/gironaprosport.com\/wp-content\/uploads\/playadearo-1-360x360.jpg\" class=\"attachment-woocommerce_thumbnail size-woocommerce_thumbnail\" alt=\"costa brava\" srcset=\"https:\/\/gironaprosport.com\/wp-content\/uploads\/playadearo-1-360x360.jpg 360w, https:\/\/gironaprosport.com\/wp-content\/uploads\/playadearo-1-100x100.jpg 100w, https:\/\/gironaprosport.com\/wp-content\/uploads\/playadearo-1-600x601.jpg 600w, https:\/\/gironaprosport.com\/wp-content\/uploads\/playadearo-1-300x300.jpg 300w, https:\/\/gironaprosport.com\/wp-content\/uploads\/playadearo-1-150x150.jpg 150w, https:\/\/gironaprosport.com\/wp-content\/uploads\/playadearo-1-768x769.jpg 768w, https:\/\/gironaprosport.com\/wp-content\/uploads\/playadearo-1-1x1.jpg 1w, https:\/\/gironaprosport.com\/wp-content\/uploads\/playadearo-1-10x10.jpg 10w, https:\/\/gironaprosport.com\/wp-content\/uploads\/playadearo-1.jpg 799w\" sizes=\"auto, (max-width: 360px) 100vw, 360px\" \/>                        <\/a>\n\t\t\t\t\t\t\t\t\t\t\t<footer class=\"footer-product\">\n                            \t\t\t\t\t\t\t\t\t<span class=\"show-quickly\" data-prodid=\"10162\">Rychl\u00fd n\u00e1hled<\/span>\n\t\t\t\t\t\t\t\t                            \t\t\t\t\t\t<\/footer>\n\t\t\t\t\t\t\t\t\t<\/div>\n\n\t\t\t\t\n\t\t\t\t\t<div class=\"text-center product-details\"><div class=\"products-page-cats\"><a href=\"https:\/\/gironaprosport.com\/cs\/kategorie-produktu\/tour-cs\/cyklozajezdy-girona\/cykloturistika-cs\/\" rel=\"tag\">cykloturistika<\/a>, <a href=\"https:\/\/gironaprosport.com\/cs\/kategorie-produktu\/tour-cs\/aktivni-dovolena\/silnicni-cyklistika-cs\/\" rel=\"tag\">Silni\u010dn\u00ed cyklistika<\/a><\/div>\t\t\t\t\t\t\t<h2 class=\"product-title\">\n\t\t\t\t\t\t\t\t<a href=\"https:\/\/gironaprosport.com\/cs\/produkt-cs\/costa-brava-tour\/\">COSTA BRAVA Tour<\/a>\n                            <\/h2>\n\t\t\t\t\t\t\n\n\t\t\t\t\t\t<\/a><p class=\"product-excerpt\">Costa Brava mimo hlavn\u00ed sez\u00f3nu je jedine\u010dn\u00e1 - pr\u00e1zdn\u00e9 cesty, \u010dlenit\u00e9 pob\u0159e\u017e\u00ed, \u010derstv\u00fd vzduch a pr\u00e1zdn\u00e9 pl\u00e1\u017ee....<\/p><div class=\"gps-grid-data-tour\"><p class=\"gps-grid-data-first\"><span class=\"id-label\">Vzd\u00e1lenost:<\/span> <span class=\"id-data\">300 km <\/span><\/p><p class=\"gps-grid-data\"><span class=\"id-label\">Obt\u00ed\u017enost:<\/span> <span class=\"id-data\">St\u0159edn\u00ed \/ s\u0159edne n\u00e1ro\u010dn\u00e9<\/span><\/p><\/div>\t<span id=\"woocommerce_loop_add_to_cart_link_describedby_10162\" class=\"screen-reader-text\">\n\t\t\t<\/span>\n\n                        \n                                        <\/div>\n\t\t\t\t\t\t\t\t\t         \t\t<\/div><!-- .content-product -->\n\t<\/div>\n\n\t\t\t\t\r\n\t\t\t\t\t\t\t\t\t\r\n\t\t\t\t\t \t<div class=\"last col-md-4 col-sm-6 col-xs-6 product-hover-swap product-view-default view-color-white et_cart-on hide-hover-on-mobile product type-product post-10153 status-publish first instock product_cat-cykloturistika-cs product_cat-silnicni-cyklistika-cs product_tag-7-dni-cs product_tag-cykloturistika-cs product_tag-cyklozajezdy product_tag-narocne-cs product_tag-pruvodce product_tag-pyreneje-cs product_tag-silnicni-cyklistika has-post-thumbnail shipping-taxable purchasable product-type-tour\">\n        \t\t<div class=\"content-product \">\n\t\t\t\n\t\t\t\n\t\t\t\t<div class=\"product-image-wrapper hover-effect-swap\"\n                    >\n\n\t\t\t\t\t\t\t\t\t\t        <a href=\"https:\/\/gironaprosport.com\/oblubene\/?add_to_wishlist=5029\" rel=\"nofollow noopener\" class='xstore-wishlist  xstore-wishlist-icon xstore-wishlist-has-animation' data-action='add' data-id='5029' data-settings='{\"iconAdd\":\"et-heart\",\"iconRemove\":\"et-heart-o\",\"addText\":\"Add to Wishlist\",\"removeText\":\"Remove from Wishlist\"}'>\n                                <span class=\"et-icon et-heart\"><\/span>\n                        <\/a>\n                                <a class=\"product-content-image woocommerce-LoopProduct-link woocommerce-loop-product__link\" href=\"https:\/\/gironaprosport.com\/cs\/produkt-cs\/legendarni-pyrenejske-kopce\/\"\n                           data-images=\"\"\n                        >\n                            <div class=\"image-swap\"><img loading=\"lazy\" decoding=\"async\" width=\"360\" height=\"360\" src=\"https:\/\/gironaprosport.com\/wp-content\/uploads\/xstore\/xstore-placeholder-360x360.png\" data-src=\"https:\/\/gironaprosport.com\/wp-content\/uploads\/Classic-Climbs-of-the-Pyrenees-Eat-Sleep-Cycle-Cycling-Tour-Pyrenees-360x360.jpg\" class=\" lazyload lazyload-simple et-lazyload-fadeIn\" alt=\"tourmalet\" src=\"https:\/\/gironaprosport.com\/wp-content\/uploads\/xstore\/xstore-placeholder-360x360.png\" data-srcset=\"https:\/\/gironaprosport.com\/wp-content\/uploads\/Classic-Climbs-of-the-Pyrenees-Eat-Sleep-Cycle-Cycling-Tour-Pyrenees-360x360.jpg 360w, https:\/\/gironaprosport.com\/wp-content\/uploads\/Classic-Climbs-of-the-Pyrenees-Eat-Sleep-Cycle-Cycling-Tour-Pyrenees-100x100.jpg 100w, https:\/\/gironaprosport.com\/wp-content\/uploads\/Classic-Climbs-of-the-Pyrenees-Eat-Sleep-Cycle-Cycling-Tour-Pyrenees-150x150.jpg 150w, https:\/\/gironaprosport.com\/wp-content\/uploads\/Classic-Climbs-of-the-Pyrenees-Eat-Sleep-Cycle-Cycling-Tour-Pyrenees-1x1.jpg 1w\" data-sizes=\"(max-width: 360px) 100vw, 360px\" \/><\/div><img loading=\"lazy\" decoding=\"async\" width=\"360\" height=\"360\" src=\"https:\/\/gironaprosport.com\/wp-content\/uploads\/hlavna-3-360x360.jpg\" class=\"attachment-woocommerce_thumbnail size-woocommerce_thumbnail\" alt=\"cyklistika pyreneje\" srcset=\"https:\/\/gironaprosport.com\/wp-content\/uploads\/hlavna-3-360x360.jpg 360w, https:\/\/gironaprosport.com\/wp-content\/uploads\/hlavna-3-100x100.jpg 100w, https:\/\/gironaprosport.com\/wp-content\/uploads\/hlavna-3-600x599.jpg 600w, https:\/\/gironaprosport.com\/wp-content\/uploads\/hlavna-3-300x300.jpg 300w, https:\/\/gironaprosport.com\/wp-content\/uploads\/hlavna-3-150x150.jpg 150w, https:\/\/gironaprosport.com\/wp-content\/uploads\/hlavna-3-768x767.jpg 768w, https:\/\/gironaprosport.com\/wp-content\/uploads\/hlavna-3-1x1.jpg 1w, https:\/\/gironaprosport.com\/wp-content\/uploads\/hlavna-3-10x10.jpg 10w, https:\/\/gironaprosport.com\/wp-content\/uploads\/hlavna-3.jpg 900w\" sizes=\"auto, (max-width: 360px) 100vw, 360px\" \/>                        <\/a>\n\t\t\t\t\t\t\t\t\t\t\t<footer class=\"footer-product\">\n                            \t\t\t\t\t\t\t\t\t<span class=\"show-quickly\" data-prodid=\"10153\">Rychl\u00fd n\u00e1hled<\/span>\n\t\t\t\t\t\t\t\t                            \t\t\t\t\t\t<\/footer>\n\t\t\t\t\t\t\t\t\t<\/div>\n\n\t\t\t\t\n\t\t\t\t\t<div class=\"text-center product-details\"><div class=\"products-page-cats\"><a href=\"https:\/\/gironaprosport.com\/cs\/kategorie-produktu\/tour-cs\/cyklozajezdy-girona\/cykloturistika-cs\/\" rel=\"tag\">cykloturistika<\/a>, <a href=\"https:\/\/gironaprosport.com\/cs\/kategorie-produktu\/tour-cs\/aktivni-dovolena\/silnicni-cyklistika-cs\/\" rel=\"tag\">Silni\u010dn\u00ed cyklistika<\/a><\/div>\t\t\t\t\t\t\t<h2 class=\"product-title\">\n\t\t\t\t\t\t\t\t<a href=\"https:\/\/gironaprosport.com\/cs\/produkt-cs\/legendarni-pyrenejske-kopce\/\">Legend\u00e1rn\u00ed Pyrenejsk\u00e9 kopce<\/a>\n                            <\/h2>\n\t\t\t\t\t\t\n\n\t\t\t\t\t\t<\/a><p class=\"product-excerpt\">Zdolejte legend\u00e1rn\u00ed Pyrenejsk\u00e9 kopce v tomto all inclusive z\u00e1jezdu. Vychutnejte si impozantn\u00ed v\u00fdstupy, vzru\u0161uj\u00edc\u00ed sestupy...<\/p><div class=\"gps-grid-data-tour\"><p class=\"gps-grid-data-first\"><span class=\"id-label\">Vzd\u00e1lenost:<\/span> <span class=\"id-data\">540 km <\/span><\/p><p class=\"gps-grid-data\"><span class=\"id-label\">Obt\u00ed\u017enost:<\/span> <span class=\"id-data\">\u0164a\u017ek\u00e1 \/ n\u00e1ro\u010dn\u00e9<\/span><\/p><\/div>\t<span id=\"woocommerce_loop_add_to_cart_link_describedby_10153\" class=\"screen-reader-text\">\n\t\t\t<\/span>\n\n                        \n                                        <\/div>\n\t\t\t\t\t\t\t\t\t         \t\t<\/div><!-- .content-product -->\n\t<\/div>\n\n\t\t\t\t\r\n\t\t\t\t\t\t\t\t\t\r\n\t\t\t\t\t \t<div class=\"col-md-4 col-sm-6 col-xs-6 product-hover-swap product-view-default view-color-white et_cart-on hide-hover-on-mobile product type-product post-10150 status-publish last outofstock product_cat-cykloturistika-cs product_cat-silnicni-cyklistika-cs product_tag-3-dny product_tag-costa-brava-cs product_tag-cykloturistika-cs product_tag-cyklozajezdy product_tag-dali-cs product_tag-silnicni-cyklistika product_tag-stredne-narocne-cs has-post-thumbnail shipping-taxable purchasable product-type-tour\">\n        \t\t<div class=\"content-product \">\n\t\t\t\n\t\t\t\n\t\t\t\t<div class=\"product-image-wrapper hover-effect-swap\"\n                    >\n\n\t\t\t\t\t\t\t\t\t\t        <a href=\"https:\/\/gironaprosport.com\/oblubene\/?add_to_wishlist=5032\" rel=\"nofollow noopener\" class='xstore-wishlist  xstore-wishlist-icon xstore-wishlist-has-animation' data-action='add' data-id='5032' data-settings='{\"iconAdd\":\"et-heart\",\"iconRemove\":\"et-heart-o\",\"addText\":\"Add to Wishlist\",\"removeText\":\"Remove from Wishlist\"}'>\n                                <span class=\"et-icon et-heart\"><\/span>\n                        <\/a>\n        <p class=\"stock out-of-stock\">Nen\u00ed skladem<\/p>                        <a class=\"product-content-image woocommerce-LoopProduct-link woocommerce-loop-product__link\" href=\"https:\/\/gironaprosport.com\/cs\/produkt-cs\/girona-costa-brava-3-dny-stredne-narocne\/\"\n                           data-images=\"\"\n                        >\n                            <div class=\"image-swap\"><img loading=\"lazy\" decoding=\"async\" width=\"360\" height=\"360\" src=\"https:\/\/gironaprosport.com\/wp-content\/uploads\/xstore\/xstore-placeholder-360x360.png\" data-src=\"https:\/\/gironaprosport.com\/wp-content\/uploads\/Banyoles-meer-360x360.jpg\" class=\" lazyload lazyload-simple et-lazyload-fadeIn\" alt=\"\" src=\"https:\/\/gironaprosport.com\/wp-content\/uploads\/xstore\/xstore-placeholder-360x360.png\" data-srcset=\"https:\/\/gironaprosport.com\/wp-content\/uploads\/Banyoles-meer-360x360.jpg 360w, https:\/\/gironaprosport.com\/wp-content\/uploads\/Banyoles-meer-100x100.jpg 100w, https:\/\/gironaprosport.com\/wp-content\/uploads\/Banyoles-meer-150x150.jpg 150w, https:\/\/gironaprosport.com\/wp-content\/uploads\/Banyoles-meer-1x1.jpg 1w\" data-sizes=\"(max-width: 360px) 100vw, 360px\" \/><\/div><img loading=\"lazy\" decoding=\"async\" width=\"360\" height=\"360\" src=\"https:\/\/gironaprosport.com\/wp-content\/uploads\/kustlijn-tossa-de-mar-st-feliu-1-360x360.jpg\" class=\"attachment-woocommerce_thumbnail size-woocommerce_thumbnail\" alt=\"Girona + Costa Brava 3 dny st\u0159edn\u011b n\u00e1ro\u010dn\u00e9\" srcset=\"https:\/\/gironaprosport.com\/wp-content\/uploads\/kustlijn-tossa-de-mar-st-feliu-1-360x360.jpg 360w, https:\/\/gironaprosport.com\/wp-content\/uploads\/kustlijn-tossa-de-mar-st-feliu-1-100x100.jpg 100w, https:\/\/gironaprosport.com\/wp-content\/uploads\/kustlijn-tossa-de-mar-st-feliu-1-150x150.jpg 150w, https:\/\/gironaprosport.com\/wp-content\/uploads\/kustlijn-tossa-de-mar-st-feliu-1-1x1.jpg 1w, https:\/\/gironaprosport.com\/wp-content\/uploads\/kustlijn-tossa-de-mar-st-feliu-1-600x600.jpg 600w\" sizes=\"auto, (max-width: 360px) 100vw, 360px\" \/>                        <\/a>\n\t\t\t\t\t\t\t\t\t\t\t<footer class=\"footer-product\">\n                            \t\t\t\t\t\t\t\t\t<span class=\"show-quickly\" data-prodid=\"10150\">Rychl\u00fd n\u00e1hled<\/span>\n\t\t\t\t\t\t\t\t                            \t\t\t\t\t\t<\/footer>\n\t\t\t\t\t\t\t\t\t<\/div>\n\n\t\t\t\t\n\t\t\t\t\t<div class=\"text-center product-details\"><div class=\"products-page-cats\"><a href=\"https:\/\/gironaprosport.com\/cs\/kategorie-produktu\/tour-cs\/cyklozajezdy-girona\/cykloturistika-cs\/\" rel=\"tag\">cykloturistika<\/a>, <a href=\"https:\/\/gironaprosport.com\/cs\/kategorie-produktu\/tour-cs\/aktivni-dovolena\/silnicni-cyklistika-cs\/\" rel=\"tag\">Silni\u010dn\u00ed cyklistika<\/a><\/div>\t\t\t\t\t\t\t<h2 class=\"product-title\">\n\t\t\t\t\t\t\t\t<a href=\"https:\/\/gironaprosport.com\/cs\/produkt-cs\/girona-costa-brava-3-dny-stredne-narocne\/\">Girona + Costa Brava 3 dny st\u0159edn\u011b n\u00e1ro\u010dn\u00e9<\/a>\n                            <\/h2>\n\t\t\t\t\t\t\n\n\t\t\t\t\t\t<\/a><p class=\"product-excerpt\">B\u011bhem 3 dn\u016f si vyzkou\u0161\u00edte r\u016fzn\u00e9 typy kopc\u016f, n\u00e1dhern\u00e9 sjezdy s v\u00fdhledem na pob\u0159e\u017e\u00ed, rovinky, n\u00e1rodn\u00ed parky,...<\/p><div class=\"gps-grid-data-tour\"><p class=\"gps-grid-data-first\"><span class=\"id-label\">Vzd\u00e1lenost:<\/span> <span class=\"id-data\">253 km <\/span><\/p><p class=\"gps-grid-data\"><span class=\"id-label\">Obt\u00ed\u017enost:<\/span> <span class=\"id-data\">St\u0159edn\u00ed \/ s\u0159edne n\u00e1ro\u010dn\u00e9<\/span><\/p><\/div>\t<span id=\"woocommerce_loop_add_to_cart_link_describedby_10150\" class=\"screen-reader-text\">\n\t\t\t<\/span>\n\n                        \n                                        <\/div>\n\t\t\t\t\t\t\t\t\t         \t\t<\/div><!-- .content-product -->\n\t<\/div>\n\n\t\t\t\t\r\n\t\t\t\t\t\t\t\t\r\n\t\t\t\t<\/div> <!-- .row -->\t\t\t\t\t\r\n\t\t        <div class=\"et-load-block text-center et_load-products button-loading\">\r\n\t\t        \t<div class=\"et-loader no-lqip\"><svg class=\"loader-circular\" viewBox=\"25 25 50 50\" width=\"30\" height=\"30\"><circle class=\"loader-path\" cx=\"50\" cy=\"50\" r=\"20\" fill=\"none\" stroke-width=\"2\" stroke-miterlimit=\"10\"><\/circle><\/svg><\/div>\r\n\t\t        \t<span class=\"btn\">\r\n\t\t        \t\t<a data-paged=\"1\" data-max-paged=\"4\" data-limit=\"20\" data-nonce=\"a9c43efdf5\">Load More<\/a>\r\n\t\t        \t<\/span>\r\n\t\t        <\/div><\/div>[\/vc_column][\/vc_row]<\/p>\n<\/div>","protected":false},"excerpt":{"rendered":"<p>[vc_row][vc_column][vc_column_text] Aktivn\u00ed dovolen\u00e1 Dovolen\u00e1 na kole, horsk\u00fd b\u011bh + pozn\u00e1vac\u00ed z\u00e1jezd do Barcelony, do Girony, Pyreneje, Costa Brava, p\u011b\u0161\u00ed turistika, horsk\u00e1 turistika, gastronomie, n\u00e1v\u0161t\u011bva vinn\u00fdch&#8230;<\/p>\n","protected":false},"author":1,"featured_media":0,"parent":0,"menu_order":67,"comment_status":"closed","ping_status":"open","template":"","meta":{"_monsterinsights_skip_tracking":false,"_monsterinsights_sitenote_active":false,"_monsterinsights_sitenote_note":"","_monsterinsights_sitenote_category":0,"footnotes":""},"class_list":["post-7440","page","type-page","status-publish","hentry"],"yoast_head":"<!-- This site is optimized with the Yoast SEO plugin v26.6 - https:\/\/yoast.com\/wordpress\/plugins\/seo\/ -->\n<title>Aktivn\u00ed dovolen\u00e1 ve \u0160pan\u011blsku - Girona ProSport<\/title>\n<meta name=\"description\" content=\"Aktivn\u00ed dovolen\u00e1 na kole, Pyreneje, Costa Brava, p\u011b\u0161\u00ed turistika, b\u011bh, gastronomie, architektura, historie, vinn\u00e9 sklepy.\" \/>\n<meta name=\"robots\" content=\"index, follow, max-snippet:-1, max-image-preview:large, max-video-preview:-1\" \/>\n<link rel=\"canonical\" href=\"https:\/\/gironaprosport.com\/cs\/aktivni-dovolena\/\" \/>\n<meta property=\"og:locale\" content=\"cs_CZ\" \/>\n<meta property=\"og:type\" content=\"article\" \/>\n<meta property=\"og:title\" content=\"Aktivn\u00ed dovolen\u00e1 ve \u0160pan\u011blsku - Girona ProSport\" \/>\n<meta property=\"og:description\" content=\"Aktivn\u00ed dovolen\u00e1 na kole, Pyreneje, Costa Brava, p\u011b\u0161\u00ed turistika, b\u011bh, gastronomie, architektura, historie, vinn\u00e9 sklepy.\" \/>\n<meta property=\"og:url\" content=\"https:\/\/gironaprosport.com\/cs\/aktivni-dovolena\/\" \/>\n<meta property=\"og:site_name\" content=\"Girona ProSport\" \/>\n<meta property=\"article:publisher\" content=\"http:\/\/fb.me\/gironaprosport\" \/>\n<meta property=\"article:modified_time\" content=\"2021-08-10T09:02:28+00:00\" \/>\n<meta name=\"twitter:card\" content=\"summary_large_image\" \/>\n<meta name=\"twitter:label1\" content=\"Odhadovan\u00e1 doba \u010dten\u00ed\" \/>\n\t<meta name=\"twitter:data1\" content=\"1 minuta\" \/>\n<script type=\"application\/ld+json\" class=\"yoast-schema-graph\">{\"@context\":\"https:\/\/schema.org\",\"@graph\":[{\"@type\":\"WebPage\",\"@id\":\"https:\/\/gironaprosport.com\/cs\/aktivni-dovolena\/\",\"url\":\"https:\/\/gironaprosport.com\/cs\/aktivni-dovolena\/\",\"name\":\"Aktivn\u00ed dovolen\u00e1 ve \u0160pan\u011blsku - Girona ProSport\",\"isPartOf\":{\"@id\":\"https:\/\/gironaprosport.com\/cs\/#website\"},\"datePublished\":\"2020-02-19T08:56:08+00:00\",\"dateModified\":\"2021-08-10T09:02:28+00:00\",\"description\":\"Aktivn\u00ed dovolen\u00e1 na kole, Pyreneje, Costa Brava, p\u011b\u0161\u00ed turistika, b\u011bh, gastronomie, architektura, historie, vinn\u00e9 sklepy.\",\"breadcrumb\":{\"@id\":\"https:\/\/gironaprosport.com\/cs\/aktivni-dovolena\/#breadcrumb\"},\"inLanguage\":\"cs\",\"potentialAction\":[{\"@type\":\"ReadAction\",\"target\":[\"https:\/\/gironaprosport.com\/cs\/aktivni-dovolena\/\"]}]},{\"@type\":\"BreadcrumbList\",\"@id\":\"https:\/\/gironaprosport.com\/cs\/aktivni-dovolena\/#breadcrumb\",\"itemListElement\":[{\"@type\":\"ListItem\",\"position\":1,\"name\":\"Domovsk\u00e1 str\u00e1nka\",\"item\":\"https:\/\/gironaprosport.com\/cs\/\"},{\"@type\":\"ListItem\",\"position\":2,\"name\":\"Aktivn\u00ed dovolen\u00e1\"}]},{\"@type\":\"WebSite\",\"@id\":\"https:\/\/gironaprosport.com\/cs\/#website\",\"url\":\"https:\/\/gironaprosport.com\/cs\/\",\"name\":\"Girona ProSport\",\"description\":\"Cykloz\u00e1jazdy\",\"publisher\":{\"@id\":\"https:\/\/gironaprosport.com\/cs\/#organization\"},\"potentialAction\":[{\"@type\":\"SearchAction\",\"target\":{\"@type\":\"EntryPoint\",\"urlTemplate\":\"https:\/\/gironaprosport.com\/cs\/?s={search_term_string}\"},\"query-input\":{\"@type\":\"PropertyValueSpecification\",\"valueRequired\":true,\"valueName\":\"search_term_string\"}}],\"inLanguage\":\"cs\"},{\"@type\":\"Organization\",\"@id\":\"https:\/\/gironaprosport.com\/cs\/#organization\",\"name\":\"Girona PRO SPORT\",\"url\":\"https:\/\/gironaprosport.com\/cs\/\",\"logo\":{\"@type\":\"ImageObject\",\"inLanguage\":\"cs\",\"@id\":\"https:\/\/gironaprosport.com\/cs\/#\/schema\/logo\/image\/\",\"url\":\"https:\/\/gironaprosport.com\/wp-content\/uploads\/logo-gps_64.png\",\"contentUrl\":\"https:\/\/gironaprosport.com\/wp-content\/uploads\/logo-gps_64.png\",\"width\":320,\"height\":64,\"caption\":\"Girona PRO SPORT\"},\"image\":{\"@id\":\"https:\/\/gironaprosport.com\/cs\/#\/schema\/logo\/image\/\"},\"sameAs\":[\"http:\/\/fb.me\/gironaprosport\",\"http:\/\/instagram.com\/girona_prosport\/\",\"https:\/\/www.youtube.com\/channel\/UCv7gLuh2ONY6kESVj_3aSnA\"]}]}<\/script>\n<!-- \/ Yoast SEO plugin. -->","yoast_head_json":{"title":"Aktivn\u00ed dovolen\u00e1 ve \u0160pan\u011blsku - Girona ProSport","description":"Aktivn\u00ed dovolen\u00e1 na kole, Pyreneje, Costa Brava, p\u011b\u0161\u00ed turistika, b\u011bh, gastronomie, architektura, historie, vinn\u00e9 sklepy.","robots":{"index":"index","follow":"follow","max-snippet":"max-snippet:-1","max-image-preview":"max-image-preview:large","max-video-preview":"max-video-preview:-1"},"canonical":"https:\/\/gironaprosport.com\/cs\/aktivni-dovolena\/","og_locale":"cs_CZ","og_type":"article","og_title":"Aktivn\u00ed dovolen\u00e1 ve \u0160pan\u011blsku - Girona ProSport","og_description":"Aktivn\u00ed dovolen\u00e1 na kole, Pyreneje, Costa Brava, p\u011b\u0161\u00ed turistika, b\u011bh, gastronomie, architektura, historie, vinn\u00e9 sklepy.","og_url":"https:\/\/gironaprosport.com\/cs\/aktivni-dovolena\/","og_site_name":"Girona ProSport","article_publisher":"http:\/\/fb.me\/gironaprosport","article_modified_time":"2021-08-10T09:02:28+00:00","twitter_card":"summary_large_image","twitter_misc":{"Odhadovan\u00e1 doba \u010dten\u00ed":"1 minuta"},"schema":{"@context":"https:\/\/schema.org","@graph":[{"@type":"WebPage","@id":"https:\/\/gironaprosport.com\/cs\/aktivni-dovolena\/","url":"https:\/\/gironaprosport.com\/cs\/aktivni-dovolena\/","name":"Aktivn\u00ed dovolen\u00e1 ve \u0160pan\u011blsku - Girona ProSport","isPartOf":{"@id":"https:\/\/gironaprosport.com\/cs\/#website"},"datePublished":"2020-02-19T08:56:08+00:00","dateModified":"2021-08-10T09:02:28+00:00","description":"Aktivn\u00ed dovolen\u00e1 na kole, Pyreneje, Costa Brava, p\u011b\u0161\u00ed turistika, b\u011bh, gastronomie, architektura, historie, vinn\u00e9 sklepy.","breadcrumb":{"@id":"https:\/\/gironaprosport.com\/cs\/aktivni-dovolena\/#breadcrumb"},"inLanguage":"cs","potentialAction":[{"@type":"ReadAction","target":["https:\/\/gironaprosport.com\/cs\/aktivni-dovolena\/"]}]},{"@type":"BreadcrumbList","@id":"https:\/\/gironaprosport.com\/cs\/aktivni-dovolena\/#breadcrumb","itemListElement":[{"@type":"ListItem","position":1,"name":"Domovsk\u00e1 str\u00e1nka","item":"https:\/\/gironaprosport.com\/cs\/"},{"@type":"ListItem","position":2,"name":"Aktivn\u00ed dovolen\u00e1"}]},{"@type":"WebSite","@id":"https:\/\/gironaprosport.com\/cs\/#website","url":"https:\/\/gironaprosport.com\/cs\/","name":"Girona ProSport","description":"Cykloz\u00e1jazdy","publisher":{"@id":"https:\/\/gironaprosport.com\/cs\/#organization"},"potentialAction":[{"@type":"SearchAction","target":{"@type":"EntryPoint","urlTemplate":"https:\/\/gironaprosport.com\/cs\/?s={search_term_string}"},"query-input":{"@type":"PropertyValueSpecification","valueRequired":true,"valueName":"search_term_string"}}],"inLanguage":"cs"},{"@type":"Organization","@id":"https:\/\/gironaprosport.com\/cs\/#organization","name":"Girona PRO SPORT","url":"https:\/\/gironaprosport.com\/cs\/","logo":{"@type":"ImageObject","inLanguage":"cs","@id":"https:\/\/gironaprosport.com\/cs\/#\/schema\/logo\/image\/","url":"https:\/\/gironaprosport.com\/wp-content\/uploads\/logo-gps_64.png","contentUrl":"https:\/\/gironaprosport.com\/wp-content\/uploads\/logo-gps_64.png","width":320,"height":64,"caption":"Girona PRO SPORT"},"image":{"@id":"https:\/\/gironaprosport.com\/cs\/#\/schema\/logo\/image\/"},"sameAs":["http:\/\/fb.me\/gironaprosport","http:\/\/instagram.com\/girona_prosport\/","https:\/\/www.youtube.com\/channel\/UCv7gLuh2ONY6kESVj_3aSnA"]}]}},"meta_box":[],"_links":{"self":[{"href":"https:\/\/gironaprosport.com\/cs\/wp-json\/wp\/v2\/pages\/7440","targetHints":{"allow":["GET"]}}],"collection":[{"href":"https:\/\/gironaprosport.com\/cs\/wp-json\/wp\/v2\/pages"}],"about":[{"href":"https:\/\/gironaprosport.com\/cs\/wp-json\/wp\/v2\/types\/page"}],"author":[{"embeddable":true,"href":"https:\/\/gironaprosport.com\/cs\/wp-json\/wp\/v2\/users\/1"}],"replies":[{"embeddable":true,"href":"https:\/\/gironaprosport.com\/cs\/wp-json\/wp\/v2\/comments?post=7440"}],"version-history":[{"count":0,"href":"https:\/\/gironaprosport.com\/cs\/wp-json\/wp\/v2\/pages\/7440\/revisions"}],"wp:attachment":[{"href":"https:\/\/gironaprosport.com\/cs\/wp-json\/wp\/v2\/media?parent=7440"}],"curies":[{"name":"wp","href":"https:\/\/api.w.org\/{rel}","templated":true}]}}