{"id":7422,"date":"2020-02-20T15:39:38","date_gmt":"2020-02-20T14:39:38","guid":{"rendered":"https:\/\/gironaprosport.com\/kalendar-sportovych-podujati\/"},"modified":"2021-08-03T16:05:56","modified_gmt":"2021-08-03T14:05:56","slug":"kalendar-sportovnich-akci","status":"publish","type":"page","link":"https:\/\/gironaprosport.com\/cs\/kalendar-sportovnich-akci\/","title":{"rendered":"Kalend\u00e1\u0159 sportovn\u00edch akc\u00ed"},"content":{"rendered":"<div class=\"wpb-content-wrapper\"><p>[vc_row et_uniqid=&#8220;et_custom_uniqid_5e501bab3bfd3&#8243; el_class=&#8220;gps-products&#8220;][vc_column][vc_column_text]<\/p>\n<h1>Kalend\u00e1\u0159 sportovn\u00edch akc\u00ed<\/h1>\n<p>Tento rok bude nabit\u00fd sportovn\u00edmi akcemi toho nejv\u011bt\u0161\u00edho form\u00e1tu, d\u00edt se toho na poli sportu bude ale daleko v\u00edce. Projd\u011bte si n\u00e1\u0161 podrobn\u00fd kalend\u00e1\u0159 a zjist\u011bte si, co se kdy d\u011bje ve va\u0161em obl\u00edben\u00e9m sportu![\/vc_column_text]        <link rel=\"stylesheet\" href=\"https:\/\/gironaprosport.com\/wp-content\/themes\/xstore\/css\/modules\/woocommerce\/global.min.css\" type=\"text\/css\" media=\"all\" \/> \t\t        <link rel=\"stylesheet\" href=\"https:\/\/gironaprosport.com\/wp-content\/themes\/xstore\/css\/modules\/woocommerce\/archive.min.css\" type=\"text\/css\" media=\"all\" \/> \t\t        <link rel=\"stylesheet\" href=\"https:\/\/gironaprosport.com\/wp-content\/themes\/xstore\/css\/modules\/woocommerce\/product-hovers\/product-view-default.min.css\" type=\"text\/css\" media=\"all\" \/> \t\t<div class=\"etheme_products etheme_products-r952 \" data-orderby=\"date\" data-order=\"ASC\" data-taxonomies=\"96\" data-columns=\"3\" data-per-page=\"6\">\t\t\t\t        <link rel=\"stylesheet\" href=\"https:\/\/gironaprosport.com\/wp-content\/themes\/xstore\/css\/modules\/woocommerce\/archive.min.css\" type=\"text\/css\" media=\"all\" \/> \t\t        <link rel=\"stylesheet\" href=\"https:\/\/gironaprosport.com\/wp-content\/themes\/xstore\/css\/modules\/woocommerce\/product-hovers\/product-view-default.min.css\" type=\"text\/css\" media=\"all\" \/> \t\t<div class=\"row products products-loop products-grid row-count-3\" data-row-count=\"3\">\n\n\t\t\t\t\r\n\t\t\t\t\t\t\t\t\t\r\n\t\t\t\t\t \t<div class=\"first grid-sizer col-md-4 col-sm-6 col-xs-6 product-hover-swap product-view-default view-color-white et_cart-on hide-hover-on-mobile product type-product post-10036 status-publish instock product_cat-cyklokemp-trenuj-s-trenerem product_cat-silnicni-cyklistika product_cat-treninkovy-kemp product_cat-triatlon-cs product_tag-8-dni-cs product_tag-silnicni-cyklistika product_tag-stredne-narocne-cs product_tag-tezke product_tag-trener-cs product_tag-treninkovy-kemp product_tag-triatlon-cs product_tag-wattmeter-cs has-post-thumbnail shipping-taxable purchasable product-type-event\">\n        \t\t<div class=\"content-product \">\n\t\t\t\n\t\t\t\n\t\t\t\t<div class=\"product-image-wrapper hover-effect-swap\"\n                    >\n\n\t\t\t\t\t\t\t\t\t\t        <a href=\"https:\/\/gironaprosport.com\/oblubene\/?add_to_wishlist=10036\" rel=\"nofollow noopener\" class='xstore-wishlist  xstore-wishlist-icon xstore-wishlist-has-animation' data-action='add' data-id='10036' data-settings='{\"iconAdd\":\"et-heart\",\"iconRemove\":\"et-heart-o\",\"addText\":\"Add to Wishlist\",\"removeText\":\"Remove from Wishlist\"}'>\n                                <span class=\"et-icon et-heart\"><\/span>\n                        <\/a>\n                                <a class=\"product-content-image woocommerce-LoopProduct-link woocommerce-loop-product__link\" href=\"https:\/\/gironaprosport.com\/cs\/produkt-cs\/jarni-treninkovy-kemp-v-girone-wattmetr-silnicni-kolo-a-triatlon\/\"\n                           data-images=\"\"\n                        >\n                            <div class=\"image-swap\"><img loading=\"lazy\" decoding=\"async\" width=\"360\" height=\"360\" src=\"https:\/\/gironaprosport.com\/wp-content\/uploads\/xstore\/xstore-placeholder-360x360.png\" data-src=\"https:\/\/gironaprosport.com\/wp-content\/uploads\/treningovy-kemp-wattmeter-3-360x360.jpg\" class=\" lazyload lazyload-simple et-lazyload-fadeIn\" alt=\"tr\u00e9ninkov\u00fd kemp wattmetr\" src=\"https:\/\/gironaprosport.com\/wp-content\/uploads\/xstore\/xstore-placeholder-360x360.png\" data-srcset=\"https:\/\/gironaprosport.com\/wp-content\/uploads\/treningovy-kemp-wattmeter-3-360x360.jpg 360w, https:\/\/gironaprosport.com\/wp-content\/uploads\/treningovy-kemp-wattmeter-3-150x150.jpg 150w, https:\/\/gironaprosport.com\/wp-content\/uploads\/treningovy-kemp-wattmeter-3-1x1.jpg 1w, https:\/\/gironaprosport.com\/wp-content\/uploads\/treningovy-kemp-wattmeter-3-600x600.jpg 600w, https:\/\/gironaprosport.com\/wp-content\/uploads\/treningovy-kemp-wattmeter-3-100x100.jpg 100w\" data-sizes=\"(max-width: 360px) 100vw, 360px\" \/><\/div><img loading=\"lazy\" decoding=\"async\" width=\"360\" height=\"360\" src=\"https:\/\/gironaprosport.com\/wp-content\/uploads\/treningovy-kemp-wattmeter-919-360x360.jpg\" class=\"attachment-woocommerce_thumbnail size-woocommerce_thumbnail\" alt=\"tr\u00e9ninkov\u00fd kemp wattmetr\" srcset=\"https:\/\/gironaprosport.com\/wp-content\/uploads\/treningovy-kemp-wattmeter-919-360x360.jpg 360w, https:\/\/gironaprosport.com\/wp-content\/uploads\/treningovy-kemp-wattmeter-919-300x300.jpg 300w, https:\/\/gironaprosport.com\/wp-content\/uploads\/treningovy-kemp-wattmeter-919-150x150.jpg 150w, https:\/\/gironaprosport.com\/wp-content\/uploads\/treningovy-kemp-wattmeter-919-1x1.jpg 1w, https:\/\/gironaprosport.com\/wp-content\/uploads\/treningovy-kemp-wattmeter-919-10x10.jpg 10w, https:\/\/gironaprosport.com\/wp-content\/uploads\/treningovy-kemp-wattmeter-919-600x600.jpg 600w, https:\/\/gironaprosport.com\/wp-content\/uploads\/treningovy-kemp-wattmeter-919-100x100.jpg 100w, https:\/\/gironaprosport.com\/wp-content\/uploads\/treningovy-kemp-wattmeter-919.jpg 750w\" sizes=\"auto, (max-width: 360px) 100vw, 360px\" \/>                        <\/a>\n\t\t\t\t\t\t\t\t\t\t\t<footer class=\"footer-product\">\n                            \t\t\t\t\t\t\t\t\t<span class=\"show-quickly\" data-prodid=\"10036\">Rychl\u00fd n\u00e1hled<\/span>\n\t\t\t\t\t\t\t\t                            \t\t\t\t\t\t<\/footer>\n\t\t\t\t\t\t\t\t\t<\/div>\n\n\t\t\t\t\n\t\t\t\t\t<div class=\"text-center product-details\"><div class=\"products-page-cats\"><a href=\"https:\/\/gironaprosport.com\/cs\/kategorie-produktu\/event-cs\/cyklokemp-trenuj-s-trenerem\/\" rel=\"tag\">Cyklokemp - tr\u00e9nuj s tren\u00e9rem<\/a>, <a href=\"https:\/\/gironaprosport.com\/cs\/kategorie-produktu\/event-cs\/silnicni-cyklistika\/\" rel=\"tag\">silni\u010dn\u00ed cyklistika<\/a>, <a href=\"https:\/\/gironaprosport.com\/cs\/kategorie-produktu\/event-cs\/treninkovy-kemp\/\" rel=\"tag\">tr\u00e9ninkov\u00fd kemp<\/a>, <a href=\"https:\/\/gironaprosport.com\/cs\/kategorie-produktu\/event-cs\/triatlon-cs\/\" rel=\"tag\">triatlon<\/a><\/div>\t\t\t\t\t\t\t<h2 class=\"product-title\">\n\t\t\t\t\t\t\t\t<a href=\"https:\/\/gironaprosport.com\/cs\/produkt-cs\/jarni-treninkovy-kemp-v-girone-wattmetr-silnicni-kolo-a-triatlon\/\">Jarn\u00ed tr\u00e9ninkov\u00fd kemp v Giron\u011b &#8211; wattmetr (silni\u010dn\u00ed kolo a triatlon)<\/a>\n                            <\/h2>\n\t\t\t\t\t\t\n\n\t\t\t\t\t\t<\/a><p class=\"product-excerpt\">Po\u0159\u00e1d\u00e1me v Giron\u011b tr\u00e9ninkov\u00fd kemp pro silni\u010dn\u00edch cyklist\u016f a triatlonist\u016f, kte\u0159\u00ed se cht\u011bj\u00ed nau\u010dit pracovat se...<\/p><div class=\"gps-grid-data-event-list\"><p><span class=\"id-label\">Data ud\u00e1lost\u00ed:<\/span><\/p><span class=\"id-data\"><ul><li>od 28.02.2022 do 07.03.2022<\/li><\/ul><\/span><\/div>\t<span id=\"woocommerce_loop_add_to_cart_link_describedby_10036\" class=\"screen-reader-text\">\n\t\t\t<\/span>\n\n                        \n                                        <\/div>\n\t\t\t\t\t\t\t\t\t         \t\t<\/div><!-- .content-product -->\n\t<\/div>\n\n\t\t\t\t\r\n\t\t\t\t\t\t\t\t\t\r\n\t\t\t\t\t \t<div class=\"last col-md-4 col-sm-6 col-xs-6 product-hover-swap product-view-default view-color-white et_cart-on hide-hover-on-mobile product type-product post-10028 status-publish first instock product_cat-cyklokemp-trenuj-s-trenerem product_cat-silnicni-cyklistika product_cat-treninkovy-kemp product_cat-triatlon-cs product_tag-8-dni-cs product_tag-lehke product_tag-silnicni-cyklistika product_tag-stredne-narocne-cs product_tag-tezke product_tag-trener-cs product_tag-treninkovy-kemp product_tag-triatlon-cs has-post-thumbnail shipping-taxable purchasable product-type-event\">\n        \t\t<div class=\"content-product \">\n\t\t\t\n\t\t\t\n\t\t\t\t<div class=\"product-image-wrapper hover-effect-swap\"\n                    >\n\n\t\t\t\t\t\t\t\t\t\t        <a href=\"https:\/\/gironaprosport.com\/oblubene\/?add_to_wishlist=6867\" rel=\"nofollow noopener\" class='xstore-wishlist  xstore-wishlist-icon xstore-wishlist-has-animation' data-action='add' data-id='6867' data-settings='{\"iconAdd\":\"et-heart\",\"iconRemove\":\"et-heart-o\",\"addText\":\"Add to Wishlist\",\"removeText\":\"Remove from Wishlist\"}'>\n                                <span class=\"et-icon et-heart\"><\/span>\n                        <\/a>\n                                <a class=\"product-content-image woocommerce-LoopProduct-link woocommerce-loop-product__link\" href=\"https:\/\/gironaprosport.com\/cs\/produkt-cs\/podzimni-treninkovy-kemp-cyklisticky-a-triatlon\/\"\n                           data-images=\"\"\n                        >\n                            <div class=\"image-swap\"><img loading=\"lazy\" decoding=\"async\" width=\"360\" height=\"360\" src=\"https:\/\/gironaprosport.com\/wp-content\/uploads\/xstore\/xstore-placeholder-360x360.png\" data-src=\"https:\/\/gironaprosport.com\/wp-content\/uploads\/jesenny-kemp-1-360x360.jpg\" class=\" lazyload lazyload-simple et-lazyload-fadeIn\" alt=\"podzimn\u00ed tr\u00e9ninkov\u00fd kemp\" src=\"https:\/\/gironaprosport.com\/wp-content\/uploads\/xstore\/xstore-placeholder-360x360.png\" data-srcset=\"https:\/\/gironaprosport.com\/wp-content\/uploads\/jesenny-kemp-1-360x360.jpg 360w, https:\/\/gironaprosport.com\/wp-content\/uploads\/jesenny-kemp-1-150x150.jpg 150w, https:\/\/gironaprosport.com\/wp-content\/uploads\/jesenny-kemp-1-1x1.jpg 1w, https:\/\/gironaprosport.com\/wp-content\/uploads\/jesenny-kemp-1-600x600.jpg 600w, https:\/\/gironaprosport.com\/wp-content\/uploads\/jesenny-kemp-1-100x100.jpg 100w\" data-sizes=\"(max-width: 360px) 100vw, 360px\" \/><\/div><img loading=\"lazy\" decoding=\"async\" width=\"360\" height=\"360\" src=\"https:\/\/gironaprosport.com\/wp-content\/uploads\/jesenny-kemp-4-360x360.jpg\" class=\"attachment-woocommerce_thumbnail size-woocommerce_thumbnail\" alt=\"podzimn\u00ed tr\u00e9ninkov\u00fd kemp\" srcset=\"https:\/\/gironaprosport.com\/wp-content\/uploads\/jesenny-kemp-4-360x360.jpg 360w, https:\/\/gironaprosport.com\/wp-content\/uploads\/jesenny-kemp-4-300x300.jpg 300w, https:\/\/gironaprosport.com\/wp-content\/uploads\/jesenny-kemp-4-150x150.jpg 150w, https:\/\/gironaprosport.com\/wp-content\/uploads\/jesenny-kemp-4-1x1.jpg 1w, https:\/\/gironaprosport.com\/wp-content\/uploads\/jesenny-kemp-4-10x10.jpg 10w, https:\/\/gironaprosport.com\/wp-content\/uploads\/jesenny-kemp-4-600x600.jpg 600w, https:\/\/gironaprosport.com\/wp-content\/uploads\/jesenny-kemp-4-100x100.jpg 100w, https:\/\/gironaprosport.com\/wp-content\/uploads\/jesenny-kemp-4.jpg 750w\" sizes=\"auto, (max-width: 360px) 100vw, 360px\" \/>                        <\/a>\n\t\t\t\t\t\t\t\t\t\t\t<footer class=\"footer-product\">\n                            \t\t\t\t\t\t\t\t\t<span class=\"show-quickly\" data-prodid=\"10028\">Rychl\u00fd n\u00e1hled<\/span>\n\t\t\t\t\t\t\t\t                            \t\t\t\t\t\t<\/footer>\n\t\t\t\t\t\t\t\t\t<\/div>\n\n\t\t\t\t\n\t\t\t\t\t<div class=\"text-center product-details\"><div class=\"products-page-cats\"><a href=\"https:\/\/gironaprosport.com\/cs\/kategorie-produktu\/event-cs\/cyklokemp-trenuj-s-trenerem\/\" rel=\"tag\">Cyklokemp - tr\u00e9nuj s tren\u00e9rem<\/a>, <a href=\"https:\/\/gironaprosport.com\/cs\/kategorie-produktu\/event-cs\/silnicni-cyklistika\/\" rel=\"tag\">silni\u010dn\u00ed cyklistika<\/a>, <a href=\"https:\/\/gironaprosport.com\/cs\/kategorie-produktu\/event-cs\/treninkovy-kemp\/\" rel=\"tag\">tr\u00e9ninkov\u00fd kemp<\/a>, <a href=\"https:\/\/gironaprosport.com\/cs\/kategorie-produktu\/event-cs\/triatlon-cs\/\" rel=\"tag\">triatlon<\/a><\/div>\t\t\t\t\t\t\t<h2 class=\"product-title\">\n\t\t\t\t\t\t\t\t<a href=\"https:\/\/gironaprosport.com\/cs\/produkt-cs\/podzimni-treninkovy-kemp-cyklisticky-a-triatlon\/\">Podzimn\u00ed tr\u00e9ninkov\u00fd kemp &#8211; cyklistick\u00fd a triatlon<\/a>\n                            <\/h2>\n\t\t\t\t\t\t\n\n\t\t\t\t\t\t<\/a><p class=\"product-excerpt\">Podzimn\u00ed tr\u00e9ninkov\u00fd kemp pro rekrea\u010dn\u00ed cyklisty a triatlonisty kte\u0159\u00ed cht\u011bj\u00ed zlep\u0161it z\u00e1vodn\u00ed schopnosti. Pro v\u0161echny...<\/p><div class=\"gps-grid-data-event-list\"><p><span class=\"id-label\">Data ud\u00e1lost\u00ed:<\/span><\/p><span class=\"id-data\"><ul><li>od 19.09.2022 do 25.09.2022<\/li><\/ul><\/span><\/div>\t<span id=\"woocommerce_loop_add_to_cart_link_describedby_10028\" class=\"screen-reader-text\">\n\t\t\t<\/span>\n\n                        \n                                        <\/div>\n\t\t\t\t\t\t\t\t\t         \t\t<\/div><!-- .content-product -->\n\t<\/div>\n\n\t\t\t\t\r\n\t\t\t\t\t\t\t\t\t\r\n\t\t\t\t\t \t<div class=\"col-md-4 col-sm-6 col-xs-6 product-hover-swap product-view-default view-color-white et_cart-on hide-hover-on-mobile product type-product post-9996 status-publish last instock product_cat-horsky-beh-trail-running-cs product_tag-beh-cs product_tag-horsky-beh-cs product_tag-pyreneje-cs product_tag-trail-run-cs product_tag-zavody has-post-thumbnail shipping-taxable purchasable product-type-event\">\n        \t\t<div class=\"content-product \">\n\t\t\t\n\t\t\t\n\t\t\t\t<div class=\"product-image-wrapper hover-effect-swap\"\n                    >\n\n\t\t\t\t\t\t\t\t\t\t        <a href=\"https:\/\/gironaprosport.com\/oblubene\/?add_to_wishlist=7126\" rel=\"nofollow noopener\" class='xstore-wishlist  xstore-wishlist-icon xstore-wishlist-has-animation' data-action='add' data-id='7126' data-settings='{\"iconAdd\":\"et-heart\",\"iconRemove\":\"et-heart-o\",\"addText\":\"Add to Wishlist\",\"removeText\":\"Remove from Wishlist\"}'>\n                                <span class=\"et-icon et-heart\"><\/span>\n                        <\/a>\n                                <a class=\"product-content-image woocommerce-LoopProduct-link woocommerce-loop-product__link\" href=\"https:\/\/gironaprosport.com\/cs\/produkt-cs\/mollo-trail-run-pyreneje-zavody-horsky-beh\/\"\n                           data-images=\"\"\n                        >\n                            <div class=\"image-swap\"><img loading=\"lazy\" decoding=\"async\" width=\"360\" height=\"360\" src=\"https:\/\/gironaprosport.com\/wp-content\/uploads\/xstore\/xstore-placeholder-360x360.png\" data-src=\"https:\/\/gironaprosport.com\/wp-content\/uploads\/mollo-trail-run-1-360x360.jpg\" class=\" lazyload lazyload-simple et-lazyload-fadeIn\" alt=\"trail run mollo\" src=\"https:\/\/gironaprosport.com\/wp-content\/uploads\/xstore\/xstore-placeholder-360x360.png\" data-srcset=\"https:\/\/gironaprosport.com\/wp-content\/uploads\/mollo-trail-run-1-360x360.jpg 360w, https:\/\/gironaprosport.com\/wp-content\/uploads\/mollo-trail-run-1-150x150.jpg 150w, https:\/\/gironaprosport.com\/wp-content\/uploads\/mollo-trail-run-1-1x1.jpg 1w, https:\/\/gironaprosport.com\/wp-content\/uploads\/mollo-trail-run-1-600x600.jpg 600w, https:\/\/gironaprosport.com\/wp-content\/uploads\/mollo-trail-run-1-100x100.jpg 100w\" data-sizes=\"(max-width: 360px) 100vw, 360px\" \/><\/div><img loading=\"lazy\" decoding=\"async\" width=\"360\" height=\"360\" src=\"https:\/\/gironaprosport.com\/wp-content\/uploads\/mollo-trail-run-360x360.jpg\" class=\"attachment-woocommerce_thumbnail size-woocommerce_thumbnail\" alt=\"mollo trail run\" srcset=\"https:\/\/gironaprosport.com\/wp-content\/uploads\/mollo-trail-run-360x360.jpg 360w, https:\/\/gironaprosport.com\/wp-content\/uploads\/mollo-trail-run-150x150.jpg 150w, https:\/\/gironaprosport.com\/wp-content\/uploads\/mollo-trail-run-1x1.jpg 1w, https:\/\/gironaprosport.com\/wp-content\/uploads\/mollo-trail-run-600x600.jpg 600w, https:\/\/gironaprosport.com\/wp-content\/uploads\/mollo-trail-run-100x100.jpg 100w\" sizes=\"auto, (max-width: 360px) 100vw, 360px\" \/>                        <\/a>\n\t\t\t\t\t\t\t\t\t\t\t<footer class=\"footer-product\">\n                            \t\t\t\t\t\t\t\t\t<span class=\"show-quickly\" data-prodid=\"9996\">Rychl\u00fd n\u00e1hled<\/span>\n\t\t\t\t\t\t\t\t                            \t\t\t\t\t\t<\/footer>\n\t\t\t\t\t\t\t\t\t<\/div>\n\n\t\t\t\t\n\t\t\t\t\t<div class=\"text-center product-details\"><div class=\"products-page-cats\"><a href=\"https:\/\/gironaprosport.com\/cs\/kategorie-produktu\/event-cs\/horsky-beh-trail-running-cs\/\" rel=\"tag\">horsk\u00fd b\u011bh \/ trail running<\/a><\/div>\t\t\t\t\t\t\t<h2 class=\"product-title\">\n\t\t\t\t\t\t\t\t<a href=\"https:\/\/gironaprosport.com\/cs\/produkt-cs\/mollo-trail-run-pyreneje-zavody-horsky-beh\/\">Mollo Trail Run Pyreneje &#8211; z\u00e1vody horsk\u00fd b\u011bh<\/a>\n                            <\/h2>\n\t\t\t\t\t\t\n\n\t\t\t\t\t\t<\/a><p class=\"product-excerpt\">Z\u00e1vody v horsk\u00e9m b\u011bhu Mollo Trail Pyreneje v kv\u011btnu 2022. Dv\u011b trasy - horsk\u00fd marat\u00f3n (43 km) a polmarat\u00f3n (20km). Tento...<\/p>\t<span id=\"woocommerce_loop_add_to_cart_link_describedby_9996\" class=\"screen-reader-text\">\n\t\t\t<\/span>\n\n                        \n                                        <\/div>\n\t\t\t\t\t\t\t\t\t         \t\t<\/div><!-- .content-product -->\n\t<\/div>\n\n\t\t\t\t\r\n\t\t\t\t\t\t\t\t\t\r\n\t\t\t\t\t \t<div class=\"first grid-sizer col-md-4 col-sm-6 col-xs-6 product-hover-swap product-view-default view-color-white et_cart-on hide-hover-on-mobile product type-product post-11320 status-publish instock product_cat-cyklokemp-trenuj-s-trenerem product_cat-event-cs product_cat-gravel-event-cs product_cat-treninkovy-kemp product_tag-8-dni-cs product_tag-gravel-cs product_tag-lehke product_tag-stredne-narocne-cs product_tag-tezke product_tag-trener-cs product_tag-treninkovy-kemp has-post-thumbnail shipping-taxable purchasable product-type-event\">\n        \t\t<div class=\"content-product \">\n\t\t\t\n\t\t\t\n\t\t\t\t<div class=\"product-image-wrapper hover-effect-swap\"\n                    >\n\n\t\t\t\t\t\t\t\t\t\t        <a href=\"https:\/\/gironaprosport.com\/oblubene\/?add_to_wishlist=11319\" rel=\"nofollow noopener\" class='xstore-wishlist  xstore-wishlist-icon xstore-wishlist-has-animation' data-action='add' data-id='11319' data-settings='{\"iconAdd\":\"et-heart\",\"iconRemove\":\"et-heart-o\",\"addText\":\"Add to Wishlist\",\"removeText\":\"Remove from Wishlist\"}'>\n                                <span class=\"et-icon et-heart\"><\/span>\n                        <\/a>\n                                <a class=\"product-content-image woocommerce-LoopProduct-link woocommerce-loop-product__link\" href=\"https:\/\/gironaprosport.com\/cs\/produkt-cs\/podzimni-treninkovy-kemp-cyklisticky-gravel\/\"\n                           data-images=\"\"\n                        >\n                            <div class=\"image-swap\"><img loading=\"lazy\" decoding=\"async\" width=\"360\" height=\"360\" src=\"https:\/\/gironaprosport.com\/wp-content\/uploads\/xstore\/xstore-placeholder-360x360.png\" data-src=\"https:\/\/gironaprosport.com\/wp-content\/uploads\/jesenny-kemp-1-360x360.jpg\" class=\" lazyload lazyload-simple et-lazyload-fadeIn\" alt=\"podzimn\u00ed tr\u00e9ninkov\u00fd kemp\" src=\"https:\/\/gironaprosport.com\/wp-content\/uploads\/xstore\/xstore-placeholder-360x360.png\" data-srcset=\"https:\/\/gironaprosport.com\/wp-content\/uploads\/jesenny-kemp-1-360x360.jpg 360w, https:\/\/gironaprosport.com\/wp-content\/uploads\/jesenny-kemp-1-150x150.jpg 150w, https:\/\/gironaprosport.com\/wp-content\/uploads\/jesenny-kemp-1-1x1.jpg 1w, https:\/\/gironaprosport.com\/wp-content\/uploads\/jesenny-kemp-1-600x600.jpg 600w, https:\/\/gironaprosport.com\/wp-content\/uploads\/jesenny-kemp-1-100x100.jpg 100w\" data-sizes=\"(max-width: 360px) 100vw, 360px\" \/><\/div><img loading=\"lazy\" decoding=\"async\" width=\"360\" height=\"360\" src=\"https:\/\/gironaprosport.com\/wp-content\/uploads\/jesenny-kemp-4-360x360.jpg\" class=\"attachment-woocommerce_thumbnail size-woocommerce_thumbnail\" alt=\"podzimn\u00ed tr\u00e9ninkov\u00fd kemp\" srcset=\"https:\/\/gironaprosport.com\/wp-content\/uploads\/jesenny-kemp-4-360x360.jpg 360w, https:\/\/gironaprosport.com\/wp-content\/uploads\/jesenny-kemp-4-300x300.jpg 300w, https:\/\/gironaprosport.com\/wp-content\/uploads\/jesenny-kemp-4-150x150.jpg 150w, https:\/\/gironaprosport.com\/wp-content\/uploads\/jesenny-kemp-4-1x1.jpg 1w, https:\/\/gironaprosport.com\/wp-content\/uploads\/jesenny-kemp-4-10x10.jpg 10w, https:\/\/gironaprosport.com\/wp-content\/uploads\/jesenny-kemp-4-600x600.jpg 600w, https:\/\/gironaprosport.com\/wp-content\/uploads\/jesenny-kemp-4-100x100.jpg 100w, https:\/\/gironaprosport.com\/wp-content\/uploads\/jesenny-kemp-4.jpg 750w\" sizes=\"auto, (max-width: 360px) 100vw, 360px\" \/>                        <\/a>\n\t\t\t\t\t\t\t\t\t\t\t<footer class=\"footer-product\">\n                            \t\t\t\t\t\t\t\t\t<span class=\"show-quickly\" data-prodid=\"11320\">Rychl\u00fd n\u00e1hled<\/span>\n\t\t\t\t\t\t\t\t                            \t\t\t\t\t\t<\/footer>\n\t\t\t\t\t\t\t\t\t<\/div>\n\n\t\t\t\t\n\t\t\t\t\t<div class=\"text-center product-details\"><div class=\"products-page-cats\"><a href=\"https:\/\/gironaprosport.com\/cs\/kategorie-produktu\/event-cs\/cyklokemp-trenuj-s-trenerem\/\" rel=\"tag\">Cyklokemp - tr\u00e9nuj s tren\u00e9rem<\/a>, <a href=\"https:\/\/gironaprosport.com\/cs\/kategorie-produktu\/event-cs\/\" rel=\"tag\">Event<\/a>, <a href=\"https:\/\/gironaprosport.com\/cs\/kategorie-produktu\/event-cs\/gravel-event-cs\/\" rel=\"tag\">gravel<\/a>, <a href=\"https:\/\/gironaprosport.com\/cs\/kategorie-produktu\/event-cs\/treninkovy-kemp\/\" rel=\"tag\">tr\u00e9ninkov\u00fd kemp<\/a><\/div>\t\t\t\t\t\t\t<h2 class=\"product-title\">\n\t\t\t\t\t\t\t\t<a href=\"https:\/\/gironaprosport.com\/cs\/produkt-cs\/podzimni-treninkovy-kemp-cyklisticky-gravel\/\">Podzimn\u00ed tr\u00e9ninkov\u00fd kemp &#8211; cyklistick\u00fd GRAVEL<\/a>\n                            <\/h2>\n\t\t\t\t\t\t\n\n\t\t\t\t\t\t<\/a><p class=\"product-excerpt\">Podzimn\u00ed tr\u00e9ninkov\u00fd kemp pro rekrea\u010dn\u00ed GRAVEL cyklisty.\u00a0 Pro v\u0161echny \u00farovn\u011b cyklisty - r\u016fzn\u00e9 skupiny.\u00a0 Datum kon\u00e1n\u00ed:...<\/p><div class=\"gps-grid-data-event-list\"><p><span class=\"id-label\">Data ud\u00e1lost\u00ed:<\/span><\/p><span class=\"id-data\"><ul><li>od 19.09.2022 do 25.09.2022<\/li><\/ul><\/span><\/div>\t<span id=\"woocommerce_loop_add_to_cart_link_describedby_11320\" class=\"screen-reader-text\">\n\t\t\t<\/span>\n\n                        \n                                        <\/div>\n\t\t\t\t\t\t\t\t\t         \t\t<\/div><!-- .content-product -->\n\t<\/div>\n\n\t\t\t\t\r\n\t\t\t\t\t\t\t\t\t\r\n\t\t\t\t\t \t<div class=\"last col-md-4 col-sm-6 col-xs-6 product-hover-swap product-view-default view-color-white et_cart-on hide-hover-on-mobile product type-product post-10020 status-publish first instock product_cat-cyklokemp-trenuj-s-trenerem product_cat-silnicni-cyklistika product_cat-treninkovy-kemp product_tag-7-dni-cs product_tag-costa-brava-cs product_tag-silnicni-cyklistika product_tag-stredne-narocne-cs product_tag-trener-cs product_tag-treninkovy-kemp has-post-thumbnail shipping-taxable purchasable product-type-event\">\n        \t\t<div class=\"content-product \">\n\t\t\t\n\t\t\t\n\t\t\t\t<div class=\"product-image-wrapper hover-effect-swap\"\n                    >\n\n\t\t\t\t\t\t\t\t\t\t        <a href=\"https:\/\/gironaprosport.com\/oblubene\/?add_to_wishlist=5600\" rel=\"nofollow noopener\" class='xstore-wishlist  xstore-wishlist-icon xstore-wishlist-has-animation' data-action='add' data-id='5600' data-settings='{\"iconAdd\":\"et-heart\",\"iconRemove\":\"et-heart-o\",\"addText\":\"Add to Wishlist\",\"removeText\":\"Remove from Wishlist\"}'>\n                                <span class=\"et-icon et-heart\"><\/span>\n                        <\/a>\n                                <a class=\"product-content-image woocommerce-LoopProduct-link woocommerce-loop-product__link\" href=\"https:\/\/gironaprosport.com\/cs\/produkt-cs\/cyklisticky-treninkovy-kemp-kveten\/\"\n                           data-images=\"\"\n                        >\n                            <div class=\"image-swap\"><img loading=\"lazy\" decoding=\"async\" width=\"360\" height=\"360\" src=\"https:\/\/gironaprosport.com\/wp-content\/uploads\/xstore\/xstore-placeholder-360x360.png\" data-src=\"https:\/\/gironaprosport.com\/wp-content\/uploads\/majovy-treningovy-kemp2-360x360.jpg\" class=\" lazyload lazyload-simple et-lazyload-fadeIn\" alt=\"cyklisticky treningovy kemp\" src=\"https:\/\/gironaprosport.com\/wp-content\/uploads\/xstore\/xstore-placeholder-360x360.png\" data-srcset=\"https:\/\/gironaprosport.com\/wp-content\/uploads\/majovy-treningovy-kemp2-360x360.jpg 360w, https:\/\/gironaprosport.com\/wp-content\/uploads\/majovy-treningovy-kemp2-150x150.jpg 150w, https:\/\/gironaprosport.com\/wp-content\/uploads\/majovy-treningovy-kemp2-1x1.jpg 1w, https:\/\/gironaprosport.com\/wp-content\/uploads\/majovy-treningovy-kemp2-100x100.jpg 100w\" data-sizes=\"(max-width: 360px) 100vw, 360px\" \/><\/div><img loading=\"lazy\" decoding=\"async\" width=\"360\" height=\"360\" src=\"https:\/\/gironaprosport.com\/wp-content\/uploads\/WhatsApp-Image-2019-08-07-at-17.49.205-360x360.jpeg\" class=\"attachment-woocommerce_thumbnail size-woocommerce_thumbnail\" alt=\"Cyklistick\u00fd tr\u00e9ninkov\u00fd kemp kv\u011bten\" srcset=\"https:\/\/gironaprosport.com\/wp-content\/uploads\/WhatsApp-Image-2019-08-07-at-17.49.205-360x360.jpeg 360w, https:\/\/gironaprosport.com\/wp-content\/uploads\/WhatsApp-Image-2019-08-07-at-17.49.205-100x100.jpeg 100w, https:\/\/gironaprosport.com\/wp-content\/uploads\/WhatsApp-Image-2019-08-07-at-17.49.205-600x601.jpeg 600w, https:\/\/gironaprosport.com\/wp-content\/uploads\/WhatsApp-Image-2019-08-07-at-17.49.205-300x300.jpeg 300w, https:\/\/gironaprosport.com\/wp-content\/uploads\/WhatsApp-Image-2019-08-07-at-17.49.205-150x150.jpeg 150w, https:\/\/gironaprosport.com\/wp-content\/uploads\/WhatsApp-Image-2019-08-07-at-17.49.205-768x769.jpeg 768w, https:\/\/gironaprosport.com\/wp-content\/uploads\/WhatsApp-Image-2019-08-07-at-17.49.205-1x1.jpeg 1w, https:\/\/gironaprosport.com\/wp-content\/uploads\/WhatsApp-Image-2019-08-07-at-17.49.205-10x10.jpeg 10w, https:\/\/gironaprosport.com\/wp-content\/uploads\/WhatsApp-Image-2019-08-07-at-17.49.205.jpeg 777w\" sizes=\"auto, (max-width: 360px) 100vw, 360px\" \/>                        <\/a>\n\t\t\t\t\t\t\t\t\t\t\t<footer class=\"footer-product\">\n                            \t\t\t\t\t\t\t\t\t<span class=\"show-quickly\" data-prodid=\"10020\">Rychl\u00fd n\u00e1hled<\/span>\n\t\t\t\t\t\t\t\t                            \t\t\t\t\t\t<\/footer>\n\t\t\t\t\t\t\t\t\t<\/div>\n\n\t\t\t\t\n\t\t\t\t\t<div class=\"text-center product-details\"><div class=\"products-page-cats\"><a href=\"https:\/\/gironaprosport.com\/cs\/kategorie-produktu\/event-cs\/cyklokemp-trenuj-s-trenerem\/\" rel=\"tag\">Cyklokemp - tr\u00e9nuj s tren\u00e9rem<\/a>, <a href=\"https:\/\/gironaprosport.com\/cs\/kategorie-produktu\/event-cs\/silnicni-cyklistika\/\" rel=\"tag\">silni\u010dn\u00ed cyklistika<\/a>, <a href=\"https:\/\/gironaprosport.com\/cs\/kategorie-produktu\/event-cs\/treninkovy-kemp\/\" rel=\"tag\">tr\u00e9ninkov\u00fd kemp<\/a><\/div>\t\t\t\t\t\t\t<h2 class=\"product-title\">\n\t\t\t\t\t\t\t\t<a href=\"https:\/\/gironaprosport.com\/cs\/produkt-cs\/cyklisticky-treninkovy-kemp-kveten\/\">Cyklistick\u00fd tr\u00e9ninkov\u00fd kemp kv\u011bten<\/a>\n                            <\/h2>\n\t\t\t\t\t\t\n\n\t\t\t\t\t\t<\/a><p class=\"product-excerpt\">Cyklistick\u00fd tr\u00e9ninkov\u00fd kemp zam\u011b\u0159en\u00fd na stoup\u00e1n\u00ed do kopc\u016f pro rekrea\u010dn\u00ed cyklisty kte\u0159\u00ed cht\u011bj\u00ed b\u00fdt p\u0159ipraveni na...<\/p><div class=\"gps-grid-data-event-list\"><p><span class=\"id-label\">Data ud\u00e1lost\u00ed:<\/span><\/p><span class=\"id-data\"><ul><li>od 16.05.2022 do 22.05.2022<\/li><\/ul><\/span><\/div>\t<span id=\"woocommerce_loop_add_to_cart_link_describedby_10020\" class=\"screen-reader-text\">\n\t\t\t<\/span>\n\n                        \n                                        <\/div>\n\t\t\t\t\t\t\t\t\t         \t\t<\/div><!-- .content-product -->\n\t<\/div>\n\n\t\t\t\t\r\n\t\t\t\t\t\t\t\t\t\r\n\t\t\t\t\t \t<div class=\"col-md-4 col-sm-6 col-xs-6 product-hover-swap product-view-default view-color-white et_cart-on hide-hover-on-mobile product type-product post-11797 status-publish last instock product_cat-cyklo-akce product_cat-cykloturistika-cs product_cat-event-en-cs product_cat-silnicni-cyklistika product_cat-silnicni-cyklistika-cyklozajezdy-girona product_tag-7-dni-cs product_tag-cykloturistika-cs product_tag-cyklozajezdy product_tag-pruvodce product_tag-pyreneje-cs product_tag-silnicni-cyklistika has-post-thumbnail shipping-taxable purchasable product-type-event\">\n        \t\t<div class=\"content-product \">\n\t\t\t\n\t\t\t\n\t\t\t\t<div class=\"product-image-wrapper hover-effect-swap\"\n                    >\n\n\t\t\t\t\t\t\t\t\t\t        <a href=\"https:\/\/gironaprosport.com\/oblubene\/?add_to_wishlist=11796\" rel=\"nofollow noopener\" class='xstore-wishlist  xstore-wishlist-icon xstore-wishlist-has-animation' data-action='add' data-id='11796' data-settings='{\"iconAdd\":\"et-heart\",\"iconRemove\":\"et-heart-o\",\"addText\":\"Add to Wishlist\",\"removeText\":\"Remove from Wishlist\"}'>\n                                <span class=\"et-icon et-heart\"><\/span>\n                        <\/a>\n                                <a class=\"product-content-image woocommerce-LoopProduct-link woocommerce-loop-product__link\" href=\"https:\/\/gironaprosport.com\/cs\/produkt-cs\/pyreneje-od-atlantiku-po-stredozemni-more-zari-2022\/\"\n                           data-images=\"\"\n                        >\n                            <div class=\"image-swap\"><img loading=\"lazy\" decoding=\"async\" width=\"360\" height=\"360\" src=\"https:\/\/gironaprosport.com\/wp-content\/uploads\/xstore\/xstore-placeholder-360x360.png\" data-src=\"https:\/\/gironaprosport.com\/wp-content\/uploads\/pyreneje-coast-to-coast-5-360x360.jpg\" class=\" lazyload lazyload-simple et-lazyload-fadeIn\" alt=\"pyreneje tour\" src=\"https:\/\/gironaprosport.com\/wp-content\/uploads\/xstore\/xstore-placeholder-360x360.png\" data-srcset=\"https:\/\/gironaprosport.com\/wp-content\/uploads\/pyreneje-coast-to-coast-5-360x360.jpg 360w, https:\/\/gironaprosport.com\/wp-content\/uploads\/pyreneje-coast-to-coast-5-150x150.jpg 150w, https:\/\/gironaprosport.com\/wp-content\/uploads\/pyreneje-coast-to-coast-5-1x1.jpg 1w, https:\/\/gironaprosport.com\/wp-content\/uploads\/pyreneje-coast-to-coast-5-600x600.jpg 600w, https:\/\/gironaprosport.com\/wp-content\/uploads\/pyreneje-coast-to-coast-5-100x100.jpg 100w\" data-sizes=\"(max-width: 360px) 100vw, 360px\" \/><\/div><img loading=\"lazy\" decoding=\"async\" width=\"360\" height=\"360\" src=\"https:\/\/gironaprosport.com\/wp-content\/uploads\/pyreneje-tourmalet-1-360x360.jpg\" class=\"attachment-woocommerce_thumbnail size-woocommerce_thumbnail\" alt=\"pyreneje coast to coast\" srcset=\"https:\/\/gironaprosport.com\/wp-content\/uploads\/pyreneje-tourmalet-1-360x360.jpg 360w, https:\/\/gironaprosport.com\/wp-content\/uploads\/pyreneje-tourmalet-1-150x150.jpg 150w, https:\/\/gironaprosport.com\/wp-content\/uploads\/pyreneje-tourmalet-1-1x1.jpg 1w, https:\/\/gironaprosport.com\/wp-content\/uploads\/pyreneje-tourmalet-1-600x600.jpg 600w, https:\/\/gironaprosport.com\/wp-content\/uploads\/pyreneje-tourmalet-1-100x100.jpg 100w\" sizes=\"auto, (max-width: 360px) 100vw, 360px\" \/>                        <\/a>\n\t\t\t\t\t\t\t\t\t\t\t<footer class=\"footer-product\">\n                            \t\t\t\t\t\t\t\t\t<span class=\"show-quickly\" data-prodid=\"11797\">Rychl\u00fd n\u00e1hled<\/span>\n\t\t\t\t\t\t\t\t                            \t\t\t\t\t\t<\/footer>\n\t\t\t\t\t\t\t\t\t<\/div>\n\n\t\t\t\t\n\t\t\t\t\t<div class=\"text-center product-details\"><div class=\"products-page-cats\"><a href=\"https:\/\/gironaprosport.com\/cs\/kategorie-produktu\/event-cs\/cyklo-akce\/\" rel=\"tag\">cyklo akce<\/a>, <a href=\"https:\/\/gironaprosport.com\/cs\/kategorie-produktu\/tour-cs\/cyklozajezdy-girona\/cykloturistika-cs\/\" rel=\"tag\">cykloturistika<\/a>, <a href=\"https:\/\/gironaprosport.com\/cs\/kategorie-produktu\/event-en-cs\/\" rel=\"tag\">Event<\/a>, <a href=\"https:\/\/gironaprosport.com\/cs\/kategorie-produktu\/event-cs\/silnicni-cyklistika\/\" rel=\"tag\">silni\u010dn\u00ed cyklistika<\/a>, <a href=\"https:\/\/gironaprosport.com\/cs\/kategorie-produktu\/tour-cs\/cyklozajezdy-girona\/silnicni-cyklistika-cyklozajezdy-girona\/\" rel=\"tag\">Silni\u010dn\u00ed cyklistika<\/a><\/div>\t\t\t\t\t\t\t<h2 class=\"product-title\">\n\t\t\t\t\t\t\t\t<a href=\"https:\/\/gironaprosport.com\/cs\/produkt-cs\/pyreneje-od-atlantiku-po-stredozemni-more-zari-2022\/\">Pyreneje &#8211; od Atlantiku po St\u0159edozemn\u00ed mo\u0159e Z\u00e1\u0159\u00ed 2022<\/a>\n                            <\/h2>\n\t\t\t\t\t\t\n\n\t\t\t\t\t\t<\/a><p class=\"product-excerpt\">Jezd\u011bte na kole p\u0159es cel\u00e9 Pyreneje, od Atlantiku a\u017e po St\u0159edozemn\u00ed mo\u0159e, Coast to Coast (C2C). B\u011bhem 7 dn\u00ed p\u0159ejdete...<\/p><div class=\"gps-grid-data-event-list\"><p><span class=\"id-label\">Data ud\u00e1lost\u00ed:<\/span><\/p><span class=\"id-data\"><ul><li>od 20.08.2022 do 27.08.2022<\/li><\/ul><\/span><\/div>\t<span id=\"woocommerce_loop_add_to_cart_link_describedby_11797\" class=\"screen-reader-text\">\n\t\t\t<\/span>\n\n                        \n                                        <\/div>\n\t\t\t\t\t\t\t\t\t         \t\t<\/div><!-- .content-product -->\n\t<\/div>\n\n\t\t\t\t\r\n\t\t\t\t\t\t\t\t\r\n\t\t\t\t<\/div> <!-- .row -->\t\t\t\t\t\r\n\t\t        <div class=\"et-load-block text-center et_load-products button-loading\">\r\n\t\t        \t<div class=\"et-loader no-lqip\"><svg class=\"loader-circular\" viewBox=\"25 25 50 50\" width=\"30\" height=\"30\"><circle class=\"loader-path\" cx=\"50\" cy=\"50\" r=\"20\" fill=\"none\" stroke-width=\"2\" stroke-miterlimit=\"10\"><\/circle><\/svg><\/div>\r\n\t\t        \t<span class=\"btn\">\r\n\t\t        \t\t<a data-paged=\"1\" data-max-paged=\"2\" data-limit=\"20\" data-nonce=\"ab636d876a\">Load More<\/a>\r\n\t\t        \t<\/span>\r\n\t\t        <\/div><\/div>[\/vc_column][\/vc_row]<\/p>\n<\/div>","protected":false},"excerpt":{"rendered":"<p>[vc_row et_uniqid=&#8220;et_custom_uniqid_5e501bab3bfd3&#8243; el_class=&#8220;gps-products&#8220;][vc_column][vc_column_text] Kalend\u00e1\u0159 sportovn\u00edch akc\u00ed Tento rok bude nabit\u00fd sportovn\u00edmi akcemi toho nejv\u011bt\u0161\u00edho form\u00e1tu, d\u00edt se toho na poli sportu bude ale daleko v\u00edce&#8230;.<\/p>\n","protected":false},"author":1,"featured_media":0,"parent":0,"menu_order":47,"comment_status":"closed","ping_status":"closed","template":"","meta":{"_monsterinsights_skip_tracking":false,"_monsterinsights_sitenote_active":false,"_monsterinsights_sitenote_note":"","_monsterinsights_sitenote_category":0,"footnotes":""},"class_list":["post-7422","page","type-page","status-publish","hentry"],"yoast_head":"<!-- This site is optimized with the Yoast SEO plugin v26.6 - https:\/\/yoast.com\/wordpress\/plugins\/seo\/ -->\n<title>Kalend\u00e1\u0159 sportovn\u00edch akc\u00ed - Girona ProSport<\/title>\n<meta name=\"robots\" content=\"index, follow, max-snippet:-1, max-image-preview:large, max-video-preview:-1\" \/>\n<link rel=\"canonical\" href=\"https:\/\/gironaprosport.com\/cs\/kalendar-sportovnich-akci\/\" \/>\n<meta property=\"og:locale\" content=\"cs_CZ\" \/>\n<meta property=\"og:type\" content=\"article\" \/>\n<meta property=\"og:title\" content=\"Kalend\u00e1\u0159 sportovn\u00edch akc\u00ed - Girona ProSport\" \/>\n<meta property=\"og:description\" content=\"[vc_row et_uniqid=&#8220;et_custom_uniqid_5e501bab3bfd3&#8243; el_class=&#8220;gps-products&#8220;][vc_column][vc_column_text] Kalend\u00e1\u0159 sportovn\u00edch akc\u00ed Tento rok bude nabit\u00fd sportovn\u00edmi akcemi toho nejv\u011bt\u0161\u00edho form\u00e1tu, d\u00edt se toho na poli sportu bude ale daleko v\u00edce....\" \/>\n<meta property=\"og:url\" content=\"https:\/\/gironaprosport.com\/cs\/kalendar-sportovnich-akci\/\" \/>\n<meta property=\"og:site_name\" content=\"Girona ProSport\" \/>\n<meta property=\"article:publisher\" content=\"http:\/\/fb.me\/gironaprosport\" \/>\n<meta property=\"article:modified_time\" content=\"2021-08-03T14:05:56+00:00\" \/>\n<meta name=\"twitter:card\" content=\"summary_large_image\" \/>\n<script type=\"application\/ld+json\" class=\"yoast-schema-graph\">{\"@context\":\"https:\/\/schema.org\",\"@graph\":[{\"@type\":\"WebPage\",\"@id\":\"https:\/\/gironaprosport.com\/cs\/kalendar-sportovnich-akci\/\",\"url\":\"https:\/\/gironaprosport.com\/cs\/kalendar-sportovnich-akci\/\",\"name\":\"Kalend\u00e1\u0159 sportovn\u00edch akc\u00ed - Girona ProSport\",\"isPartOf\":{\"@id\":\"https:\/\/gironaprosport.com\/cs\/#website\"},\"datePublished\":\"2020-02-20T14:39:38+00:00\",\"dateModified\":\"2021-08-03T14:05:56+00:00\",\"breadcrumb\":{\"@id\":\"https:\/\/gironaprosport.com\/cs\/kalendar-sportovnich-akci\/#breadcrumb\"},\"inLanguage\":\"cs\",\"potentialAction\":[{\"@type\":\"ReadAction\",\"target\":[\"https:\/\/gironaprosport.com\/cs\/kalendar-sportovnich-akci\/\"]}]},{\"@type\":\"BreadcrumbList\",\"@id\":\"https:\/\/gironaprosport.com\/cs\/kalendar-sportovnich-akci\/#breadcrumb\",\"itemListElement\":[{\"@type\":\"ListItem\",\"position\":1,\"name\":\"Domovsk\u00e1 str\u00e1nka\",\"item\":\"https:\/\/gironaprosport.com\/cs\/\"},{\"@type\":\"ListItem\",\"position\":2,\"name\":\"Kalend\u00e1\u0159 sportovn\u00edch akc\u00ed\"}]},{\"@type\":\"WebSite\",\"@id\":\"https:\/\/gironaprosport.com\/cs\/#website\",\"url\":\"https:\/\/gironaprosport.com\/cs\/\",\"name\":\"Girona ProSport\",\"description\":\"Cykloz\u00e1jazdy\",\"publisher\":{\"@id\":\"https:\/\/gironaprosport.com\/cs\/#organization\"},\"potentialAction\":[{\"@type\":\"SearchAction\",\"target\":{\"@type\":\"EntryPoint\",\"urlTemplate\":\"https:\/\/gironaprosport.com\/cs\/?s={search_term_string}\"},\"query-input\":{\"@type\":\"PropertyValueSpecification\",\"valueRequired\":true,\"valueName\":\"search_term_string\"}}],\"inLanguage\":\"cs\"},{\"@type\":\"Organization\",\"@id\":\"https:\/\/gironaprosport.com\/cs\/#organization\",\"name\":\"Girona PRO SPORT\",\"url\":\"https:\/\/gironaprosport.com\/cs\/\",\"logo\":{\"@type\":\"ImageObject\",\"inLanguage\":\"cs\",\"@id\":\"https:\/\/gironaprosport.com\/cs\/#\/schema\/logo\/image\/\",\"url\":\"https:\/\/gironaprosport.com\/wp-content\/uploads\/logo-gps_64.png\",\"contentUrl\":\"https:\/\/gironaprosport.com\/wp-content\/uploads\/logo-gps_64.png\",\"width\":320,\"height\":64,\"caption\":\"Girona PRO SPORT\"},\"image\":{\"@id\":\"https:\/\/gironaprosport.com\/cs\/#\/schema\/logo\/image\/\"},\"sameAs\":[\"http:\/\/fb.me\/gironaprosport\",\"http:\/\/instagram.com\/girona_prosport\/\",\"https:\/\/www.youtube.com\/channel\/UCv7gLuh2ONY6kESVj_3aSnA\"]}]}<\/script>\n<!-- \/ Yoast SEO plugin. -->","yoast_head_json":{"title":"Kalend\u00e1\u0159 sportovn\u00edch akc\u00ed - Girona ProSport","robots":{"index":"index","follow":"follow","max-snippet":"max-snippet:-1","max-image-preview":"max-image-preview:large","max-video-preview":"max-video-preview:-1"},"canonical":"https:\/\/gironaprosport.com\/cs\/kalendar-sportovnich-akci\/","og_locale":"cs_CZ","og_type":"article","og_title":"Kalend\u00e1\u0159 sportovn\u00edch akc\u00ed - Girona ProSport","og_description":"[vc_row et_uniqid=&#8220;et_custom_uniqid_5e501bab3bfd3&#8243; el_class=&#8220;gps-products&#8220;][vc_column][vc_column_text] Kalend\u00e1\u0159 sportovn\u00edch akc\u00ed Tento rok bude nabit\u00fd sportovn\u00edmi akcemi toho nejv\u011bt\u0161\u00edho form\u00e1tu, d\u00edt se toho na poli sportu bude ale daleko v\u00edce....","og_url":"https:\/\/gironaprosport.com\/cs\/kalendar-sportovnich-akci\/","og_site_name":"Girona ProSport","article_publisher":"http:\/\/fb.me\/gironaprosport","article_modified_time":"2021-08-03T14:05:56+00:00","twitter_card":"summary_large_image","schema":{"@context":"https:\/\/schema.org","@graph":[{"@type":"WebPage","@id":"https:\/\/gironaprosport.com\/cs\/kalendar-sportovnich-akci\/","url":"https:\/\/gironaprosport.com\/cs\/kalendar-sportovnich-akci\/","name":"Kalend\u00e1\u0159 sportovn\u00edch akc\u00ed - Girona ProSport","isPartOf":{"@id":"https:\/\/gironaprosport.com\/cs\/#website"},"datePublished":"2020-02-20T14:39:38+00:00","dateModified":"2021-08-03T14:05:56+00:00","breadcrumb":{"@id":"https:\/\/gironaprosport.com\/cs\/kalendar-sportovnich-akci\/#breadcrumb"},"inLanguage":"cs","potentialAction":[{"@type":"ReadAction","target":["https:\/\/gironaprosport.com\/cs\/kalendar-sportovnich-akci\/"]}]},{"@type":"BreadcrumbList","@id":"https:\/\/gironaprosport.com\/cs\/kalendar-sportovnich-akci\/#breadcrumb","itemListElement":[{"@type":"ListItem","position":1,"name":"Domovsk\u00e1 str\u00e1nka","item":"https:\/\/gironaprosport.com\/cs\/"},{"@type":"ListItem","position":2,"name":"Kalend\u00e1\u0159 sportovn\u00edch akc\u00ed"}]},{"@type":"WebSite","@id":"https:\/\/gironaprosport.com\/cs\/#website","url":"https:\/\/gironaprosport.com\/cs\/","name":"Girona ProSport","description":"Cykloz\u00e1jazdy","publisher":{"@id":"https:\/\/gironaprosport.com\/cs\/#organization"},"potentialAction":[{"@type":"SearchAction","target":{"@type":"EntryPoint","urlTemplate":"https:\/\/gironaprosport.com\/cs\/?s={search_term_string}"},"query-input":{"@type":"PropertyValueSpecification","valueRequired":true,"valueName":"search_term_string"}}],"inLanguage":"cs"},{"@type":"Organization","@id":"https:\/\/gironaprosport.com\/cs\/#organization","name":"Girona PRO SPORT","url":"https:\/\/gironaprosport.com\/cs\/","logo":{"@type":"ImageObject","inLanguage":"cs","@id":"https:\/\/gironaprosport.com\/cs\/#\/schema\/logo\/image\/","url":"https:\/\/gironaprosport.com\/wp-content\/uploads\/logo-gps_64.png","contentUrl":"https:\/\/gironaprosport.com\/wp-content\/uploads\/logo-gps_64.png","width":320,"height":64,"caption":"Girona PRO SPORT"},"image":{"@id":"https:\/\/gironaprosport.com\/cs\/#\/schema\/logo\/image\/"},"sameAs":["http:\/\/fb.me\/gironaprosport","http:\/\/instagram.com\/girona_prosport\/","https:\/\/www.youtube.com\/channel\/UCv7gLuh2ONY6kESVj_3aSnA"]}]}},"meta_box":[],"_links":{"self":[{"href":"https:\/\/gironaprosport.com\/cs\/wp-json\/wp\/v2\/pages\/7422","targetHints":{"allow":["GET"]}}],"collection":[{"href":"https:\/\/gironaprosport.com\/cs\/wp-json\/wp\/v2\/pages"}],"about":[{"href":"https:\/\/gironaprosport.com\/cs\/wp-json\/wp\/v2\/types\/page"}],"author":[{"embeddable":true,"href":"https:\/\/gironaprosport.com\/cs\/wp-json\/wp\/v2\/users\/1"}],"replies":[{"embeddable":true,"href":"https:\/\/gironaprosport.com\/cs\/wp-json\/wp\/v2\/comments?post=7422"}],"version-history":[{"count":0,"href":"https:\/\/gironaprosport.com\/cs\/wp-json\/wp\/v2\/pages\/7422\/revisions"}],"wp:attachment":[{"href":"https:\/\/gironaprosport.com\/cs\/wp-json\/wp\/v2\/media?parent=7422"}],"curies":[{"name":"wp","href":"https:\/\/api.w.org\/{rel}","templated":true}]}}