{"id":7400,"date":"2020-02-22T10:40:44","date_gmt":"2020-02-22T09:40:44","guid":{"rendered":"https:\/\/gironaprosport.com\/trenerske-sluzby\/"},"modified":"2021-08-10T13:48:50","modified_gmt":"2021-08-10T11:48:50","slug":"trenerske-sluzby-cs","status":"publish","type":"page","link":"https:\/\/gironaprosport.com\/cs\/sluzby-cs\/trenerske-sluzby-cs\/","title":{"rendered":"Tren\u00e9rsk\u00e9 slu\u017eby"},"content":{"rendered":"<div class=\"wpb-content-wrapper\"><p>[vc_row et_uniqid=&#8220;et_custom_uniqid_5e5663733546b&#8220; css=&#8220;.vc_custom_1582724590172{margin-right: 1px !important;margin-left: 1px !important;border-top-width: 1px !important;border-right-width: 1px !important;border-bottom-width: 1px !important;border-left-width: 1px !important;padding-top: 4vw !important;padding-right: 2vw !important;padding-bottom: 4vw !important;padding-left: 2vw !important;background-image: url(https:\/\/gironaprosport.com\/wp-content\/uploads\/trenerske-bg.jpg?id=5248) !important;background-position: center !important;background-repeat: no-repeat !important;background-size: cover !important;border-left-color: #e1e1e1 !important;border-left-style: solid !important;border-right-color: #e1e1e1 !important;border-right-style: solid !important;border-top-color: #e1e1e1 !important;border-top-style: solid !important;border-bottom-color: #e1e1e1 !important;border-bottom-style: solid !important;}&#8220;][vc_column width=&#8220;1\/2&#8243;][vc_custom_heading text=&#8220;Na\u0161e slu\u017eby&#8220; font_container=&#8220;tag:h4|font_size:14|text_align:left|line_height:40px&#8220; google_fonts=&#8220;font_family:Lato%3A100%2C100italic%2C300%2C300italic%2Cregular%2Citalic%2C700%2C700italic%2C900%2C900italic|font_style:900%20bold%20regular%3A900%3Anormal&#8220;][vc_custom_heading text=&#8220;Tren\u00e9rske slu\u017eby&#8220; font_container=&#8220;tag:h2|font_size:40|text_align:left|line_height:60px&#8220; google_fonts=&#8220;font_family:Lato%3A100%2C100italic%2C300%2C300italic%2Cregular%2Citalic%2C700%2C700italic%2C900%2C900italic|font_style:900%20bold%20regular%3A900%3Anormal&#8220;][vc_column_text]<strong>Nab\u00edz\u00edme individu\u00e1ln\u00ed cyklistick\u00e9 tr\u00e9ninkov\u00e9 programy,<\/strong> tak na p\u0159\u00edpravu r\u016fzn\u00fdch sportovn\u00edch akc\u00ed (marat\u00f3n, ironman, ultratrail, Gran Fondo, atd.), Kde V\u00e1s bude tren\u00e9r sledovat na d\u00e1lku (v\u00edce info zde &#8211; link na kategorii tr\u00e9ninkov\u00e9ho pl\u00e1nu), jako\u017e i<strong> tren\u00e9ra na V\u00e1\u0161 pobyt v Giron\u011b,<\/strong> p\u0159i kter\u00e9m bude tren\u00e9r ka\u017ed\u00fd den s V\u00e1mi jezdit \/ b\u011bhat, nastav\u00ed V\u00e1m program na cel\u00fd pobyt dle Va\u0161\u00ed aktu\u00e1ln\u00ed formy, a po pobytu v Giron\u011b budete m\u00edt mo\u017enost pokra\u010dovat ve spolupr\u00e1ci.[\/vc_column_text][\/vc_column][vc_column width=&#8220;1\/2&#8243;][\/vc_column][\/vc_row][vc_row][vc_column][vc_column_text]Dal\u0161\u00ed mo\u017enost\u00ed vyu\u017eit\u00ed na\u0161ich tren\u00e9r\u016f jsou <a href=\"https:\/\/gironaprosport.com\/kategoria-produktu\/event\/treningovy-kemp\/\" target=\"_blank\" rel=\"noopener\"><strong>amat\u00e9rsk\u00e9 tr\u00e9ninkov\u00e9 kempy<\/strong><\/a> kter\u00e9 v Giron\u011b po\u0159\u00e1daj\u00ed b\u011bhem cel\u00e9ho roku, v\u00edce info zde<\/p>\n<p>Mezi na\u0161e tren\u00e9ry pat\u0159\u00ed nap\u0159\u00edklad b\u00fdval\u00ed PRO jako Paul Kneppers, Ewa Komander, Edward Greene, Carl PASI, zda n\u00e1rodn\u00ed tren\u00e9r triatlonu Xavier Villasevil.<\/p>\n<p>Vyzkou\u0161ejte si jak se spolupracuje s profi tren\u00e9ry a zjist\u011bte jak se dok\u00e1\u017eete vylep\u0161it Va\u0161i tr\u00e9ninkovou p\u0159\u00edpravu, v\u00fdsledky V\u00e1s jist\u011b p\u0159ekvap\u00ed.[\/vc_column_text][\/vc_column][\/vc_row]<\/p>\n<\/div>","protected":false},"excerpt":{"rendered":"<p>[vc_row et_uniqid=&#8220;et_custom_uniqid_5e5663733546b&#8220; css=&#8220;.vc_custom_1582724590172{margin-right: 1px !important;margin-left: 1px !important;border-top-width: 1px !important;border-right-width: 1px !important;border-bottom-width: 1px !important;border-left-width: 1px !important;padding-top: 4vw !important;padding-right: 2vw !important;padding-bottom: 4vw !important;padding-left: 2vw !important;background-image: url(https:\/\/gironaprosport.com\/wp-content\/uploads\/trenerske-bg.jpg?id=5248) !important;background-position:&#8230;<\/p>\n","protected":false},"author":1,"featured_media":0,"parent":7418,"menu_order":101,"comment_status":"closed","ping_status":"closed","template":"","meta":{"_monsterinsights_skip_tracking":false,"_monsterinsights_sitenote_active":false,"_monsterinsights_sitenote_note":"","_monsterinsights_sitenote_category":0,"footnotes":""},"class_list":["post-7400","page","type-page","status-publish","hentry"],"yoast_head":"<!-- This site is optimized with the Yoast SEO plugin v26.6 - https:\/\/yoast.com\/wordpress\/plugins\/seo\/ -->\n<title>Profi cyklistick\u00e9 tren\u00e9rsk\u00e9 slu\u017eby - Girona \u0160pan\u011blsko - Girona ProSport<\/title>\n<meta name=\"description\" content=\"Sta\u0148te se profesion\u00e1ln\u00edm cyklistou v Giron\u011b \u0160pan\u011blsku - nab\u00edz\u00edme v\u00e1m kvalitn\u00ed profesion\u00e1ln\u00ed cyklistick\u00e9 tren\u00e9rsk\u00e9 slu\u017eby. V\u00edce na gironaprosport.com.\" \/>\n<meta name=\"robots\" content=\"index, follow, max-snippet:-1, max-image-preview:large, max-video-preview:-1\" \/>\n<link rel=\"canonical\" href=\"https:\/\/gironaprosport.com\/cs\/sluzby-cs\/trenerske-sluzby-cs\/\" \/>\n<meta property=\"og:locale\" content=\"cs_CZ\" \/>\n<meta property=\"og:type\" content=\"article\" \/>\n<meta property=\"og:title\" content=\"Profi cyklistick\u00e9 tren\u00e9rsk\u00e9 slu\u017eby - Girona \u0160pan\u011blsko - Girona ProSport\" \/>\n<meta property=\"og:description\" content=\"Sta\u0148te se profesion\u00e1ln\u00edm cyklistou v Giron\u011b \u0160pan\u011blsku - nab\u00edz\u00edme v\u00e1m kvalitn\u00ed profesion\u00e1ln\u00ed cyklistick\u00e9 tren\u00e9rsk\u00e9 slu\u017eby. V\u00edce na gironaprosport.com.\" \/>\n<meta property=\"og:url\" content=\"https:\/\/gironaprosport.com\/cs\/sluzby-cs\/trenerske-sluzby-cs\/\" \/>\n<meta property=\"og:site_name\" content=\"Girona ProSport\" \/>\n<meta property=\"article:publisher\" content=\"http:\/\/fb.me\/gironaprosport\" \/>\n<meta property=\"article:modified_time\" content=\"2021-08-10T11:48:50+00:00\" \/>\n<meta name=\"twitter:card\" content=\"summary_large_image\" \/>\n<meta name=\"twitter:label1\" content=\"Odhadovan\u00e1 doba \u010dten\u00ed\" \/>\n\t<meta name=\"twitter:data1\" content=\"2 minuty\" \/>\n<script type=\"application\/ld+json\" class=\"yoast-schema-graph\">{\"@context\":\"https:\/\/schema.org\",\"@graph\":[{\"@type\":\"WebPage\",\"@id\":\"https:\/\/gironaprosport.com\/cs\/sluzby-cs\/trenerske-sluzby-cs\/\",\"url\":\"https:\/\/gironaprosport.com\/cs\/sluzby-cs\/trenerske-sluzby-cs\/\",\"name\":\"Profi cyklistick\u00e9 tren\u00e9rsk\u00e9 slu\u017eby - Girona \u0160pan\u011blsko - Girona ProSport\",\"isPartOf\":{\"@id\":\"https:\/\/gironaprosport.com\/cs\/#website\"},\"datePublished\":\"2020-02-22T09:40:44+00:00\",\"dateModified\":\"2021-08-10T11:48:50+00:00\",\"description\":\"Sta\u0148te se profesion\u00e1ln\u00edm cyklistou v Giron\u011b \u0160pan\u011blsku - nab\u00edz\u00edme v\u00e1m kvalitn\u00ed profesion\u00e1ln\u00ed cyklistick\u00e9 tren\u00e9rsk\u00e9 slu\u017eby. V\u00edce na gironaprosport.com.\",\"breadcrumb\":{\"@id\":\"https:\/\/gironaprosport.com\/cs\/sluzby-cs\/trenerske-sluzby-cs\/#breadcrumb\"},\"inLanguage\":\"cs\",\"potentialAction\":[{\"@type\":\"ReadAction\",\"target\":[\"https:\/\/gironaprosport.com\/cs\/sluzby-cs\/trenerske-sluzby-cs\/\"]}]},{\"@type\":\"BreadcrumbList\",\"@id\":\"https:\/\/gironaprosport.com\/cs\/sluzby-cs\/trenerske-sluzby-cs\/#breadcrumb\",\"itemListElement\":[{\"@type\":\"ListItem\",\"position\":1,\"name\":\"Domovsk\u00e1 str\u00e1nka\",\"item\":\"https:\/\/gironaprosport.com\/cs\/\"},{\"@type\":\"ListItem\",\"position\":2,\"name\":\"Slu\u017eby\",\"item\":\"https:\/\/gironaprosport.com\/cs\/sluzby-cs\/\"},{\"@type\":\"ListItem\",\"position\":3,\"name\":\"Tren\u00e9rsk\u00e9 slu\u017eby\"}]},{\"@type\":\"WebSite\",\"@id\":\"https:\/\/gironaprosport.com\/cs\/#website\",\"url\":\"https:\/\/gironaprosport.com\/cs\/\",\"name\":\"Girona ProSport\",\"description\":\"Cykloz\u00e1jazdy\",\"publisher\":{\"@id\":\"https:\/\/gironaprosport.com\/cs\/#organization\"},\"potentialAction\":[{\"@type\":\"SearchAction\",\"target\":{\"@type\":\"EntryPoint\",\"urlTemplate\":\"https:\/\/gironaprosport.com\/cs\/?s={search_term_string}\"},\"query-input\":{\"@type\":\"PropertyValueSpecification\",\"valueRequired\":true,\"valueName\":\"search_term_string\"}}],\"inLanguage\":\"cs\"},{\"@type\":\"Organization\",\"@id\":\"https:\/\/gironaprosport.com\/cs\/#organization\",\"name\":\"Girona PRO SPORT\",\"url\":\"https:\/\/gironaprosport.com\/cs\/\",\"logo\":{\"@type\":\"ImageObject\",\"inLanguage\":\"cs\",\"@id\":\"https:\/\/gironaprosport.com\/cs\/#\/schema\/logo\/image\/\",\"url\":\"https:\/\/gironaprosport.com\/wp-content\/uploads\/logo-gps_64.png\",\"contentUrl\":\"https:\/\/gironaprosport.com\/wp-content\/uploads\/logo-gps_64.png\",\"width\":320,\"height\":64,\"caption\":\"Girona PRO SPORT\"},\"image\":{\"@id\":\"https:\/\/gironaprosport.com\/cs\/#\/schema\/logo\/image\/\"},\"sameAs\":[\"http:\/\/fb.me\/gironaprosport\",\"http:\/\/instagram.com\/girona_prosport\/\",\"https:\/\/www.youtube.com\/channel\/UCv7gLuh2ONY6kESVj_3aSnA\"]}]}<\/script>\n<!-- \/ Yoast SEO plugin. -->","yoast_head_json":{"title":"Profi cyklistick\u00e9 tren\u00e9rsk\u00e9 slu\u017eby - Girona \u0160pan\u011blsko - Girona ProSport","description":"Sta\u0148te se profesion\u00e1ln\u00edm cyklistou v Giron\u011b \u0160pan\u011blsku - nab\u00edz\u00edme v\u00e1m kvalitn\u00ed profesion\u00e1ln\u00ed cyklistick\u00e9 tren\u00e9rsk\u00e9 slu\u017eby. V\u00edce na gironaprosport.com.","robots":{"index":"index","follow":"follow","max-snippet":"max-snippet:-1","max-image-preview":"max-image-preview:large","max-video-preview":"max-video-preview:-1"},"canonical":"https:\/\/gironaprosport.com\/cs\/sluzby-cs\/trenerske-sluzby-cs\/","og_locale":"cs_CZ","og_type":"article","og_title":"Profi cyklistick\u00e9 tren\u00e9rsk\u00e9 slu\u017eby - Girona \u0160pan\u011blsko - Girona ProSport","og_description":"Sta\u0148te se profesion\u00e1ln\u00edm cyklistou v Giron\u011b \u0160pan\u011blsku - nab\u00edz\u00edme v\u00e1m kvalitn\u00ed profesion\u00e1ln\u00ed cyklistick\u00e9 tren\u00e9rsk\u00e9 slu\u017eby. V\u00edce na gironaprosport.com.","og_url":"https:\/\/gironaprosport.com\/cs\/sluzby-cs\/trenerske-sluzby-cs\/","og_site_name":"Girona ProSport","article_publisher":"http:\/\/fb.me\/gironaprosport","article_modified_time":"2021-08-10T11:48:50+00:00","twitter_card":"summary_large_image","twitter_misc":{"Odhadovan\u00e1 doba \u010dten\u00ed":"2 minuty"},"schema":{"@context":"https:\/\/schema.org","@graph":[{"@type":"WebPage","@id":"https:\/\/gironaprosport.com\/cs\/sluzby-cs\/trenerske-sluzby-cs\/","url":"https:\/\/gironaprosport.com\/cs\/sluzby-cs\/trenerske-sluzby-cs\/","name":"Profi cyklistick\u00e9 tren\u00e9rsk\u00e9 slu\u017eby - Girona \u0160pan\u011blsko - Girona ProSport","isPartOf":{"@id":"https:\/\/gironaprosport.com\/cs\/#website"},"datePublished":"2020-02-22T09:40:44+00:00","dateModified":"2021-08-10T11:48:50+00:00","description":"Sta\u0148te se profesion\u00e1ln\u00edm cyklistou v Giron\u011b \u0160pan\u011blsku - nab\u00edz\u00edme v\u00e1m kvalitn\u00ed profesion\u00e1ln\u00ed cyklistick\u00e9 tren\u00e9rsk\u00e9 slu\u017eby. V\u00edce na gironaprosport.com.","breadcrumb":{"@id":"https:\/\/gironaprosport.com\/cs\/sluzby-cs\/trenerske-sluzby-cs\/#breadcrumb"},"inLanguage":"cs","potentialAction":[{"@type":"ReadAction","target":["https:\/\/gironaprosport.com\/cs\/sluzby-cs\/trenerske-sluzby-cs\/"]}]},{"@type":"BreadcrumbList","@id":"https:\/\/gironaprosport.com\/cs\/sluzby-cs\/trenerske-sluzby-cs\/#breadcrumb","itemListElement":[{"@type":"ListItem","position":1,"name":"Domovsk\u00e1 str\u00e1nka","item":"https:\/\/gironaprosport.com\/cs\/"},{"@type":"ListItem","position":2,"name":"Slu\u017eby","item":"https:\/\/gironaprosport.com\/cs\/sluzby-cs\/"},{"@type":"ListItem","position":3,"name":"Tren\u00e9rsk\u00e9 slu\u017eby"}]},{"@type":"WebSite","@id":"https:\/\/gironaprosport.com\/cs\/#website","url":"https:\/\/gironaprosport.com\/cs\/","name":"Girona ProSport","description":"Cykloz\u00e1jazdy","publisher":{"@id":"https:\/\/gironaprosport.com\/cs\/#organization"},"potentialAction":[{"@type":"SearchAction","target":{"@type":"EntryPoint","urlTemplate":"https:\/\/gironaprosport.com\/cs\/?s={search_term_string}"},"query-input":{"@type":"PropertyValueSpecification","valueRequired":true,"valueName":"search_term_string"}}],"inLanguage":"cs"},{"@type":"Organization","@id":"https:\/\/gironaprosport.com\/cs\/#organization","name":"Girona PRO SPORT","url":"https:\/\/gironaprosport.com\/cs\/","logo":{"@type":"ImageObject","inLanguage":"cs","@id":"https:\/\/gironaprosport.com\/cs\/#\/schema\/logo\/image\/","url":"https:\/\/gironaprosport.com\/wp-content\/uploads\/logo-gps_64.png","contentUrl":"https:\/\/gironaprosport.com\/wp-content\/uploads\/logo-gps_64.png","width":320,"height":64,"caption":"Girona PRO SPORT"},"image":{"@id":"https:\/\/gironaprosport.com\/cs\/#\/schema\/logo\/image\/"},"sameAs":["http:\/\/fb.me\/gironaprosport","http:\/\/instagram.com\/girona_prosport\/","https:\/\/www.youtube.com\/channel\/UCv7gLuh2ONY6kESVj_3aSnA"]}]}},"meta_box":[],"_links":{"self":[{"href":"https:\/\/gironaprosport.com\/cs\/wp-json\/wp\/v2\/pages\/7400","targetHints":{"allow":["GET"]}}],"collection":[{"href":"https:\/\/gironaprosport.com\/cs\/wp-json\/wp\/v2\/pages"}],"about":[{"href":"https:\/\/gironaprosport.com\/cs\/wp-json\/wp\/v2\/types\/page"}],"author":[{"embeddable":true,"href":"https:\/\/gironaprosport.com\/cs\/wp-json\/wp\/v2\/users\/1"}],"replies":[{"embeddable":true,"href":"https:\/\/gironaprosport.com\/cs\/wp-json\/wp\/v2\/comments?post=7400"}],"version-history":[{"count":0,"href":"https:\/\/gironaprosport.com\/cs\/wp-json\/wp\/v2\/pages\/7400\/revisions"}],"up":[{"embeddable":true,"href":"https:\/\/gironaprosport.com\/cs\/wp-json\/wp\/v2\/pages\/7418"}],"wp:attachment":[{"href":"https:\/\/gironaprosport.com\/cs\/wp-json\/wp\/v2\/media?parent=7400"}],"curies":[{"name":"wp","href":"https:\/\/api.w.org\/{rel}","templated":true}]}}