{"id":7336,"date":"2020-12-30T13:27:05","date_gmt":"2020-12-30T12:27:05","guid":{"rendered":"https:\/\/gironaprosport.com\/cestovne-kancelarie\/"},"modified":"2021-08-09T15:30:25","modified_gmt":"2021-08-09T13:30:25","slug":"cestovni-kancelare","status":"publish","type":"page","link":"https:\/\/gironaprosport.com\/cs\/b2b-cs\/cestovni-kancelare\/","title":{"rendered":"Cestovn\u00ed kancel\u00e1\u0159e"},"content":{"rendered":"<div class=\"wpb-content-wrapper\"><p>[vc_row et_uniqid=&#8220;et_custom_uniqid_5e5663733546b&#8220; css=&#8220;.vc_custom_1609333188523{margin-right: 1px !important;margin-left: 1px !important;border-top-width: 1px !important;border-right-width: 1px !important;border-bottom-width: 1px !important;border-left-width: 1px !important;padding-top: 4vw !important;padding-right: 2vw !important;padding-bottom: 4vw !important;padding-left: 2vw !important;background-image: url(https:\/\/gironaprosport.com\/wp-content\/uploads\/ubytovanie-bg.jpg?id=5233) !important;background-position: center !important;background-repeat: no-repeat !important;background-size: cover !important;border-left-color: #e1e1e1 !important;border-left-style: solid !important;border-right-color: #e1e1e1 !important;border-right-style: solid !important;border-top-color: #e1e1e1 !important;border-top-style: solid !important;border-bottom-color: #e1e1e1 !important;border-bottom-style: solid !important;}&#8220; _et_uniqid=&#8220;et_custom_uniqid_new_5fec78d10c35e&#8220;][vc_column width=&#8220;1\/2&#8243;][vc_custom_heading text=&#8220;Spolupr\u00e1ca&#8220; font_container=&#8220;tag:h4|font_size:14|text_align:left|line_height:40px&#8220; google_fonts=&#8220;font_family:Lato%3A100%2C100italic%2C300%2C300italic%2Cregular%2Citalic%2C700%2C700italic%2C900%2C900italic|font_style:900%20bold%20regular%3A900%3Anormal&#8220;][vc_custom_heading text=&#8220;Cestovn\u00ed kancel\u00e1\u0159e&#8220; font_container=&#8220;tag:h2|font_size:40|text_align:left|line_height:60px&#8220; google_fonts=&#8220;font_family:Lato%3A100%2C100italic%2C300%2C300italic%2Cregular%2Citalic%2C700%2C700italic%2C900%2C900italic|font_style:900%20bold%20regular%3A900%3Anormal&#8220;][vc_column_text]<strong>Aktivn\u00ed dovolen\u00e1 ve \u0160pan\u011blsku<\/strong>. Pro cestovn\u00ed kancel\u00e1\u0159e nab\u00edz\u00edme dva r\u016fzn\u00e9 zp\u016fsoby spolupr\u00e1ce. Tou prvn\u00ed je <strong>komisn\u00ed prodej na\u0161ich z\u00e1jezd\u016f aktivn\u00ed dovolen\u00e9<\/strong>. Druhou mo\u017enost\u00ed je spolupr\u00e1ce p\u0159i organizaci Va\u0161ich vlastn\u00edch z\u00e1jezd\u016f pro Va\u0161e klienty do regionu Costa Brava &#8211; Girona &#8211; Pyreneje.<\/p>\n<p>Specializujeme se na z\u00e1jezdy <strong>aktivn\u00ed dovolen\u00e9<\/strong>, <strong>cykloturistiku<\/strong>, cykloz\u00e1jezdy, z\u00e1jezdy p\u011b\u0161\u00ed turistiky tak po Costa Brave jako\u017e i v Pyrenej\u00edch, etapov\u00e9 z\u00e1jezdy, pobyty pro <strong>rodiny s d\u011btmi<\/strong>, teambulding\u016f, <strong>v\u00edkendov\u00e9 pobyty u mo\u0159e<\/strong>, z\u00e1jezdy pro skupiny ale tak\u00e9<strong> dovolen\u00e1 pro singles<\/strong>.[\/vc_column_text][\/vc_column][vc_column width=&#8220;1\/2&#8243;][\/vc_column][\/vc_row][vc_row][vc_column][vc_column_text]Mezi <a href=\"https:\/\/gironaprosport.com\/cs\/sluzby-cs\/\" target=\"_blank\" rel=\"noopener noreferrer\"><strong>slu\u017eby kter\u00e9 nab\u00edz\u00edme<\/strong>\u00a0<\/a>slu\u017eby kter\u00e9 nab\u00edz\u00edme pat\u0159\u00ed <strong>ubytov\u00e1n\u00ed<\/strong> (turistick\u00e9 apartm\u00e1ny, venkovsk\u00e9 vily, hotely r\u016fzn\u00fdch kategorii adaptovan\u00e9 na sportovn\u00ed turistiku), <strong>pron\u00e1jem kol<\/strong>, tren\u00e9rsk\u00e9 a <strong>pr\u016fvodcovsk\u00e9 slu\u017eby<\/strong>,<strong> transfery<\/strong>, <strong>n\u00e1v\u0161t\u011bvy vinn\u00fdch sklep\u016f<\/strong>, pomoc p\u0159i <strong>p\u0159\u00edprav\u011b gastronomick\u00fdch z\u00e1jezd\u016f<\/strong> (region je bohat\u00fd na restaurace s michelinsk\u00fdmi hv\u011bzdi\u010dkami ), <strong>zaji\u0161t\u011bn\u00ed kulturn\u00edho programu<\/strong> (muzea, dali, architektura, starov\u011bk\u00e9 \u0159\u00edmsk\u00e9 a iberick\u00e9 vykop\u00e1vky, atd.) p\u0159\u00edpadn\u00e9 jin\u00e9 slu\u017eby spojen\u00e9 s turistikou.<\/p>\n<p>Jsme \u010dleny <strong><a href=\"https:\/\/en.costabrava.org\/what-to-do\/nature-and-active-tourism\/sports-tourism\/gironaprosport-115632\" target=\"_blank\" rel=\"noopener noreferrer\">patron\u00e1tu turistiky a cestovn\u00edho ruchu Costa Brava &#8211; Girona<\/a><\/strong>.<\/p>\n<p>Kontaktujte n\u00e1s a r\u00e1di s V\u00e1mi probereme p\u0159\u00edpadnou spolupr\u00e1ci[\/vc_column_text][\/vc_column][\/vc_row][vc_row][vc_column]\n<div class=\"wpcf7 no-js\" id=\"wpcf7-f6086-o1\" lang=\"sk-SK\" dir=\"ltr\" data-wpcf7-id=\"6086\">\n<div class=\"screen-reader-response\"><p role=\"status\" aria-live=\"polite\" aria-atomic=\"true\"><\/p> <ul><\/ul><\/div>\n<form action=\"\/cs\/wp-json\/wp\/v2\/pages\/7336#wpcf7-f6086-o1\" method=\"post\" class=\"wpcf7-form init\" aria-label=\"Kontaktn\u00fd formul\u00e1r\" novalidate=\"novalidate\" data-status=\"init\">\n<fieldset class=\"hidden-fields-container\"><input type=\"hidden\" name=\"_wpcf7\" value=\"6086\" \/><input type=\"hidden\" name=\"_wpcf7_version\" value=\"6.1.4\" \/><input type=\"hidden\" name=\"_wpcf7_locale\" value=\"sk_SK\" \/><input type=\"hidden\" name=\"_wpcf7_unit_tag\" value=\"wpcf7-f6086-o1\" \/><input type=\"hidden\" name=\"_wpcf7_container_post\" value=\"0\" \/><input type=\"hidden\" name=\"_wpcf7_posted_data_hash\" value=\"\" \/>\n<\/fieldset>\n<div class=\"row\">\n\t<div class=\"col-sm-4 col-left\" style=\"margin-bottom: 1em;\">\n\t\t<p><span class=\"wpcf7-form-control-wrap\" data-name=\"your-name\"><input size=\"40\" maxlength=\"400\" class=\"wpcf7-form-control wpcf7-text wpcf7-validates-as-required\" aria-required=\"true\" aria-invalid=\"false\" placeholder=\"Va\u0161e meno\" value=\"\" type=\"text\" name=\"your-name\" \/><\/span>\n\t\t<\/p>\n\t<\/div>\n\t<div class=\"col-sm-4 col-right\" style=\"margin-bottom: 1em;\">\n\t\t<p><span class=\"wpcf7-form-control-wrap\" data-name=\"your-email\"><input size=\"40\" maxlength=\"400\" class=\"wpcf7-form-control wpcf7-email wpcf7-validates-as-required wpcf7-text wpcf7-validates-as-email\" aria-required=\"true\" aria-invalid=\"false\" placeholder=\"V\u00e1\u0161 email\" value=\"\" type=\"email\" name=\"your-email\" \/><\/span>\n\t\t<\/p>\n\t<\/div>\n\t<div class=\"col-sm-4 col-right\" style=\"margin-bottom: 1em;\">\n\t\t<p><span class=\"wpcf7-form-control-wrap\" data-name=\"your-phone\"><input size=\"40\" maxlength=\"400\" class=\"wpcf7-form-control wpcf7-tel wpcf7-text wpcf7-validates-as-tel\" aria-invalid=\"false\" placeholder=\"Va\u0161e telef\u00f3ne \u010d\u00edslo\" value=\"\" type=\"tel\" name=\"your-phone\" \/><\/span>\n\t\t<\/p>\n\t<\/div>\n<\/div>\n<div class=\"row\">\n\t<div class=\"col-sm-12\">\n\t\t<p><span class=\"wpcf7-form-control-wrap\" data-name=\"your-message\"><textarea cols=\"40\" rows=\"5\" maxlength=\"2000\" class=\"wpcf7-form-control wpcf7-textarea\" aria-invalid=\"false\" placeholder=\"Va\u0161a spr\u00e1va\" name=\"your-message\"><\/textarea><\/span>\n\t\t<\/p>\n\t<\/div>\n<\/div>\n<div class=\"row\">\n\t<div class=\"col-sm-12\">\n\t\t<p><span class=\"wpcf7-form-control-wrap\" data-name=\"your-acceptance\"><span class=\"wpcf7-form-control wpcf7-acceptance\"><span class=\"wpcf7-list-item\"><label><input type=\"checkbox\" name=\"your-acceptance\" value=\"1\" aria-invalid=\"false\" \/><span class=\"wpcf7-list-item-label\">S\u00fahlas\u00edm s podmienkami sprac\u00favania osobn\u00fdch \u00fadajov pod\u013ea <a href=\"\/ochrana-osobnych-udajov\/\" target=\"_blank\">Z\u00e1sad ochrany osobn\u00fdch \u00fadajov<\/a><\/span><\/label><\/span><\/span><\/span>\n\t\t<\/p>\n\t<\/div>\n<\/div>\n<div class=\"row\">\n\t<div class=\"col-sm-12\">\n\t\t<p><input class=\"wpcf7-form-control wpcf7-submit has-spinner\" type=\"submit\" value=\"Odosla\u0165 dopyt\" \/>\n\t\t<\/p>\n\t<\/div>\n<\/div><div class=\"wpcf7-response-output\" aria-hidden=\"true\"><\/div>\n<\/form>\n<\/div>\n[\/vc_column][\/vc_row]<\/p>\n<\/div>","protected":false},"excerpt":{"rendered":"<p>[vc_row et_uniqid=&#8220;et_custom_uniqid_5e5663733546b&#8220; css=&#8220;.vc_custom_1609333188523{margin-right: 1px !important;margin-left: 1px !important;border-top-width: 1px !important;border-right-width: 1px !important;border-bottom-width: 1px !important;border-left-width: 1px !important;padding-top: 4vw !important;padding-right: 2vw !important;padding-bottom: 4vw !important;padding-left: 2vw !important;background-image: url(https:\/\/gironaprosport.com\/wp-content\/uploads\/ubytovanie-bg.jpg?id=5233) !important;background-position:&#8230;<\/p>\n","protected":false},"author":2,"featured_media":0,"parent":7346,"menu_order":4,"comment_status":"closed","ping_status":"closed","template":"","meta":{"_monsterinsights_skip_tracking":false,"_monsterinsights_sitenote_active":false,"_monsterinsights_sitenote_note":"","_monsterinsights_sitenote_category":0,"footnotes":""},"class_list":["post-7336","page","type-page","status-publish","hentry"],"yoast_head":"<!-- This site is optimized with the Yoast SEO plugin v26.6 - https:\/\/yoast.com\/wordpress\/plugins\/seo\/ -->\n<title>Cestovn\u00ed kancel\u00e1\u0159e - Girona ProSport<\/title>\n<meta name=\"description\" content=\"Nab\u00edz\u00edme spolupr\u00e1ci p\u0159i organizov\u00e1n\u00ed aktivn\u00ed dovolen\u00e9 ve \u0160pan\u011blsku pro cestovn\u00ed kancel\u00e1\u0159e. Jsme \u010dlenem patron\u00e1tu turismu Costa Brava Girona\" \/>\n<meta name=\"robots\" content=\"index, follow, max-snippet:-1, max-image-preview:large, max-video-preview:-1\" \/>\n<link rel=\"canonical\" href=\"https:\/\/gironaprosport.com\/cs\/b2b-cs\/cestovni-kancelare\/\" \/>\n<meta property=\"og:locale\" content=\"cs_CZ\" \/>\n<meta property=\"og:type\" content=\"article\" \/>\n<meta property=\"og:title\" content=\"Cestovn\u00ed kancel\u00e1\u0159e - Girona ProSport\" \/>\n<meta property=\"og:description\" content=\"Nab\u00edz\u00edme spolupr\u00e1ci p\u0159i organizov\u00e1n\u00ed aktivn\u00ed dovolen\u00e9 ve \u0160pan\u011blsku pro cestovn\u00ed kancel\u00e1\u0159e. Jsme \u010dlenem patron\u00e1tu turismu Costa Brava Girona\" \/>\n<meta property=\"og:url\" content=\"https:\/\/gironaprosport.com\/cs\/b2b-cs\/cestovni-kancelare\/\" \/>\n<meta property=\"og:site_name\" content=\"Girona ProSport\" \/>\n<meta property=\"article:publisher\" content=\"http:\/\/fb.me\/gironaprosport\" \/>\n<meta property=\"article:modified_time\" content=\"2021-08-09T13:30:25+00:00\" \/>\n<meta name=\"twitter:card\" content=\"summary_large_image\" \/>\n<meta name=\"twitter:label1\" content=\"Odhadovan\u00e1 doba \u010dten\u00ed\" \/>\n\t<meta name=\"twitter:data1\" content=\"2 minuty\" \/>\n<script type=\"application\/ld+json\" class=\"yoast-schema-graph\">{\"@context\":\"https:\/\/schema.org\",\"@graph\":[{\"@type\":\"WebPage\",\"@id\":\"https:\/\/gironaprosport.com\/cs\/b2b-cs\/cestovni-kancelare\/\",\"url\":\"https:\/\/gironaprosport.com\/cs\/b2b-cs\/cestovni-kancelare\/\",\"name\":\"Cestovn\u00ed kancel\u00e1\u0159e - Girona ProSport\",\"isPartOf\":{\"@id\":\"https:\/\/gironaprosport.com\/cs\/#website\"},\"datePublished\":\"2020-12-30T12:27:05+00:00\",\"dateModified\":\"2021-08-09T13:30:25+00:00\",\"description\":\"Nab\u00edz\u00edme spolupr\u00e1ci p\u0159i organizov\u00e1n\u00ed aktivn\u00ed dovolen\u00e9 ve \u0160pan\u011blsku pro cestovn\u00ed kancel\u00e1\u0159e. Jsme \u010dlenem patron\u00e1tu turismu Costa Brava Girona\",\"breadcrumb\":{\"@id\":\"https:\/\/gironaprosport.com\/cs\/b2b-cs\/cestovni-kancelare\/#breadcrumb\"},\"inLanguage\":\"cs\",\"potentialAction\":[{\"@type\":\"ReadAction\",\"target\":[\"https:\/\/gironaprosport.com\/cs\/b2b-cs\/cestovni-kancelare\/\"]}]},{\"@type\":\"BreadcrumbList\",\"@id\":\"https:\/\/gironaprosport.com\/cs\/b2b-cs\/cestovni-kancelare\/#breadcrumb\",\"itemListElement\":[{\"@type\":\"ListItem\",\"position\":1,\"name\":\"Domovsk\u00e1 str\u00e1nka\",\"item\":\"https:\/\/gironaprosport.com\/cs\/\"},{\"@type\":\"ListItem\",\"position\":2,\"name\":\"B2B\",\"item\":\"https:\/\/gironaprosport.com\/cs\/b2b-cs\/\"},{\"@type\":\"ListItem\",\"position\":3,\"name\":\"Cestovn\u00ed kancel\u00e1\u0159e\"}]},{\"@type\":\"WebSite\",\"@id\":\"https:\/\/gironaprosport.com\/cs\/#website\",\"url\":\"https:\/\/gironaprosport.com\/cs\/\",\"name\":\"Girona ProSport\",\"description\":\"Cykloz\u00e1jazdy\",\"publisher\":{\"@id\":\"https:\/\/gironaprosport.com\/cs\/#organization\"},\"potentialAction\":[{\"@type\":\"SearchAction\",\"target\":{\"@type\":\"EntryPoint\",\"urlTemplate\":\"https:\/\/gironaprosport.com\/cs\/?s={search_term_string}\"},\"query-input\":{\"@type\":\"PropertyValueSpecification\",\"valueRequired\":true,\"valueName\":\"search_term_string\"}}],\"inLanguage\":\"cs\"},{\"@type\":\"Organization\",\"@id\":\"https:\/\/gironaprosport.com\/cs\/#organization\",\"name\":\"Girona PRO SPORT\",\"url\":\"https:\/\/gironaprosport.com\/cs\/\",\"logo\":{\"@type\":\"ImageObject\",\"inLanguage\":\"cs\",\"@id\":\"https:\/\/gironaprosport.com\/cs\/#\/schema\/logo\/image\/\",\"url\":\"https:\/\/gironaprosport.com\/wp-content\/uploads\/logo-gps_64.png\",\"contentUrl\":\"https:\/\/gironaprosport.com\/wp-content\/uploads\/logo-gps_64.png\",\"width\":320,\"height\":64,\"caption\":\"Girona PRO SPORT\"},\"image\":{\"@id\":\"https:\/\/gironaprosport.com\/cs\/#\/schema\/logo\/image\/\"},\"sameAs\":[\"http:\/\/fb.me\/gironaprosport\",\"http:\/\/instagram.com\/girona_prosport\/\",\"https:\/\/www.youtube.com\/channel\/UCv7gLuh2ONY6kESVj_3aSnA\"]}]}<\/script>\n<!-- \/ Yoast SEO plugin. -->","yoast_head_json":{"title":"Cestovn\u00ed kancel\u00e1\u0159e - Girona ProSport","description":"Nab\u00edz\u00edme spolupr\u00e1ci p\u0159i organizov\u00e1n\u00ed aktivn\u00ed dovolen\u00e9 ve \u0160pan\u011blsku pro cestovn\u00ed kancel\u00e1\u0159e. Jsme \u010dlenem patron\u00e1tu turismu Costa Brava Girona","robots":{"index":"index","follow":"follow","max-snippet":"max-snippet:-1","max-image-preview":"max-image-preview:large","max-video-preview":"max-video-preview:-1"},"canonical":"https:\/\/gironaprosport.com\/cs\/b2b-cs\/cestovni-kancelare\/","og_locale":"cs_CZ","og_type":"article","og_title":"Cestovn\u00ed kancel\u00e1\u0159e - Girona ProSport","og_description":"Nab\u00edz\u00edme spolupr\u00e1ci p\u0159i organizov\u00e1n\u00ed aktivn\u00ed dovolen\u00e9 ve \u0160pan\u011blsku pro cestovn\u00ed kancel\u00e1\u0159e. Jsme \u010dlenem patron\u00e1tu turismu Costa Brava Girona","og_url":"https:\/\/gironaprosport.com\/cs\/b2b-cs\/cestovni-kancelare\/","og_site_name":"Girona ProSport","article_publisher":"http:\/\/fb.me\/gironaprosport","article_modified_time":"2021-08-09T13:30:25+00:00","twitter_card":"summary_large_image","twitter_misc":{"Odhadovan\u00e1 doba \u010dten\u00ed":"2 minuty"},"schema":{"@context":"https:\/\/schema.org","@graph":[{"@type":"WebPage","@id":"https:\/\/gironaprosport.com\/cs\/b2b-cs\/cestovni-kancelare\/","url":"https:\/\/gironaprosport.com\/cs\/b2b-cs\/cestovni-kancelare\/","name":"Cestovn\u00ed kancel\u00e1\u0159e - Girona ProSport","isPartOf":{"@id":"https:\/\/gironaprosport.com\/cs\/#website"},"datePublished":"2020-12-30T12:27:05+00:00","dateModified":"2021-08-09T13:30:25+00:00","description":"Nab\u00edz\u00edme spolupr\u00e1ci p\u0159i organizov\u00e1n\u00ed aktivn\u00ed dovolen\u00e9 ve \u0160pan\u011blsku pro cestovn\u00ed kancel\u00e1\u0159e. Jsme \u010dlenem patron\u00e1tu turismu Costa Brava Girona","breadcrumb":{"@id":"https:\/\/gironaprosport.com\/cs\/b2b-cs\/cestovni-kancelare\/#breadcrumb"},"inLanguage":"cs","potentialAction":[{"@type":"ReadAction","target":["https:\/\/gironaprosport.com\/cs\/b2b-cs\/cestovni-kancelare\/"]}]},{"@type":"BreadcrumbList","@id":"https:\/\/gironaprosport.com\/cs\/b2b-cs\/cestovni-kancelare\/#breadcrumb","itemListElement":[{"@type":"ListItem","position":1,"name":"Domovsk\u00e1 str\u00e1nka","item":"https:\/\/gironaprosport.com\/cs\/"},{"@type":"ListItem","position":2,"name":"B2B","item":"https:\/\/gironaprosport.com\/cs\/b2b-cs\/"},{"@type":"ListItem","position":3,"name":"Cestovn\u00ed kancel\u00e1\u0159e"}]},{"@type":"WebSite","@id":"https:\/\/gironaprosport.com\/cs\/#website","url":"https:\/\/gironaprosport.com\/cs\/","name":"Girona ProSport","description":"Cykloz\u00e1jazdy","publisher":{"@id":"https:\/\/gironaprosport.com\/cs\/#organization"},"potentialAction":[{"@type":"SearchAction","target":{"@type":"EntryPoint","urlTemplate":"https:\/\/gironaprosport.com\/cs\/?s={search_term_string}"},"query-input":{"@type":"PropertyValueSpecification","valueRequired":true,"valueName":"search_term_string"}}],"inLanguage":"cs"},{"@type":"Organization","@id":"https:\/\/gironaprosport.com\/cs\/#organization","name":"Girona PRO SPORT","url":"https:\/\/gironaprosport.com\/cs\/","logo":{"@type":"ImageObject","inLanguage":"cs","@id":"https:\/\/gironaprosport.com\/cs\/#\/schema\/logo\/image\/","url":"https:\/\/gironaprosport.com\/wp-content\/uploads\/logo-gps_64.png","contentUrl":"https:\/\/gironaprosport.com\/wp-content\/uploads\/logo-gps_64.png","width":320,"height":64,"caption":"Girona PRO SPORT"},"image":{"@id":"https:\/\/gironaprosport.com\/cs\/#\/schema\/logo\/image\/"},"sameAs":["http:\/\/fb.me\/gironaprosport","http:\/\/instagram.com\/girona_prosport\/","https:\/\/www.youtube.com\/channel\/UCv7gLuh2ONY6kESVj_3aSnA"]}]}},"meta_box":[],"_links":{"self":[{"href":"https:\/\/gironaprosport.com\/cs\/wp-json\/wp\/v2\/pages\/7336","targetHints":{"allow":["GET"]}}],"collection":[{"href":"https:\/\/gironaprosport.com\/cs\/wp-json\/wp\/v2\/pages"}],"about":[{"href":"https:\/\/gironaprosport.com\/cs\/wp-json\/wp\/v2\/types\/page"}],"author":[{"embeddable":true,"href":"https:\/\/gironaprosport.com\/cs\/wp-json\/wp\/v2\/users\/2"}],"replies":[{"embeddable":true,"href":"https:\/\/gironaprosport.com\/cs\/wp-json\/wp\/v2\/comments?post=7336"}],"version-history":[{"count":0,"href":"https:\/\/gironaprosport.com\/cs\/wp-json\/wp\/v2\/pages\/7336\/revisions"}],"up":[{"embeddable":true,"href":"https:\/\/gironaprosport.com\/cs\/wp-json\/wp\/v2\/pages\/7346"}],"wp:attachment":[{"href":"https:\/\/gironaprosport.com\/cs\/wp-json\/wp\/v2\/media?parent=7336"}],"curies":[{"name":"wp","href":"https:\/\/api.w.org\/{rel}","templated":true}]}}